{"id":2169,"date":"2023-02-06T12:02:24","date_gmt":"2023-02-06T12:02:24","guid":{"rendered":"http:\/\/agderma.de\/?page_id=2169"},"modified":"2025-05-06T15:55:42","modified_gmt":"2025-05-06T15:55:42","slug":"videos","status":"publish","type":"page","link":"https:\/\/agderma.de\/es\/videos\/","title":{"rendered":"V\u00eddeos y podcasts"},"content":{"rendered":"<div data-elementor-type=\"wp-page\" data-elementor-id=\"2169\" class=\"elementor elementor-2169\" data-elementor-post-type=\"page\">\n\t\t\t\t<div class=\"elementor-element elementor-element-e940aca e-flex e-con-boxed e-con e-parent\" data-id=\"e940aca\" data-element_type=\"container\" data-e-type=\"container\" data-settings=\"{&quot;background_background&quot;:&quot;classic&quot;}\">\n\t\t\t\t\t<div class=\"e-con-inner\">\n\t\t\t\t<div class=\"elementor-element elementor-element-4e1a6d6 elementor-widget elementor-widget-heading\" data-id=\"4e1a6d6\" data-element_type=\"widget\" data-e-type=\"widget\" data-widget_type=\"heading.default\">\n\t\t\t\t<div class=\"elementor-widget-container\">\n\t\t\t\t\t<h1 class=\"elementor-heading-title elementor-size-default\">V\u00eddeos y podcasts<\/h1>\t\t\t\t<\/div>\n\t\t\t\t<\/div>\n\t\t\t\t\t<\/div>\n\t\t\t\t<\/div>\n\t\t<div class=\"elementor-element elementor-element-5ffd030 e-flex e-con-boxed e-con e-parent\" data-id=\"5ffd030\" data-element_type=\"container\" data-e-type=\"container\">\n\t\t\t\t\t<div class=\"e-con-inner\">\n\t\t<div class=\"elementor-element elementor-element-67af817 e-con-full e-flex e-con e-child\" data-id=\"67af817\" data-element_type=\"container\" data-e-type=\"container\">\n\t\t\t\t<div class=\"elementor-element elementor-element-91dcb05 elementor-widget elementor-widget-heading\" data-id=\"91dcb05\" data-element_type=\"widget\" data-e-type=\"widget\" data-widget_type=\"heading.default\">\n\t\t\t\t<div class=\"elementor-widget-container\">\n\t\t\t\t\t<h2 class=\"elementor-heading-title elementor-size-default\">Por qu\u00e9 la tierra tiene una enfermedad cut\u00e1nea y qu\u00e9 tiene que ver con los residuos<\/h2>\t\t\t\t<\/div>\n\t\t\t\t<\/div>\n\t\t\t\t<div class=\"elementor-element elementor-element-cbec79c elementor-widget elementor-widget-text-editor\" data-id=\"cbec79c\" data-element_type=\"widget\" data-e-type=\"widget\" data-widget_type=\"text-editor.default\">\n\t\t\t\t<div class=\"elementor-widget-container\">\n\t\t\t\t\t\t\t\t\t<p>V\u00eddeo educativo de Julia Sturm y el Grupo de Trabajo para la Sostenibilidad en Dermatolog\u00eda (AGN) e.V.<\/p>\t\t\t\t\t\t\t\t<\/div>\n\t\t\t\t<\/div>\n\t\t\t\t<\/div>\n\t\t<div class=\"elementor-element elementor-element-eadb73a e-con-full e-flex e-con e-child\" data-id=\"eadb73a\" data-element_type=\"container\" data-e-type=\"container\">\n\t\t\t\t<div class=\"elementor-element elementor-element-179061c elementor-widget elementor-widget-video\" data-id=\"179061c\" data-element_type=\"widget\" data-e-type=\"widget\" data-settings=\"{&quot;youtube_url&quot;:&quot;https:\\\/\\\/youtu.be\\\/E_q_AfVNkGU&quot;,&quot;start&quot;:0,&quot;video_type&quot;:&quot;youtube&quot;,&quot;controls&quot;:&quot;yes&quot;}\" data-widget_type=\"video.default\">\n\t\t\t\t<div class=\"elementor-widget-container\">\n\t\t\t\t\t\t\t<div class=\"elementor-wrapper elementor-open-inline\">\n\t\t\t<div class=\"elementor-video\"><\/div>\t\t<\/div>\n\t\t\t\t\t\t<\/div>\n\t\t\t\t<\/div>\n\t\t\t\t<\/div>\n\t\t\t\t\t<\/div>\n\t\t\t\t<\/div>\n\t\t<div class=\"elementor-element elementor-element-4a716fe e-flex e-con-boxed e-con e-parent\" data-id=\"4a716fe\" data-element_type=\"container\" data-e-type=\"container\">\n\t\t\t\t\t<div class=\"e-con-inner\">\n\t\t<div class=\"elementor-element elementor-element-041d19c e-con-full e-flex e-con e-child\" data-id=\"041d19c\" data-element_type=\"container\" data-e-type=\"container\">\n\t\t\t\t<div class=\"elementor-element elementor-element-6df5584 elementor-widget elementor-widget-heading\" data-id=\"6df5584\" data-element_type=\"widget\" data-e-type=\"widget\" data-widget_type=\"heading.default\">\n\t\t\t\t<div class=\"elementor-widget-container\">\n\t\t\t\t\t<h2 class=\"elementor-heading-title elementor-size-default\">Peligros para la salud del pl\u00e1stico y sus productos qu\u00edmicos<\/h2>\t\t\t\t<\/div>\n\t\t\t\t<\/div>\n\t\t\t\t<div class=\"elementor-element elementor-element-6ab21a0 elementor-widget elementor-widget-text-editor\" data-id=\"6ab21a0\" data-element_type=\"widget\" data-e-type=\"widget\" data-widget_type=\"text-editor.default\">\n\t\t\t\t<div class=\"elementor-widget-container\">\n\t\t\t\t\t\t\t\t\t<p>Mesa redonda: \"Riesgos para la salud derivados del pl\u00e1stico y sus productos qu\u00edmicos\"<\/p><p>\u00bfCu\u00e1les son los peligros para la salud del pl\u00e1stico y de sus productos qu\u00edmicos?<\/p><p>\u00bfQu\u00e9 soluciones y comunicaci\u00f3n son necesarias?<\/p><p>\u00a0<\/p><p>Con: Dra. Christina Hecker (Grupo de Trabajo sobre Sostenibilidad en Dermatolog\u00eda, AGN), Dr. Dirk Holzinger (Alianza Alemana Cambio Clim\u00e1tico y Salud, KLUG) y Dra. Helene Wiesinger (Foro de Envasado de Alimentos); Moderaci\u00f3n: Alexandra Caterbow (HEJSupport)<\/p>\t\t\t\t\t\t\t\t<\/div>\n\t\t\t\t<\/div>\n\t\t\t\t<\/div>\n\t\t<div class=\"elementor-element elementor-element-55215aa e-con-full e-flex e-con e-child\" data-id=\"55215aa\" data-element_type=\"container\" data-e-type=\"container\">\n\t\t\t\t<div class=\"elementor-element elementor-element-e43a1fb elementor-widget elementor-widget-video\" data-id=\"e43a1fb\" data-element_type=\"widget\" data-e-type=\"widget\" data-settings=\"{&quot;youtube_url&quot;:&quot;https:\\\/\\\/www.youtube.com\\\/watch?v=-bmqq2WyV14&quot;,&quot;start&quot;:0,&quot;video_type&quot;:&quot;youtube&quot;,&quot;controls&quot;:&quot;yes&quot;}\" data-widget_type=\"video.default\">\n\t\t\t\t<div class=\"elementor-widget-container\">\n\t\t\t\t\t\t\t<div class=\"elementor-wrapper elementor-open-inline\">\n\t\t\t<div class=\"elementor-video\"><\/div>\t\t<\/div>\n\t\t\t\t\t\t<\/div>\n\t\t\t\t<\/div>\n\t\t\t\t<\/div>\n\t\t\t\t\t<\/div>\n\t\t\t\t<\/div>\n\t\t<div class=\"elementor-element elementor-element-de8a824 e-flex e-con-boxed e-con e-parent\" data-id=\"de8a824\" data-element_type=\"container\" data-e-type=\"container\">\n\t\t\t\t\t<div class=\"e-con-inner\">\n\t\t<div class=\"elementor-element elementor-element-94af352 e-con-full e-flex e-con e-child\" data-id=\"94af352\" data-element_type=\"container\" data-e-type=\"container\">\n\t\t\t\t<div class=\"elementor-element elementor-element-5779e63 elementor-widget elementor-widget-heading\" data-id=\"5779e63\" data-element_type=\"widget\" data-e-type=\"widget\" data-widget_type=\"heading.default\">\n\t\t\t\t<div class=\"elementor-widget-container\">\n\t\t\t\t\t<h2 class=\"elementor-heading-title elementor-size-default\">La sostenibilidad en la pr\u00e1ctica<\/h2>\t\t\t\t<\/div>\n\t\t\t\t<\/div>\n\t\t\t\t<div class=\"elementor-element elementor-element-5584d12 elementor-widget elementor-widget-text-editor\" data-id=\"5584d12\" data-element_type=\"widget\" data-e-type=\"widget\" data-widget_type=\"text-editor.default\">\n\t\t\t\t<div class=\"elementor-widget-container\">\n\t\t\t\t\t\t\t\t\t<p><span class=\"yt-core-attributed-string yt-core-attributed-string--white-space-pre-wrap\"><span class=\"yt-core-attributed-string--link-inherit-color\">Grabaci\u00f3n del evento \"La sostenibilidad en la pr\u00e1ctica\" del 26.04.2024.<\/span><\/span><\/p>\t\t\t\t\t\t\t\t<\/div>\n\t\t\t\t<\/div>\n\t\t\t\t<\/div>\n\t\t<div class=\"elementor-element elementor-element-4524e48 e-con-full e-flex e-con e-child\" data-id=\"4524e48\" data-element_type=\"container\" data-e-type=\"container\">\n\t\t\t\t<div class=\"elementor-element elementor-element-7a7a68d elementor-widget elementor-widget-video\" data-id=\"7a7a68d\" data-element_type=\"widget\" data-e-type=\"widget\" data-settings=\"{&quot;youtube_url&quot;:&quot;https:\\\/\\\/www.youtube.com\\\/watch?v=5bzoS90XlIY&quot;,&quot;start&quot;:0,&quot;video_type&quot;:&quot;youtube&quot;,&quot;controls&quot;:&quot;yes&quot;}\" data-widget_type=\"video.default\">\n\t\t\t\t<div class=\"elementor-widget-container\">\n\t\t\t\t\t\t\t<div class=\"elementor-wrapper elementor-open-inline\">\n\t\t\t<div class=\"elementor-video\"><\/div>\t\t<\/div>\n\t\t\t\t\t\t<\/div>\n\t\t\t\t<\/div>\n\t\t\t\t<\/div>\n\t\t\t\t\t<\/div>\n\t\t\t\t<\/div>\n\t\t<div class=\"elementor-element elementor-element-4ce3e7a e-flex e-con-boxed e-con e-parent\" data-id=\"4ce3e7a\" data-element_type=\"container\" data-e-type=\"container\">\n\t\t\t\t\t<div class=\"e-con-inner\">\n\t\t<div class=\"elementor-element elementor-element-f88600c e-con-full e-flex e-con e-child\" data-id=\"f88600c\" data-element_type=\"container\" data-e-type=\"container\">\n\t\t\t\t<div class=\"elementor-element elementor-element-c35d040 elementor-widget elementor-widget-heading\" data-id=\"c35d040\" data-element_type=\"widget\" data-e-type=\"widget\" data-widget_type=\"heading.default\">\n\t\t\t\t<div class=\"elementor-widget-container\">\n\t\t\t\t\t<h2 class=\"elementor-heading-title elementor-size-default\">Podcast ATEMWEG - La pr\u00e1ctica ecol\u00f3gica en medicina<\/h2>\t\t\t\t<\/div>\n\t\t\t\t<\/div>\n\t\t\t\t<div class=\"elementor-element elementor-element-b38c33d elementor-widget elementor-widget-text-editor\" data-id=\"b38c33d\" data-element_type=\"widget\" data-e-type=\"widget\" data-widget_type=\"text-editor.default\">\n\t\t\t\t<div class=\"elementor-widget-container\">\n\t\t\t\t\t\t\t\t\t<div class=\"xgmjVLxjqfcXK5BV_XyN\">El octavo episodio del podcast de ATEMWEG se centra en el tema de la sostenibilidad \"La pr\u00e1ctica verde en medicina\".<\/div><div>\u00a0<\/div><p>Con Lisa Seiler, directora de proyectos de Klimadocs e.V. en Colonia, y la Dra. Christina Hecker, especialista en dermatolog\u00eda, 3\u00aa presidenta de Arbeitsgemeinschaft Nachhaltigkeit in der Dermatologie (AGN) e.V. en Colonia.<\/p>\t\t\t\t\t\t\t\t<\/div>\n\t\t\t\t<\/div>\n\t\t\t\t<\/div>\n\t\t<div class=\"elementor-element elementor-element-d45e3e7 e-con-full e-flex e-con e-child\" data-id=\"d45e3e7\" data-element_type=\"container\" data-e-type=\"container\">\n\t\t<div class=\"elementor-element elementor-element-3c76090 e-flex e-con-boxed e-con e-child\" data-id=\"3c76090\" data-element_type=\"container\" data-e-type=\"container\">\n\t\t\t\t\t<div class=\"e-con-inner\">\n\t\t\t\t<div class=\"elementor-element elementor-element-77fa9ea elementor-widget elementor-widget-image\" data-id=\"77fa9ea\" data-element_type=\"widget\" data-e-type=\"widget\" data-widget_type=\"image.default\">\n\t\t\t\t<div class=\"elementor-widget-container\">\n\t\t\t\t\t\t\t\t\t\t\t\t\t\t\t\t<a href=\"https:\/\/open.spotify.com\/episode\/2lurlcMO2919x6f4NrpSfO?si=eUAHKvKGTjOhdwY337fZbg&#038;nd=1&#038;dlsi=2c2a51e3a97748b9\" target=\"_blank\" rel=\"noopener\">\n\t\t\t\t\t\t\t<img fetchpriority=\"high\" decoding=\"async\" width=\"300\" height=\"300\" src=\"https:\/\/agderma.de\/wp-content\/uploads\/2024\/03\/460_chiesi_podcast_1280x1280px_srgb-fin-300x300.jpg\" class=\"attachment-medium size-medium wp-image-5079\" alt=\"\" srcset=\"https:\/\/agderma.de\/wp-content\/uploads\/2024\/03\/460_chiesi_podcast_1280x1280px_srgb-fin-300x300.jpg 300w, https:\/\/agderma.de\/wp-content\/uploads\/2024\/03\/460_chiesi_podcast_1280x1280px_srgb-fin-1024x1024.jpg 1024w, https:\/\/agderma.de\/wp-content\/uploads\/2024\/03\/460_chiesi_podcast_1280x1280px_srgb-fin-150x150.jpg 150w, https:\/\/agderma.de\/wp-content\/uploads\/2024\/03\/460_chiesi_podcast_1280x1280px_srgb-fin-768x768.jpg 768w, https:\/\/agderma.de\/wp-content\/uploads\/2024\/03\/460_chiesi_podcast_1280x1280px_srgb-fin-12x12.jpg 12w, https:\/\/agderma.de\/wp-content\/uploads\/2024\/03\/460_chiesi_podcast_1280x1280px_srgb-fin.jpg 1280w\" sizes=\"(max-width: 300px) 100vw, 300px\" \/>\t\t\t\t\t\t\t\t<\/a>\n\t\t\t\t\t\t\t\t\t\t\t\t\t\t\t<\/div>\n\t\t\t\t<\/div>\n\t\t\t\t\t<\/div>\n\t\t\t\t<\/div>\n\t\t\t\t<\/div>\n\t\t\t\t\t<\/div>\n\t\t\t\t<\/div>\n\t\t<div class=\"elementor-element elementor-element-0273770 e-flex e-con-boxed e-con e-parent\" data-id=\"0273770\" data-element_type=\"container\" data-e-type=\"container\">\n\t\t\t\t\t<div class=\"e-con-inner\">\n\t\t<div class=\"elementor-element elementor-element-67aceb8 e-con-full e-flex e-con e-child\" data-id=\"67aceb8\" data-element_type=\"container\" data-e-type=\"container\">\n\t\t\t\t<div class=\"elementor-element elementor-element-e9fb977 elementor-widget elementor-widget-heading\" data-id=\"e9fb977\" data-element_type=\"widget\" data-e-type=\"widget\" data-widget_type=\"heading.default\">\n\t\t\t\t<div class=\"elementor-widget-container\">\n\t\t\t\t\t<h2 class=\"elementor-heading-title elementor-size-default\">Alianza Mundial Clima y Salud<\/h2>\t\t\t\t<\/div>\n\t\t\t\t<\/div>\n\t\t\t\t<div class=\"elementor-element elementor-element-c6e8040 elementor-widget elementor-widget-text-editor\" data-id=\"c6e8040\" data-element_type=\"widget\" data-e-type=\"widget\" data-widget_type=\"text-editor.default\">\n\t\t\t\t<div class=\"elementor-widget-container\">\n\t\t\t\t\t\t\t\t\t<p>Los l\u00edderes mundiales de la salud, que representan los intereses de m\u00e1s de 46,3 millones de profesionales sanitarios, piden a la presidencia de la #COP28 y a todos los gobiernos nacionales que protejan la salud dando prioridad a la eliminaci\u00f3n de los combustibles f\u00f3siles durante las pr\u00f3ximas negociaciones sobre el clima en Dubai.<\/p>\t\t\t\t\t\t\t\t<\/div>\n\t\t\t\t<\/div>\n\t\t\t\t<\/div>\n\t\t<div class=\"elementor-element elementor-element-9a62a8a e-con-full e-flex e-con e-child\" data-id=\"9a62a8a\" data-element_type=\"container\" data-e-type=\"container\">\n\t\t\t\t<div class=\"elementor-element elementor-element-d7cd6fa elementor-widget elementor-widget-video\" data-id=\"d7cd6fa\" data-element_type=\"widget\" data-e-type=\"widget\" data-settings=\"{&quot;start&quot;:0,&quot;video_type&quot;:&quot;hosted&quot;,&quot;controls&quot;:&quot;yes&quot;}\" data-widget_type=\"video.default\">\n\t\t\t\t<div class=\"elementor-widget-container\">\n\t\t\t\t\t\t\t<div class=\"e-hosted-video elementor-wrapper elementor-open-inline\">\n\t\t\t\t\t<video class=\"elementor-video\" src=\"https:\/\/agderma.de\/wp-content\/uploads\/2023\/11\/COP28-Health-Letter-Promo-EN-v15.mp4\" controls=\"\" preload=\"metadata\" controlslist=\"nodownload\"><\/video>\n\t\t\t\t<\/div>\n\t\t\t\t\t\t<\/div>\n\t\t\t\t<\/div>\n\t\t\t\t<\/div>\n\t\t\t\t\t<\/div>\n\t\t\t\t<\/div>\n\t\t<div class=\"elementor-element elementor-element-8eb8876 e-flex e-con-boxed e-con e-parent\" data-id=\"8eb8876\" data-element_type=\"container\" data-e-type=\"container\">\n\t\t\t\t\t<div class=\"e-con-inner\">\n\t\t<div class=\"elementor-element elementor-element-1e36fef e-con-full e-flex e-con e-child\" data-id=\"1e36fef\" data-element_type=\"container\" data-e-type=\"container\">\n\t\t\t\t<div class=\"elementor-element elementor-element-fee87ed elementor-widget elementor-widget-heading\" data-id=\"fee87ed\" data-element_type=\"widget\" data-e-type=\"widget\" data-widget_type=\"heading.default\">\n\t\t\t\t<div class=\"elementor-widget-container\">\n\t\t\t\t\t<h2 class=\"elementor-heading-title elementor-size-default\">\u00bfQu\u00e9 significan 3 grados m\u00e1s?<\/h2>\t\t\t\t<\/div>\n\t\t\t\t<\/div>\n\t\t\t\t<div class=\"elementor-element elementor-element-b81186b elementor-widget elementor-widget-text-editor\" data-id=\"b81186b\" data-element_type=\"widget\" data-e-type=\"widget\" data-widget_type=\"text-editor.default\">\n\t\t\t\t<div class=\"elementor-widget-container\">\n\t\t\t\t\t\t\t\t\t<p>Conferencia del <span class=\"yt-core-attributed-string yt-core-attributed-string--white-space-pre-wrap\"><span class=\"yt-core-attributed-string--link-inherit-color\">El c\u00e9lebre investigador del clima Prof. Stefan Rahmstorf sobre el libro \"3 grados m\u00e1s\" en el Centro Helmholtz de Leipzig.<\/span><\/span><\/p>\t\t\t\t\t\t\t\t<\/div>\n\t\t\t\t<\/div>\n\t\t\t\t<\/div>\n\t\t<div class=\"elementor-element elementor-element-a298ddc e-con-full e-flex e-con e-child\" data-id=\"a298ddc\" data-element_type=\"container\" data-e-type=\"container\">\n\t\t\t\t<div class=\"elementor-element elementor-element-7d6678c elementor-widget elementor-widget-video\" data-id=\"7d6678c\" data-element_type=\"widget\" data-e-type=\"widget\" data-settings=\"{&quot;youtube_url&quot;:&quot;https:\\\/\\\/www.youtube.com\\\/watch?v=M6NWcKb5QBs&quot;,&quot;start&quot;:0,&quot;video_type&quot;:&quot;youtube&quot;,&quot;controls&quot;:&quot;yes&quot;}\" data-widget_type=\"video.default\">\n\t\t\t\t<div class=\"elementor-widget-container\">\n\t\t\t\t\t\t\t<div class=\"elementor-wrapper elementor-open-inline\">\n\t\t\t<div class=\"elementor-video\"><\/div>\t\t<\/div>\n\t\t\t\t\t\t<\/div>\n\t\t\t\t<\/div>\n\t\t\t\t<\/div>\n\t\t\t\t\t<\/div>\n\t\t\t\t<\/div>\n\t\t<div class=\"elementor-element elementor-element-fb66212 e-flex e-con-boxed e-con e-parent\" data-id=\"fb66212\" data-element_type=\"container\" data-e-type=\"container\">\n\t\t\t\t\t<div class=\"e-con-inner\">\n\t\t<div class=\"elementor-element elementor-element-81d19e7 e-con-full e-flex e-con e-child\" data-id=\"81d19e7\" data-element_type=\"container\" data-e-type=\"container\">\n\t\t\t\t<div class=\"elementor-element elementor-element-d8824ec elementor-widget elementor-widget-heading\" data-id=\"d8824ec\" data-element_type=\"widget\" data-e-type=\"widget\" data-widget_type=\"heading.default\">\n\t\t\t\t<div class=\"elementor-widget-container\">\n\t\t\t\t\t<h2 class=\"elementor-heading-title elementor-size-default\">Sostenibilidad en dermatolog\u00eda<\/h2>\t\t\t\t<\/div>\n\t\t\t\t<\/div>\n\t\t\t\t<div class=\"elementor-element elementor-element-95b263f elementor-widget elementor-widget-text-editor\" data-id=\"95b263f\" data-element_type=\"widget\" data-e-type=\"widget\" data-widget_type=\"text-editor.default\">\n\t\t\t\t<div class=\"elementor-widget-container\">\n\t\t\t\t\t\t\t\t\t<p>Declaraci\u00f3n del Dr. Dennis Niebel <span class=\"yt-core-attributed-string yt-core-attributed-string--white-space-pre-wrap\" role=\"text\">sobre el tema de la sostenibilidad en el contexto del trabajo diario en un hospital universitario<\/span><\/p>\t\t\t\t\t\t\t\t<\/div>\n\t\t\t\t<\/div>\n\t\t\t\t<\/div>\n\t\t<div class=\"elementor-element elementor-element-9238417 e-con-full e-flex e-con e-child\" data-id=\"9238417\" data-element_type=\"container\" data-e-type=\"container\">\n\t\t\t\t<div class=\"elementor-element elementor-element-00ef9c6 elementor-widget elementor-widget-video\" data-id=\"00ef9c6\" data-element_type=\"widget\" data-e-type=\"widget\" data-settings=\"{&quot;youtube_url&quot;:&quot;https:\\\/\\\/www.youtube.com\\\/watch?v=jM8_Nmmt2SA&quot;,&quot;start&quot;:0,&quot;video_type&quot;:&quot;youtube&quot;,&quot;controls&quot;:&quot;yes&quot;}\" data-widget_type=\"video.default\">\n\t\t\t\t<div class=\"elementor-widget-container\">\n\t\t\t\t\t\t\t<div class=\"elementor-wrapper elementor-open-inline\">\n\t\t\t<div class=\"elementor-video\"><\/div>\t\t<\/div>\n\t\t\t\t\t\t<\/div>\n\t\t\t\t<\/div>\n\t\t\t\t<\/div>\n\t\t\t\t\t<\/div>\n\t\t\t\t<\/div>\n\t\t<div class=\"elementor-element elementor-element-1b12fff e-flex e-con-boxed e-con e-parent\" data-id=\"1b12fff\" data-element_type=\"container\" data-e-type=\"container\">\n\t\t\t\t\t<div class=\"e-con-inner\">\n\t\t<div class=\"elementor-element elementor-element-d9a4002 e-con-full e-flex e-con e-child\" data-id=\"d9a4002\" data-element_type=\"container\" data-e-type=\"container\">\n\t\t\t\t<div class=\"elementor-element elementor-element-1c1c47b elementor-widget elementor-widget-heading\" data-id=\"1c1c47b\" data-element_type=\"widget\" data-e-type=\"widget\" data-widget_type=\"heading.default\">\n\t\t\t\t<div class=\"elementor-widget-container\">\n\t\t\t\t\t<h2 class=\"elementor-heading-title elementor-size-default\">DDG 2023 - Sostenibilidad en dermatolog\u00eda<\/h2>\t\t\t\t<\/div>\n\t\t\t\t<\/div>\n\t\t\t\t<div class=\"elementor-element elementor-element-37708be elementor-widget elementor-widget-text-editor\" data-id=\"37708be\" data-element_type=\"widget\" data-e-type=\"widget\" data-widget_type=\"text-editor.default\">\n\t\t\t\t<div class=\"elementor-widget-container\">\n\t\t\t\t\t\t\t\t\t<p>Entrevistas en v\u00eddeo de coliquio con la Dra. Susanne Saha, la Dra. Christina Hecker y la Dra. Christin L\u00f6ffler en el 52\u00ba congreso de la Sociedad Dermatol\u00f3gica Alemana (DDG) e. V.<\/p><ul><li><strong>V\u00eddeo 1<\/strong>La Dra. med. Susanne Saha habla sobre la sostenibilidad de la AG y la huella ecol\u00f3gica del sistema sanitario.<\/li><li><strong>V\u00eddeo 2<\/strong>La Dra. med. Christina Hecker habla sobre la sostenibilidad en la pr\u00e1ctica<\/li><li><strong>V\u00eddeo 3<\/strong>La Dra. med. Christin L\u00f6ffler habla sobre la sostenibilidad en la cl\u00ednica<\/li><\/ul><p>\u00a0<\/p><p><a href=\"https:\/\/www.coliquio.de\/wissen\/dermatologie-102\/ddg-2023-nachhaltigkeit-in-der-dermatologie\" target=\"_blank\" rel=\"noopener\">Pulse aqu\u00ed para ver las entrevistas en v\u00eddeo<\/a><\/p>\t\t\t\t\t\t\t\t<\/div>\n\t\t\t\t<\/div>\n\t\t\t\t<\/div>\n\t\t<div class=\"elementor-element elementor-element-db7507e e-con-full e-flex e-con e-child\" data-id=\"db7507e\" data-element_type=\"container\" data-e-type=\"container\">\n\t\t<div class=\"elementor-element elementor-element-cde87bf e-flex e-con-boxed e-con e-child\" data-id=\"cde87bf\" data-element_type=\"container\" data-e-type=\"container\">\n\t\t\t\t\t<div class=\"e-con-inner\">\n\t\t\t\t<div class=\"elementor-element elementor-element-16acd6f elementor-widget elementor-widget-image\" data-id=\"16acd6f\" data-element_type=\"widget\" data-e-type=\"widget\" data-widget_type=\"image.default\">\n\t\t\t\t<div class=\"elementor-widget-container\">\n\t\t\t\t\t\t\t\t\t\t\t\t\t\t\t\t<a href=\"https:\/\/www.coliquio.de\/wissen\/dermatologie-102\/ddg-2023-nachhaltigkeit-in-der-dermatologie\" target=\"_blank\" rel=\"noopener\">\n\t\t\t\t\t\t\t<img decoding=\"async\" width=\"300\" height=\"300\" src=\"https:\/\/agderma.de\/wp-content\/uploads\/2023\/03\/coliquio-logo-300x300.png\" class=\"attachment-medium size-medium wp-image-4389\" alt=\"\" srcset=\"https:\/\/agderma.de\/wp-content\/uploads\/2023\/03\/coliquio-logo-300x300.png 300w, https:\/\/agderma.de\/wp-content\/uploads\/2023\/03\/coliquio-logo-150x150.png 150w, https:\/\/agderma.de\/wp-content\/uploads\/2023\/03\/coliquio-logo-12x12.png 12w, https:\/\/agderma.de\/wp-content\/uploads\/2023\/03\/coliquio-logo.png 324w\" sizes=\"(max-width: 300px) 100vw, 300px\" \/>\t\t\t\t\t\t\t\t<\/a>\n\t\t\t\t\t\t\t\t\t\t\t\t\t\t\t<\/div>\n\t\t\t\t<\/div>\n\t\t\t\t\t<\/div>\n\t\t\t\t<\/div>\n\t\t\t\t<\/div>\n\t\t\t\t\t<\/div>\n\t\t\t\t<\/div>\n\t\t<div class=\"elementor-element elementor-element-b1223f4 e-flex e-con-boxed e-con e-parent\" data-id=\"b1223f4\" data-element_type=\"container\" data-e-type=\"container\">\n\t\t\t\t\t<div class=\"e-con-inner\">\n\t\t<div class=\"elementor-element elementor-element-478e798 e-con-full e-flex e-con e-child\" data-id=\"478e798\" data-element_type=\"container\" data-e-type=\"container\">\n\t\t\t\t<div class=\"elementor-element elementor-element-5dcb5dd elementor-widget elementor-widget-heading\" data-id=\"5dcb5dd\" data-element_type=\"widget\" data-e-type=\"widget\" data-widget_type=\"heading.default\">\n\t\t\t\t<div class=\"elementor-widget-container\">\n\t\t\t\t\t<h2 class=\"elementor-heading-title elementor-size-default\">C\u00f3mo triunfa la protecci\u00f3n del clima en la pr\u00e1ctica m\u00e9dica<\/h2>\t\t\t\t<\/div>\n\t\t\t\t<\/div>\n\t\t\t\t<div class=\"elementor-element elementor-element-d429431 elementor-widget elementor-widget-text-editor\" data-id=\"d429431\" data-element_type=\"widget\" data-e-type=\"widget\" data-widget_type=\"text-editor.default\">\n\t\t\t\t<div class=\"elementor-widget-container\">\n\t\t\t\t\t\t\t\t\t<p>Podcast de O-Ton Medicina Interna en conversaci\u00f3n con la Dra. med. Susanne Balzer<\/p><p><a href=\"https:\/\/soundcloud.com\/o-ton-innere-medizin\/so-gelingt-klimaschutz-in-der-arztpraxis\" target=\"_blank\" rel=\"noopener\">Escuche el podcast en Soundcloud aqu\u00ed<\/a><\/p>\t\t\t\t\t\t\t\t<\/div>\n\t\t\t\t<\/div>\n\t\t\t\t<\/div>\n\t\t<div class=\"elementor-element elementor-element-5fbbf70 e-con-full e-flex e-con e-child\" data-id=\"5fbbf70\" data-element_type=\"container\" data-e-type=\"container\">\n\t\t<div class=\"elementor-element elementor-element-003cb33 e-flex e-con-boxed e-con e-child\" data-id=\"003cb33\" data-element_type=\"container\" data-e-type=\"container\">\n\t\t\t\t\t<div class=\"e-con-inner\">\n\t\t\t\t<div class=\"elementor-element elementor-element-1d20a4b elementor-widget elementor-widget-image\" data-id=\"1d20a4b\" data-element_type=\"widget\" data-e-type=\"widget\" data-widget_type=\"image.default\">\n\t\t\t\t<div class=\"elementor-widget-container\">\n\t\t\t\t\t\t\t\t\t\t\t\t\t\t\t\t<a href=\"https:\/\/soundcloud.com\/o-ton-innere-medizin\/so-gelingt-klimaschutz-in-der-arztpraxis\" target=\"_blank\" rel=\"noopener\">\n\t\t\t\t\t\t\t<img decoding=\"async\" width=\"300\" height=\"300\" src=\"https:\/\/agderma.de\/wp-content\/uploads\/2023\/03\/artworks-nOUcHnyAVN0jrWS8-i5ybHg-t500x500-300x300.jpg\" class=\"attachment-medium size-medium wp-image-3994\" alt=\"\" srcset=\"https:\/\/agderma.de\/wp-content\/uploads\/2023\/03\/artworks-nOUcHnyAVN0jrWS8-i5ybHg-t500x500-300x300.jpg 300w, https:\/\/agderma.de\/wp-content\/uploads\/2023\/03\/artworks-nOUcHnyAVN0jrWS8-i5ybHg-t500x500-150x150.jpg 150w, https:\/\/agderma.de\/wp-content\/uploads\/2023\/03\/artworks-nOUcHnyAVN0jrWS8-i5ybHg-t500x500-12x12.jpg 12w, https:\/\/agderma.de\/wp-content\/uploads\/2023\/03\/artworks-nOUcHnyAVN0jrWS8-i5ybHg-t500x500.jpg 500w\" sizes=\"(max-width: 300px) 100vw, 300px\" \/>\t\t\t\t\t\t\t\t<\/a>\n\t\t\t\t\t\t\t\t\t\t\t\t\t\t\t<\/div>\n\t\t\t\t<\/div>\n\t\t\t\t\t<\/div>\n\t\t\t\t<\/div>\n\t\t\t\t<div class=\"elementor-element elementor-element-b95c3eb elementor-widget elementor-widget-text-editor\" data-id=\"b95c3eb\" data-element_type=\"widget\" data-e-type=\"widget\" data-widget_type=\"text-editor.default\">\n\t\t\t\t<div class=\"elementor-widget-container\">\n\t\t\t\t\t\t\t\t\t<p>Cortes\u00eda de: MedTriX GmbH<\/p>\t\t\t\t\t\t\t\t<\/div>\n\t\t\t\t<\/div>\n\t\t\t\t<\/div>\n\t\t\t\t\t<\/div>\n\t\t\t\t<\/div>\n\t\t<div class=\"elementor-element elementor-element-d3670a4 e-flex e-con-boxed e-con e-parent\" data-id=\"d3670a4\" data-element_type=\"container\" data-e-type=\"container\">\n\t\t\t\t\t<div class=\"e-con-inner\">\n\t\t<div class=\"elementor-element elementor-element-7b3f168 e-con-full e-flex e-con e-child\" data-id=\"7b3f168\" data-element_type=\"container\" data-e-type=\"container\">\n\t\t\t\t<div class=\"elementor-element elementor-element-7e92486 elementor-widget elementor-widget-heading\" data-id=\"7e92486\" data-element_type=\"widget\" data-e-type=\"widget\" data-widget_type=\"heading.default\">\n\t\t\t\t<div class=\"elementor-widget-container\">\n\t\t\t\t\t<h2 class=\"elementor-heading-title elementor-size-default\">Liderando la carga a trav\u00e9s de la nueva normalidad de la Tierra<\/h2>\t\t\t\t<\/div>\n\t\t\t\t<\/div>\n\t\t\t\t<div class=\"elementor-element elementor-element-c1651d6 elementor-widget elementor-widget-text-editor\" data-id=\"c1651d6\" data-element_type=\"widget\" data-e-type=\"widget\" data-widget_type=\"text-editor.default\">\n\t\t\t\t<div class=\"elementor-widget-container\">\n\t\t\t\t\t\t\t\t\t<p>Johan Rockstr\u00f6m (Director del Instituto de Potsdam para la Investigaci\u00f3n del Impacto Clim\u00e1tico) habla en el Foro Econ\u00f3mico Mundial sobre la importancia de unos ecosistemas sanos para el futuro de la humanidad y el cumplimiento del objetivo de 1,5 \u00b0C.\u00a0<\/p>\t\t\t\t\t\t\t\t<\/div>\n\t\t\t\t<\/div>\n\t\t\t\t<\/div>\n\t\t<div class=\"elementor-element elementor-element-955e03b e-con-full e-flex e-con e-child\" data-id=\"955e03b\" data-element_type=\"container\" data-e-type=\"container\">\n\t\t\t\t<div class=\"elementor-element elementor-element-85f2ebf elementor-widget elementor-widget-text-editor\" data-id=\"85f2ebf\" data-element_type=\"widget\" data-e-type=\"widget\" data-widget_type=\"text-editor.default\">\n\t\t\t\t<div class=\"elementor-widget-container\">\n\t\t\t\t\t\t\t\t\t<p><a href=\"https:\/\/www.weforum.org\/events\/world-economic-forum-annual-meeting-2023\/sessions\/leading-the-charge-through-earths-new-normal\" target=\"_blank\" rel=\"noopener\">V\u00eddeo original<\/a> en la p\u00e1gina del Foro Econ\u00f3mico Mundial\u00a0<\/p>\t\t\t\t\t\t\t\t<\/div>\n\t\t\t\t<\/div>\n\t\t\t\t<div class=\"elementor-element elementor-element-f91d1ff elementor-widget elementor-widget-video\" data-id=\"f91d1ff\" data-element_type=\"widget\" data-e-type=\"widget\" data-settings=\"{&quot;youtube_url&quot;:&quot;https:\\\/\\\/www.youtube.com\\\/watch?v=2fBmGXqHvk8&amp;pp=ygUtTGVhZGluZyB0aGUgQ2hhcmdlIHRocm91Z2ggRWFydGgncyBOZXcgTm9ybWFs&quot;,&quot;start&quot;:0,&quot;video_type&quot;:&quot;youtube&quot;,&quot;controls&quot;:&quot;yes&quot;}\" data-widget_type=\"video.default\">\n\t\t\t\t<div class=\"elementor-widget-container\">\n\t\t\t\t\t\t\t<div class=\"elementor-wrapper elementor-open-inline\">\n\t\t\t<div class=\"elementor-video\"><\/div>\t\t<\/div>\n\t\t\t\t\t\t<\/div>\n\t\t\t\t<\/div>\n\t\t\t\t<\/div>\n\t\t\t\t\t<\/div>\n\t\t\t\t<\/div>\n\t\t<div class=\"elementor-element elementor-element-88643e8 e-flex e-con-boxed e-con e-parent\" data-id=\"88643e8\" data-element_type=\"container\" data-e-type=\"container\">\n\t\t\t\t\t<div class=\"e-con-inner\">\n\t\t<div class=\"elementor-element elementor-element-b040d1c e-con-full e-flex e-con e-child\" data-id=\"b040d1c\" data-element_type=\"container\" data-e-type=\"container\">\n\t\t\t\t<div class=\"elementor-element elementor-element-2af2062 elementor-widget elementor-widget-heading\" data-id=\"2af2062\" data-element_type=\"widget\" data-e-type=\"widget\" data-widget_type=\"heading.default\">\n\t\t\t\t<div class=\"elementor-widget-container\">\n\t\t\t\t\t<h2 class=\"elementor-heading-title elementor-size-default\">Will Steffen - El gran punto de inflexi\u00f3n que se avecina<\/h2>\t\t\t\t<\/div>\n\t\t\t\t<\/div>\n\t\t\t\t<\/div>\n\t\t<div class=\"elementor-element elementor-element-ee7201b e-con-full e-flex e-con e-child\" data-id=\"ee7201b\" data-element_type=\"container\" data-e-type=\"container\">\n\t\t\t\t<div class=\"elementor-element elementor-element-093cbf8 elementor-widget elementor-widget-video\" data-id=\"093cbf8\" data-element_type=\"widget\" data-e-type=\"widget\" data-settings=\"{&quot;youtube_url&quot;:&quot;https:\\\/\\\/youtu.be\\\/esF6bl2H5x0&quot;,&quot;video_type&quot;:&quot;youtube&quot;,&quot;controls&quot;:&quot;yes&quot;}\" data-widget_type=\"video.default\">\n\t\t\t\t<div class=\"elementor-widget-container\">\n\t\t\t\t\t\t\t<div class=\"elementor-wrapper elementor-open-inline\">\n\t\t\t<div class=\"elementor-video\"><\/div>\t\t<\/div>\n\t\t\t\t\t\t<\/div>\n\t\t\t\t<\/div>\n\t\t\t\t<div class=\"elementor-element elementor-element-7435b79 elementor-widget elementor-widget-text-editor\" data-id=\"7435b79\" data-element_type=\"widget\" data-e-type=\"widget\" data-widget_type=\"text-editor.default\">\n\t\t\t\t<div class=\"elementor-widget-container\">\n\t\t\t\t\t\t\t\t\t<p>El v\u00eddeo fue traducido al alem\u00e1n por Scientists4Future.\u00a0<\/p>\t\t\t\t\t\t\t\t<\/div>\n\t\t\t\t<\/div>\n\t\t\t\t<\/div>\n\t\t\t\t\t<\/div>\n\t\t\t\t<\/div>\n\t\t<div class=\"elementor-element elementor-element-5590007 e-flex e-con-boxed e-con e-parent\" data-id=\"5590007\" data-element_type=\"container\" data-e-type=\"container\">\n\t\t\t\t\t<div class=\"e-con-inner\">\n\t\t<div class=\"elementor-element elementor-element-0111c44 e-con-full e-flex e-con e-child\" data-id=\"0111c44\" data-element_type=\"container\" data-e-type=\"container\">\n\t\t\t\t<div class=\"elementor-element elementor-element-8b19cfb elementor-widget elementor-widget-heading\" data-id=\"8b19cfb\" data-element_type=\"widget\" data-e-type=\"widget\" data-widget_type=\"heading.default\">\n\t\t\t\t<div class=\"elementor-widget-container\">\n\t\t\t\t\t<h2 class=\"elementor-heading-title elementor-size-default\">Intervenciones de inclinaci\u00f3n social y comunicaci\u00f3n cient\u00edfica<\/h2>\t\t\t\t<\/div>\n\t\t\t\t<\/div>\n\t\t\t\t<div class=\"elementor-element elementor-element-c48d029 elementor-widget elementor-widget-text-editor\" data-id=\"c48d029\" data-element_type=\"widget\" data-e-type=\"widget\" data-widget_type=\"text-editor.default\">\n\t\t\t\t<div class=\"elementor-widget-container\">\n\t\t\t\t\t\t\t\t\t<p>Cortes\u00eda de la Alianza para el Cambio Clim\u00e1tico y la Salud (KLUG e.V.)<\/p>\t\t\t\t\t\t\t\t<\/div>\n\t\t\t\t<\/div>\n\t\t\t\t<\/div>\n\t\t<div class=\"elementor-element elementor-element-e01a515 e-con-full e-flex e-con e-child\" data-id=\"e01a515\" data-element_type=\"container\" data-e-type=\"container\">\n\t\t\t\t<div class=\"elementor-element elementor-element-3c6fd03 elementor-widget elementor-widget-video\" data-id=\"3c6fd03\" data-element_type=\"widget\" data-e-type=\"widget\" data-settings=\"{&quot;youtube_url&quot;:&quot;https:\\\/\\\/www.youtube.com\\\/watch?v=j7_sI-DR5gQ&quot;,&quot;video_type&quot;:&quot;youtube&quot;,&quot;controls&quot;:&quot;yes&quot;}\" data-widget_type=\"video.default\">\n\t\t\t\t<div class=\"elementor-widget-container\">\n\t\t\t\t\t\t\t<div class=\"elementor-wrapper elementor-open-inline\">\n\t\t\t<div class=\"elementor-video\"><\/div>\t\t<\/div>\n\t\t\t\t\t\t<\/div>\n\t\t\t\t<\/div>\n\t\t\t\t<\/div>\n\t\t\t\t\t<\/div>\n\t\t\t\t<\/div>\n\t\t<div class=\"elementor-element elementor-element-98cd50e e-flex e-con-boxed e-con e-parent\" data-id=\"98cd50e\" data-element_type=\"container\" data-e-type=\"container\">\n\t\t\t\t\t<div class=\"e-con-inner\">\n\t\t<div class=\"elementor-element elementor-element-deab250 e-con-full e-flex e-con e-child\" data-id=\"deab250\" data-element_type=\"container\" data-e-type=\"container\">\n\t\t\t\t<div class=\"elementor-element elementor-element-e8183f5 elementor-widget elementor-widget-heading\" data-id=\"e8183f5\" data-element_type=\"widget\" data-e-type=\"widget\" data-widget_type=\"heading.default\">\n\t\t\t\t<div class=\"elementor-widget-container\">\n\t\t\t\t\t<h2 class=\"elementor-heading-title elementor-size-default\">Cambio clim\u00e1tico para m\u00e9dicos<\/h2>\t\t\t\t<\/div>\n\t\t\t\t<\/div>\n\t\t\t\t<\/div>\n\t\t<div class=\"elementor-element elementor-element-201afe4 e-con-full e-flex e-con e-child\" data-id=\"201afe4\" data-element_type=\"container\" data-e-type=\"container\">\n\t\t\t\t<div class=\"elementor-element elementor-element-cd55e20 elementor-widget elementor-widget-video\" data-id=\"cd55e20\" data-element_type=\"widget\" data-e-type=\"widget\" data-settings=\"{&quot;video_type&quot;:&quot;hosted&quot;,&quot;controls&quot;:&quot;yes&quot;}\" data-widget_type=\"video.default\">\n\t\t\t\t<div class=\"elementor-widget-container\">\n\t\t\t\t\t\t\t<div class=\"e-hosted-video elementor-wrapper elementor-open-inline\">\n\t\t\t\t\t<video class=\"elementor-video\" src=\"https:\/\/agderma.de\/wp-content\/uploads\/2023\/02\/Klimawandel-und-Dermatologie-1.mp4\" controls=\"\" preload=\"metadata\" controlslist=\"nodownload\" poster=\"https:\/\/agderma.de\/wp-content\/uploads\/2023\/02\/AdobeStock_330419532-1.jpeg\"><\/video>\n\t\t\t\t<\/div>\n\t\t\t\t\t\t<\/div>\n\t\t\t\t<\/div>\n\t\t\t\t<\/div>\n\t\t\t\t\t<\/div>\n\t\t\t\t<\/div>\n\t\t<div class=\"elementor-element elementor-element-68d16a8 e-flex e-con-boxed e-con e-parent\" data-id=\"68d16a8\" data-element_type=\"container\" data-e-type=\"container\">\n\t\t\t\t\t<div class=\"e-con-inner\">\n\t\t<div class=\"elementor-element elementor-element-22ae8e5 e-con-full e-flex e-con e-child\" data-id=\"22ae8e5\" data-element_type=\"container\" data-e-type=\"container\">\n\t\t\t\t<div class=\"elementor-element elementor-element-a78045d elementor-widget elementor-widget-heading\" data-id=\"a78045d\" data-element_type=\"widget\" data-e-type=\"widget\" data-widget_type=\"heading.default\">\n\t\t\t\t<div class=\"elementor-widget-container\">\n\t\t\t\t\t<h2 class=\"elementor-heading-title elementor-size-default\">Residuos de cirug\u00eda<\/h2>\t\t\t\t<\/div>\n\t\t\t\t<\/div>\n\t\t\t\t<div class=\"elementor-element elementor-element-6d6dcdd elementor-widget elementor-widget-text-editor\" data-id=\"6d6dcdd\" data-element_type=\"widget\" data-e-type=\"widget\" data-widget_type=\"text-editor.default\">\n\t\t\t\t<div class=\"elementor-widget-container\">\n\t\t\t\t\t\t\t\t\t<p>La artista holandesa Maria Koijck entre los productos desechables usados de una operaci\u00f3n tras su c\u00e1ncer de mama.<\/p>\t\t\t\t\t\t\t\t<\/div>\n\t\t\t\t<\/div>\n\t\t\t\t<\/div>\n\t\t<div class=\"elementor-element elementor-element-17910db e-con-full e-flex e-con e-child\" data-id=\"17910db\" data-element_type=\"container\" data-e-type=\"container\">\n\t\t\t\t<div class=\"elementor-element elementor-element-0d657ce elementor-widget elementor-widget-video\" data-id=\"0d657ce\" data-element_type=\"widget\" data-e-type=\"widget\" data-settings=\"{&quot;youtube_url&quot;:&quot;https:\\\/\\\/www.youtube.com\\\/watch?v=w28M7wjIr6E&quot;,&quot;video_type&quot;:&quot;youtube&quot;,&quot;controls&quot;:&quot;yes&quot;}\" data-widget_type=\"video.default\">\n\t\t\t\t<div class=\"elementor-widget-container\">\n\t\t\t\t\t\t\t<div class=\"elementor-wrapper elementor-open-inline\">\n\t\t\t<div class=\"elementor-video\"><\/div>\t\t<\/div>\n\t\t\t\t\t\t<\/div>\n\t\t\t\t<\/div>\n\t\t\t\t<div class=\"elementor-element elementor-element-b923d8c elementor-widget elementor-widget-text-editor\" data-id=\"b923d8c\" data-element_type=\"widget\" data-e-type=\"widget\" data-widget_type=\"text-editor.default\">\n\t\t\t\t<div class=\"elementor-widget-container\">\n\t\t\t\t\t\t\t\t\tCortes\u00eda de: <a href=\"https:\/\/mariakoijck.com\" target=\"_blank\" rel=\"noopener\">Maria Koijck<\/a>\t\t\t\t\t\t\t\t<\/div>\n\t\t\t\t<\/div>\n\t\t\t\t<\/div>\n\t\t\t\t\t<\/div>\n\t\t\t\t<\/div>\n\t\t\t\t<\/div>","protected":false},"excerpt":{"rendered":"<p>Wieso die Erde eine Hauerkrankung hat und was das mit M\u00fcll zu tun hat Lehrvideo von Julia Sturm und der Arbeitsgemeinschaft Nachhaltigkeit in der Dermatologie (AGN) e.V. https:\/\/youtu.be\/E_q_AfVNkGU Gesundheitsgefahren durch Plastik und Plastikchemikalien Podiumsdiskussion: \u201eGesundheitsgefahren durch Plastik und Plastikchemikalien\u201c Was sind die Gesundheitsgefahren durch Plastik und Plastikchemikalien? Welche L\u00f6sungen und Kommunikation braucht es? \u00a0 Mit: [&hellip;]<\/p>\n","protected":false},"author":1,"featured_media":0,"parent":0,"menu_order":0,"comment_status":"closed","ping_status":"closed","template":"","meta":{"_acf_changed":false,"footnotes":""},"class_list":["post-2169","page","type-page","status-publish","hentry"],"acf":[],"_links":{"self":[{"href":"https:\/\/agderma.de\/es\/wp-json\/wp\/v2\/pages\/2169","targetHints":{"allow":["GET"]}}],"collection":[{"href":"https:\/\/agderma.de\/es\/wp-json\/wp\/v2\/pages"}],"about":[{"href":"https:\/\/agderma.de\/es\/wp-json\/wp\/v2\/types\/page"}],"author":[{"embeddable":true,"href":"https:\/\/agderma.de\/es\/wp-json\/wp\/v2\/users\/1"}],"replies":[{"embeddable":true,"href":"https:\/\/agderma.de\/es\/wp-json\/wp\/v2\/comments?post=2169"}],"version-history":[{"count":32,"href":"https:\/\/agderma.de\/es\/wp-json\/wp\/v2\/pages\/2169\/revisions"}],"predecessor-version":[{"id":5753,"href":"https:\/\/agderma.de\/es\/wp-json\/wp\/v2\/pages\/2169\/revisions\/5753"}],"wp:attachment":[{"href":"https:\/\/agderma.de\/es\/wp-json\/wp\/v2\/media?parent=2169"}],"curies":[{"name":"wp","href":"https:\/\/api.w.org\/{rel}","templated":true}]}}