{"id":5135,"date":"2024-04-12T06:29:15","date_gmt":"2024-04-12T06:29:15","guid":{"rendered":"https:\/\/agderma.de\/?post_type=veranstaltungen&#038;p=5135"},"modified":"2024-04-12T06:29:16","modified_gmt":"2024-04-12T06:29:16","slug":"la-sostenibilidad-en-la-practica","status":"publish","type":"veranstaltungen","link":"https:\/\/agderma.de\/es\/veranstaltungen\/nachhaltigkeit-in-der-praxis\/","title":{"rendered":"La sostenibilidad en la pr\u00e1ctica"},"content":{"rendered":"<p>El cambio clim\u00e1tico ya no puede ignorarse y tiene repercusiones en nuestro sistema sanitario. Los cient\u00edficos llevan tiempo advirtiendo de que el cambio clim\u00e1tico es la mayor amenaza sanitaria de este siglo. Aunque existen muchas iniciativas para reducir las emisiones de CO2 en \u00e1mbitos como el transporte y la energ\u00eda, el impacto del sector sanitario, y por tanto de sus pr\u00e1cticas, en el clima suele ser menos reconocido.<\/p>\n\n\n\n<p>Encontrar\u00e1 el programa del evento <a href=\"https:\/\/agderma.de\/wp-content\/uploads\/2024\/04\/Nachhaltigkeit-in-der-Praxis_Programm.pdf\">aqu\u00ed<\/a>.<\/p>\n\n\n\n<p>Puede encontrar m\u00e1s informaci\u00f3n sobre el evento en l\u00ednea <a href=\"https:\/\/www.kvno.de\/termine\/veranstaltungen-detail\/veranstaltung\/nachhaltigkeit-in-der-praxis\" target=\"_blank\" rel=\"noopener\">aqu\u00ed<\/a>. <\/p>","protected":false},"excerpt":{"rendered":"<p>Evento en l\u00ednea<\/p>","protected":false},"featured_media":5137,"template":"","class_list":["post-5135","veranstaltungen","type-veranstaltungen","status-publish","has-post-thumbnail","hentry"],"acf":[],"_links":{"self":[{"href":"https:\/\/agderma.de\/es\/wp-json\/wp\/v2\/veranstaltungen\/5135","targetHints":{"allow":["GET"]}}],"collection":[{"href":"https:\/\/agderma.de\/es\/wp-json\/wp\/v2\/veranstaltungen"}],"about":[{"href":"https:\/\/agderma.de\/es\/wp-json\/wp\/v2\/types\/veranstaltungen"}],"wp:featuredmedia":[{"embeddable":true,"href":"https:\/\/agderma.de\/es\/wp-json\/wp\/v2\/media\/5137"}],"wp:attachment":[{"href":"https:\/\/agderma.de\/es\/wp-json\/wp\/v2\/media?parent=5135"}],"curies":[{"name":"wp","href":"https:\/\/api.w.org\/{rel}","templated":true}]}}