{"id":1571,"date":"2023-01-31T07:22:12","date_gmt":"2023-01-31T07:22:12","guid":{"rendered":"http:\/\/agderma.de\/?page_id=1571"},"modified":"2025-10-24T05:03:00","modified_gmt":"2025-10-24T05:03:00","slug":"modeles-de-qm","status":"publish","type":"page","link":"https:\/\/agderma.de\/fr\/nachhaltiges-praxismanagement\/qm-vorlagen\/","title":{"rendered":"Mod\u00e8les QM"},"content":{"rendered":"<div data-elementor-type=\"wp-page\" data-elementor-id=\"1571\" class=\"elementor elementor-1571\" data-elementor-post-type=\"page\">\n\t\t\t\t<div class=\"elementor-element elementor-element-8bf26af e-flex e-con-boxed e-con e-parent\" data-id=\"8bf26af\" data-element_type=\"container\" data-e-type=\"container\" data-settings=\"{&quot;background_background&quot;:&quot;classic&quot;}\">\n\t\t\t\t\t<div class=\"e-con-inner\">\n\t\t\t\t<div class=\"elementor-element elementor-element-2ee7ed5 elementor-widget elementor-widget-heading\" data-id=\"2ee7ed5\" data-element_type=\"widget\" data-e-type=\"widget\" data-widget_type=\"heading.default\">\n\t\t\t\t<div class=\"elementor-widget-container\">\n\t\t\t\t\t<h1 class=\"elementor-heading-title elementor-size-default\">Mod\u00e8les QM<\/h1>\t\t\t\t<\/div>\n\t\t\t\t<\/div>\n\t\t\t\t\t<\/div>\n\t\t\t\t<\/div>\n\t\t<div class=\"elementor-element elementor-element-72810ff e-flex e-con-boxed e-con e-parent\" data-id=\"72810ff\" data-element_type=\"container\" data-e-type=\"container\">\n\t\t\t\t\t<div class=\"e-con-inner\">\n\t\t\t\t<div class=\"elementor-element elementor-element-631e816 elementor-widget elementor-widget-text-editor\" data-id=\"631e816\" data-element_type=\"widget\" data-e-type=\"widget\" data-widget_type=\"text-editor.default\">\n\t\t\t\t<div class=\"elementor-widget-container\">\n\t\t\t\t\t\t\t\t\t<p>Depuis 2004, les m\u00e9decins conventionn\u00e9s, les centres de soins m\u00e9dicaux et les h\u00f4pitaux sont l\u00e9galement tenus de mettre en place et de maintenir une gestion de la qualit\u00e9 (QM). La base l\u00e9gale est le \u00a7 135a SGB V (Code social allemand).<\/p><p>Il faut s'attendre \u00e0 ce que le principe de durabilit\u00e9 entra\u00eene des changements bouleversants dans tous les domaines de la soci\u00e9t\u00e9 au cours des prochaines ann\u00e9es. Le groupe de travail pour la durabilit\u00e9 en dermatologie (AGN) e.V. s'est donc donn\u00e9 pour mission d'\u00e9clairer par anticipation tous les domaines de la gestion du cabinet sous l'angle de la durabilit\u00e9 - dans la mesure du possible. Les prescriptions m\u00e9dicales n\u00e9cessaires et les prescriptions d'hygi\u00e8ne qui sont d\u00e9j\u00e0 pr\u00e9sentes dans le syst\u00e8me de gestion de la qualit\u00e9 existant ne doivent pas \u00eatre modifi\u00e9es par nos soins, mais compl\u00e9t\u00e9es dans la mesure du possible et si n\u00e9cessaire.<\/p><p>C'est pourquoi nous \u00e9laborons et actualisons en permanence des mod\u00e8les de gestion de la qualit\u00e9 sur diff\u00e9rents th\u00e8mes, qui peuvent \u00eatre adapt\u00e9s individuellement aux besoins du cabinet et t\u00e9l\u00e9charg\u00e9s gratuitement. Les objectifs de ces documents sont - outre la transformation vers la durabilit\u00e9 - de faciliter l'organisation du cabinet et de continuer \u00e0 optimiser un mode de travail \u00e9conomique.<\/p><p><strong>Ces mod\u00e8les QM ne sont pas obligatoires pour votre r\u00e9pertoire QM existant.<\/strong><\/p><p>Pour votre cabinet, nous avons une <a href=\"https:\/\/agderma.de\/wp-content\/uploads\/2023\/03\/KlimaManagement-Berechnungsgrundlagen.xlsx\">Mod\u00e8le dans Excel<\/a> qui vous permet d'\u00e9tablir la liste des \u00e9conomies financi\u00e8res et des r\u00e9ductions de gaz \u00e0 effet de serre. Il peut \u00eatre facilement adapt\u00e9 aux besoins de votre cabinet. Le fonctionnement du tableau est expliqu\u00e9 en d\u00e9tail sur la plate-forme de l'AGN-Acad\u00e9mie du futur dans le cours \"Gestion durable du cabinet m\u00e9dical - Module III : Le gestionnaire de climat:in\".<\/p><p>Le domaine QM est en cours d'\u00e9laboration depuis le 30 avril 2021. Les mod\u00e8les seront r\u00e9guli\u00e8rement adapt\u00e9s \u00e0 l'\u00e9tat actuel. Tous les mod\u00e8les de gestion de la qualit\u00e9 r\u00e9pertori\u00e9s ici sont soumis exclusivement \u00e0 notre copyright et ne peuvent donc pas \u00eatre utilis\u00e9s \u00e0 des fins commerciales.<\/p><p>Vous avez des suggestions, des id\u00e9es pour une gestion durable de votre cabinet ou vous souhaitez en discuter avec nous ? Dans ce cas, veuillez prendre contact avec <a href=\"https:\/\/agderma.de\/fr\/contact\/\">Contact<\/a> \u00e0 nous.<\/p>\t\t\t\t\t\t\t\t<\/div>\n\t\t\t\t<\/div>\n\t\t\t\t\t<\/div>\n\t\t\t\t<\/div>\n\t\t<div class=\"elementor-element elementor-element-dbb945a e-flex e-con-boxed e-con e-parent\" data-id=\"dbb945a\" data-element_type=\"container\" data-e-type=\"container\">\n\t\t\t\t\t<div class=\"e-con-inner\">\n\t\t<div class=\"elementor-element elementor-element-c69be62 e-con-full e-flex e-con e-child\" data-id=\"c69be62\" data-element_type=\"container\" data-e-type=\"container\">\n\t\t\t\t<div class=\"elementor-element elementor-element-b66c431 elementor-widget elementor-widget-image\" data-id=\"b66c431\" data-element_type=\"widget\" data-e-type=\"widget\" data-widget_type=\"image.default\">\n\t\t\t\t<div class=\"elementor-widget-container\">\n\t\t\t\t\t\t\t\t\t\t\t\t\t\t\t<img fetchpriority=\"high\" decoding=\"async\" width=\"700\" height=\"467\" src=\"https:\/\/agderma.de\/wp-content\/uploads\/2023\/02\/recycling-2022-11-16-22-04-57-utc.jpeg\" class=\"attachment-large size-large wp-image-1923\" alt=\"\" srcset=\"https:\/\/agderma.de\/wp-content\/uploads\/2023\/02\/recycling-2022-11-16-22-04-57-utc.jpeg 700w, https:\/\/agderma.de\/wp-content\/uploads\/2023\/02\/recycling-2022-11-16-22-04-57-utc-300x200.jpeg 300w\" sizes=\"(max-width: 700px) 100vw, 700px\" \/>\t\t\t\t\t\t\t\t\t\t\t\t\t\t\t<\/div>\n\t\t\t\t<\/div>\n\t\t\t\t<div class=\"elementor-element elementor-element-6c80244 elementor-widget elementor-widget-toggle\" data-id=\"6c80244\" data-element_type=\"widget\" data-e-type=\"widget\" data-widget_type=\"toggle.default\">\n\t\t\t\t<div class=\"elementor-widget-container\">\n\t\t\t\t\t\t\t<div class=\"elementor-toggle\">\n\t\t\t\t\t\t\t<div class=\"elementor-toggle-item\">\n\t\t\t\t\t<div id=\"elementor-tab-title-1131\" class=\"elementor-tab-title\" data-tab=\"1\" role=\"button\" aria-controls=\"elementor-tab-content-1131\" aria-expanded=\"false\">\n\t\t\t\t\t\t\t\t\t\t\t\t<span class=\"elementor-toggle-icon elementor-toggle-icon-right\" aria-hidden=\"true\">\n\t\t\t\t\t\t\t\t\t\t\t\t\t\t\t<span class=\"elementor-toggle-icon-closed\"><i class=\"fas fa-chevron-down\"><\/i><\/span>\n\t\t\t\t\t\t\t\t<span class=\"elementor-toggle-icon-opened\"><i class=\"elementor-toggle-icon-opened fas fa-chevron-up\"><\/i><\/span>\n\t\t\t\t\t\t\t\t\t\t\t\t\t<\/span>\n\t\t\t\t\t\t\t\t\t\t\t\t<a class=\"elementor-toggle-title\" tabindex=\"0\">Gestion des d\u00e9chets<\/a>\n\t\t\t\t\t<\/div>\n\n\t\t\t\t\t<div id=\"elementor-tab-content-1131\" class=\"elementor-tab-content elementor-clearfix\" data-tab=\"1\" role=\"region\" aria-labelledby=\"elementor-tab-title-1131\"><p><a href=\"https:\/\/agderma.de\/wp-content\/uploads\/2023\/02\/Abfallentsorgung-Arten-von-Muell.docx\">Types de d\u00e9chets et leur \u00e9limination<\/a><\/p><p><a href=\"https:\/\/agderma.de\/wp-content\/uploads\/2024\/04\/AG-Diabetes-Umwelt-Klima-Empfehlungen-zur-Entsorgung-von-Diabeteshilfsmitteln.pdf\">Recommandations pour l'\u00e9limination des dispositifs m\u00e9dicaux pour diab\u00e9tiques (auteur : Arbeitsgemeinschaft Diabetes, Umwelt &amp; Klima der Deutschen Diabetes Gesellschaft)<\/a><\/p><p><a href=\"https:\/\/agderma.de\/wp-content\/uploads\/2023\/02\/Abfallentsorgung-CL-Arzneimittelentsorgung.docx\">\u00c9limination des m\u00e9dicaments<\/a><\/p><p><a href=\"https:\/\/agderma.de\/wp-content\/uploads\/2023\/04\/Abfallentsorgung-FB-Entsorgung-von-Desinfektionsmitteln.docx\">\u00c9limination des d\u00e9sinfectants<\/a><\/p><p><a href=\"https:\/\/agderma.de\/wp-content\/uploads\/2023\/02\/Abfallentsorgung-Entsorgungsplan.docx\">Plan d'\u00e9limination des d\u00e9chets propre au cabinet<\/a><\/p><\/div>\n\t\t\t\t<\/div>\n\t\t\t\t\t\t\t\t<\/div>\n\t\t\t\t\t\t<\/div>\n\t\t\t\t<\/div>\n\t\t\t\t<\/div>\n\t\t<div class=\"elementor-element elementor-element-a4e03af e-con-full e-flex e-con e-child\" data-id=\"a4e03af\" data-element_type=\"container\" data-e-type=\"container\">\n\t\t\t\t<div class=\"elementor-element elementor-element-44fcccd elementor-widget elementor-widget-image\" data-id=\"44fcccd\" data-element_type=\"widget\" data-e-type=\"widget\" data-widget_type=\"image.default\">\n\t\t\t\t<div class=\"elementor-widget-container\">\n\t\t\t\t\t\t\t\t\t\t\t\t\t\t\t<img decoding=\"async\" width=\"700\" height=\"350\" src=\"https:\/\/agderma.de\/wp-content\/uploads\/2023\/02\/office-document-binders-in-a-filing-cabinet-drawer-2022-12-16-12-10-47-utc.jpeg\" class=\"attachment-large size-large wp-image-1921\" alt=\"\" srcset=\"https:\/\/agderma.de\/wp-content\/uploads\/2023\/02\/office-document-binders-in-a-filing-cabinet-drawer-2022-12-16-12-10-47-utc.jpeg 700w, https:\/\/agderma.de\/wp-content\/uploads\/2023\/02\/office-document-binders-in-a-filing-cabinet-drawer-2022-12-16-12-10-47-utc-300x150.jpeg 300w\" sizes=\"(max-width: 700px) 100vw, 700px\" \/>\t\t\t\t\t\t\t\t\t\t\t\t\t\t\t<\/div>\n\t\t\t\t<\/div>\n\t\t\t\t<div class=\"elementor-element elementor-element-40f0d71 elementor-widget elementor-widget-toggle\" data-id=\"40f0d71\" data-element_type=\"widget\" data-e-type=\"widget\" data-widget_type=\"toggle.default\">\n\t\t\t\t<div class=\"elementor-widget-container\">\n\t\t\t\t\t\t\t<div class=\"elementor-toggle\">\n\t\t\t\t\t\t\t<div class=\"elementor-toggle-item\">\n\t\t\t\t\t<div id=\"elementor-tab-title-6801\" class=\"elementor-tab-title\" data-tab=\"1\" role=\"button\" aria-controls=\"elementor-tab-content-6801\" aria-expanded=\"false\">\n\t\t\t\t\t\t\t\t\t\t\t\t<span class=\"elementor-toggle-icon elementor-toggle-icon-right\" aria-hidden=\"true\">\n\t\t\t\t\t\t\t\t\t\t\t\t\t\t\t<span class=\"elementor-toggle-icon-closed\"><i class=\"fas fa-chevron-down\"><\/i><\/span>\n\t\t\t\t\t\t\t\t<span class=\"elementor-toggle-icon-opened\"><i class=\"elementor-toggle-icon-opened fas fa-chevron-up\"><\/i><\/span>\n\t\t\t\t\t\t\t\t\t\t\t\t\t<\/span>\n\t\t\t\t\t\t\t\t\t\t\t\t<a class=\"elementor-toggle-title\" tabindex=\"0\">Bureau &amp; Informatique<\/a>\n\t\t\t\t\t<\/div>\n\n\t\t\t\t\t<div id=\"elementor-tab-content-6801\" class=\"elementor-tab-content elementor-clearfix\" data-tab=\"1\" role=\"region\" aria-labelledby=\"elementor-tab-title-6801\"><p><a href=\"https:\/\/agderma.de\/wp-content\/uploads\/2023\/06\/Buero-CL-Digitalisierung-und-EDV.docx\">Num\u00e9risation et informatique<\/a><\/p><p><a href=\"https:\/\/agderma.de\/wp-content\/uploads\/2023\/02\/Bueromaterialien.docx\">Mat\u00e9riel de bureau respectueux de l'environnement<\/a><\/p><p><a href=\"https:\/\/agderma.de\/wp-content\/uploads\/2023\/02\/Buero-FB-Werbung-abbestellen.docx\">Se d\u00e9sabonner de la publicit\u00e9<\/a><\/p><\/div>\n\t\t\t\t<\/div>\n\t\t\t\t\t\t\t\t<\/div>\n\t\t\t\t\t\t<\/div>\n\t\t\t\t<\/div>\n\t\t\t\t<\/div>\n\t\t<div class=\"elementor-element elementor-element-c6faba5 e-con-full e-flex e-con e-child\" data-id=\"c6faba5\" data-element_type=\"container\" data-e-type=\"container\">\n\t\t\t\t<div class=\"elementor-element elementor-element-df4699b elementor-widget elementor-widget-image\" data-id=\"df4699b\" data-element_type=\"widget\" data-e-type=\"widget\" data-widget_type=\"image.default\">\n\t\t\t\t<div class=\"elementor-widget-container\">\n\t\t\t\t\t\t\t\t\t\t\t\t\t\t\t<img decoding=\"async\" width=\"800\" height=\"575\" src=\"https:\/\/agderma.de\/wp-content\/uploads\/2023\/03\/AGN-Einkauf-1-1024x736.webp\" class=\"attachment-large size-large wp-image-4508\" alt=\"\" srcset=\"https:\/\/agderma.de\/wp-content\/uploads\/2023\/03\/AGN-Einkauf-1-1024x736.webp 1024w, https:\/\/agderma.de\/wp-content\/uploads\/2023\/03\/AGN-Einkauf-1-300x215.webp 300w, https:\/\/agderma.de\/wp-content\/uploads\/2023\/03\/AGN-Einkauf-1-768x552.webp 768w\" sizes=\"(max-width: 800px) 100vw, 800px\" \/>\t\t\t\t\t\t\t\t\t\t\t\t\t\t\t<\/div>\n\t\t\t\t<\/div>\n\t\t\t\t<div class=\"elementor-element elementor-element-31c3406 elementor-widget elementor-widget-toggle\" data-id=\"31c3406\" data-element_type=\"widget\" data-e-type=\"widget\" data-widget_type=\"toggle.default\">\n\t\t\t\t<div class=\"elementor-widget-container\">\n\t\t\t\t\t\t\t<div class=\"elementor-toggle\">\n\t\t\t\t\t\t\t<div class=\"elementor-toggle-item\">\n\t\t\t\t\t<div id=\"elementor-tab-title-5211\" class=\"elementor-tab-title\" data-tab=\"1\" role=\"button\" aria-controls=\"elementor-tab-content-5211\" aria-expanded=\"false\">\n\t\t\t\t\t\t\t\t\t\t\t\t<span class=\"elementor-toggle-icon elementor-toggle-icon-right\" aria-hidden=\"true\">\n\t\t\t\t\t\t\t\t\t\t\t\t\t\t\t<span class=\"elementor-toggle-icon-closed\"><i class=\"fas fa-chevron-down\"><\/i><\/span>\n\t\t\t\t\t\t\t\t<span class=\"elementor-toggle-icon-opened\"><i class=\"elementor-toggle-icon-opened fas fa-chevron-up\"><\/i><\/span>\n\t\t\t\t\t\t\t\t\t\t\t\t\t<\/span>\n\t\t\t\t\t\t\t\t\t\t\t\t<a class=\"elementor-toggle-title\" tabindex=\"0\">Achats<\/a>\n\t\t\t\t\t<\/div>\n\n\t\t\t\t\t<div id=\"elementor-tab-content-5211\" class=\"elementor-tab-content elementor-clearfix\" data-tab=\"1\" role=\"region\" aria-labelledby=\"elementor-tab-title-5211\"><p><a href=\"https:\/\/agderma.de\/wp-content\/uploads\/2023\/06\/Einkauf-FB-Nachhaltige-Berufskleidung.docx\">V\u00eatements de travail durables<\/a><\/p><p><a href=\"https:\/\/agderma.de\/wp-content\/uploads\/2023\/06\/Einkauf-CL-Nachhaltige-Mittagspause.docx\">Pause d\u00e9jeuner durable<\/a><\/p><p><a href=\"https:\/\/agderma.de\/wp-content\/uploads\/2023\/02\/Bueromaterialien-Bezugsquellen.docx\">Sources d'approvisionnement potentielles Mat\u00e9riel de bureau<\/a><\/p><\/div>\n\t\t\t\t<\/div>\n\t\t\t\t\t\t\t\t<\/div>\n\t\t\t\t\t\t<\/div>\n\t\t\t\t<\/div>\n\t\t\t\t<\/div>\n\t\t<div class=\"elementor-element elementor-element-7a243ba e-con-full e-flex e-con e-child\" data-id=\"7a243ba\" data-element_type=\"container\" data-e-type=\"container\">\n\t\t\t\t<div class=\"elementor-element elementor-element-69116dc elementor-widget elementor-widget-image\" data-id=\"69116dc\" data-element_type=\"widget\" data-e-type=\"widget\" data-widget_type=\"image.default\">\n\t\t\t\t<div class=\"elementor-widget-container\">\n\t\t\t\t\t\t\t\t\t\t\t\t\t\t\t<img loading=\"lazy\" decoding=\"async\" width=\"700\" height=\"467\" src=\"https:\/\/agderma.de\/wp-content\/uploads\/2023\/02\/renewable-energy-generation-2022-12-17-03-42-26-utc-1.jpeg\" class=\"attachment-large size-large wp-image-1924\" alt=\"\" srcset=\"https:\/\/agderma.de\/wp-content\/uploads\/2023\/02\/renewable-energy-generation-2022-12-17-03-42-26-utc-1.jpeg 700w, https:\/\/agderma.de\/wp-content\/uploads\/2023\/02\/renewable-energy-generation-2022-12-17-03-42-26-utc-1-300x200.jpeg 300w\" sizes=\"(max-width: 700px) 100vw, 700px\" \/>\t\t\t\t\t\t\t\t\t\t\t\t\t\t\t<\/div>\n\t\t\t\t<\/div>\n\t\t\t\t<div class=\"elementor-element elementor-element-2c355b6 elementor-widget elementor-widget-toggle\" data-id=\"2c355b6\" data-element_type=\"widget\" data-e-type=\"widget\" data-widget_type=\"toggle.default\">\n\t\t\t\t<div class=\"elementor-widget-container\">\n\t\t\t\t\t\t\t<div class=\"elementor-toggle\">\n\t\t\t\t\t\t\t<div class=\"elementor-toggle-item\">\n\t\t\t\t\t<div id=\"elementor-tab-title-4631\" class=\"elementor-tab-title\" data-tab=\"1\" role=\"button\" aria-controls=\"elementor-tab-content-4631\" aria-expanded=\"false\">\n\t\t\t\t\t\t\t\t\t\t\t\t<span class=\"elementor-toggle-icon elementor-toggle-icon-right\" aria-hidden=\"true\">\n\t\t\t\t\t\t\t\t\t\t\t\t\t\t\t<span class=\"elementor-toggle-icon-closed\"><i class=\"fas fa-chevron-down\"><\/i><\/span>\n\t\t\t\t\t\t\t\t<span class=\"elementor-toggle-icon-opened\"><i class=\"elementor-toggle-icon-opened fas fa-chevron-up\"><\/i><\/span>\n\t\t\t\t\t\t\t\t\t\t\t\t\t<\/span>\n\t\t\t\t\t\t\t\t\t\t\t\t<a class=\"elementor-toggle-title\" tabindex=\"0\">\u00c9nergie<\/a>\n\t\t\t\t\t<\/div>\n\n\t\t\t\t\t<div id=\"elementor-tab-content-4631\" class=\"elementor-tab-content elementor-clearfix\" data-tab=\"1\" role=\"region\" aria-labelledby=\"elementor-tab-title-4631\"><p><a href=\"https:\/\/agderma.de\/wp-content\/uploads\/2023\/02\/Energie-Energiesparfibel-KLINIKUM-DARMSTADT.pdf\">Guide des \u00e9conomies d'\u00e9nergie (auteur : Klinikum Darmstadt GmbH)<\/a>\u00a0<\/p><p><a href=\"https:\/\/agderma.de\/wp-content\/uploads\/2023\/02\/Energie-CL-Heizen-und-Lueften.docx\">Chauffage et ventilation<\/a>\u00a0<\/p><p><a href=\"https:\/\/agderma.de\/wp-content\/uploads\/2023\/02\/Energie-CL-Stromanbieter-wechseln.docx\">Changer de fournisseur d'\u00e9lectricit\u00e9<\/a>\u00a0<\/p><p><a href=\"https:\/\/agderma.de\/wp-content\/uploads\/2023\/02\/Energie-CL-Strom-sparen-1-Anmeldung.docx\">Economiser de l'\u00e9lectricit\u00e9 1 : Inscription<\/a>\u00a0<\/p><p><a href=\"https:\/\/agderma.de\/wp-content\/uploads\/2023\/02\/Energie-CL-Strom-sparen-2-Aufenthaltsraum.docx\">Economiser de l'\u00e9lectricit\u00e9 2 : Salle de s\u00e9jour<\/a>\u00a0<\/p><p><a href=\"https:\/\/agderma.de\/wp-content\/uploads\/2023\/02\/Energie-CL-Strom-sparen-3-Behandlungs-und-Untersuchungsraeume.docx\">Economies d'\u00e9nergie 3 : Salles de traitement et d'examen<\/a>\u00a0<\/p><p><a href=\"https:\/\/agderma.de\/wp-content\/uploads\/2023\/02\/Energie-CL-Strom-sparen-4-OP-und-Eingriffsraum.docx\">\u00c9conomiser l'\u00e9lectricit\u00e9 4 : salle d'op\u00e9ration et salle de chirurgie<\/a>\u00a0<\/p><p><a href=\"https:\/\/agderma.de\/wp-content\/uploads\/2023\/02\/Energie-CL-Strom-sparen-5-Computer-und-Laptops.docx\">Economiser l'\u00e9lectricit\u00e9 5 : Ordinateurs et portables<\/a>\u00a0<\/p><p><a href=\"https:\/\/agderma.de\/wp-content\/uploads\/2023\/02\/Energie-CL-Strom-sparen-6-Computer-und-Drucker.docx\">\u00c9conomiser l'\u00e9lectricit\u00e9 6 : Ordinateurs et imprimantes<\/a><\/p><\/div>\n\t\t\t\t<\/div>\n\t\t\t\t\t\t\t\t<\/div>\n\t\t\t\t\t\t<\/div>\n\t\t\t\t<\/div>\n\t\t\t\t<\/div>\n\t\t<div class=\"elementor-element elementor-element-60a3c11 e-con-full e-flex e-con e-child\" data-id=\"60a3c11\" data-element_type=\"container\" data-e-type=\"container\">\n\t\t\t\t<div class=\"elementor-element elementor-element-173f39e elementor-widget elementor-widget-image\" data-id=\"173f39e\" data-element_type=\"widget\" data-e-type=\"widget\" data-widget_type=\"image.default\">\n\t\t\t\t<div class=\"elementor-widget-container\">\n\t\t\t\t\t\t\t\t\t\t\t\t\t\t\t<img loading=\"lazy\" decoding=\"async\" width=\"700\" height=\"393\" src=\"https:\/\/agderma.de\/wp-content\/uploads\/2023\/02\/recall-of-the-covid-19-vaccine-2021-08-31-22-17-59-utc.jpeg\" class=\"attachment-large size-large wp-image-1922\" alt=\"\" srcset=\"https:\/\/agderma.de\/wp-content\/uploads\/2023\/02\/recall-of-the-covid-19-vaccine-2021-08-31-22-17-59-utc.jpeg 700w, https:\/\/agderma.de\/wp-content\/uploads\/2023\/02\/recall-of-the-covid-19-vaccine-2021-08-31-22-17-59-utc-300x168.jpeg 300w\" sizes=\"(max-width: 700px) 100vw, 700px\" \/>\t\t\t\t\t\t\t\t\t\t\t\t\t\t\t<\/div>\n\t\t\t\t<\/div>\n\t\t\t\t<div class=\"elementor-element elementor-element-1113330 elementor-widget elementor-widget-toggle\" data-id=\"1113330\" data-element_type=\"widget\" data-e-type=\"widget\" data-widget_type=\"toggle.default\">\n\t\t\t\t<div class=\"elementor-widget-container\">\n\t\t\t\t\t\t\t<div class=\"elementor-toggle\">\n\t\t\t\t\t\t\t<div class=\"elementor-toggle-item\">\n\t\t\t\t\t<div id=\"elementor-tab-title-1791\" class=\"elementor-tab-title\" data-tab=\"1\" role=\"button\" aria-controls=\"elementor-tab-content-1791\" aria-expanded=\"false\">\n\t\t\t\t\t\t\t\t\t\t\t\t<span class=\"elementor-toggle-icon elementor-toggle-icon-right\" aria-hidden=\"true\">\n\t\t\t\t\t\t\t\t\t\t\t\t\t\t\t<span class=\"elementor-toggle-icon-closed\"><i class=\"fas fa-chevron-down\"><\/i><\/span>\n\t\t\t\t\t\t\t\t<span class=\"elementor-toggle-icon-opened\"><i class=\"elementor-toggle-icon-opened fas fa-chevron-up\"><\/i><\/span>\n\t\t\t\t\t\t\t\t\t\t\t\t\t<\/span>\n\t\t\t\t\t\t\t\t\t\t\t\t<a class=\"elementor-toggle-title\" tabindex=\"0\">Vaccination<\/a>\n\t\t\t\t\t<\/div>\n\n\t\t\t\t\t<div id=\"elementor-tab-content-1791\" class=\"elementor-tab-content elementor-clearfix\" data-tab=\"1\" role=\"region\" aria-labelledby=\"elementor-tab-title-1791\"><p><a href=\"https:\/\/agderma.de\/wp-content\/uploads\/2023\/02\/DTG-Klimagruppe-Nachhaltig-impfen.pdf\">Vacciner durablement (auteur : DTG Klimagruppe)<\/a><\/p><\/div>\n\t\t\t\t<\/div>\n\t\t\t\t\t\t\t\t<\/div>\n\t\t\t\t\t\t<\/div>\n\t\t\t\t<\/div>\n\t\t\t\t<\/div>\n\t\t<div class=\"elementor-element elementor-element-55a36b0 e-con-full e-flex e-con e-child\" data-id=\"55a36b0\" data-element_type=\"container\" data-e-type=\"container\">\n\t\t\t\t<div class=\"elementor-element elementor-element-1959b19 elementor-widget elementor-widget-image\" data-id=\"1959b19\" data-element_type=\"widget\" data-e-type=\"widget\" data-widget_type=\"image.default\">\n\t\t\t\t<div class=\"elementor-widget-container\">\n\t\t\t\t\t\t\t\t\t\t\t\t\t\t\t<img loading=\"lazy\" decoding=\"async\" width=\"700\" height=\"467\" src=\"https:\/\/agderma.de\/wp-content\/uploads\/2023\/02\/medical-scissors-instrument-for-surgery-in-hospita-2021-08-27-12-26-22-utc.jpeg\" class=\"attachment-large size-large wp-image-1920\" alt=\"\" srcset=\"https:\/\/agderma.de\/wp-content\/uploads\/2023\/02\/medical-scissors-instrument-for-surgery-in-hospita-2021-08-27-12-26-22-utc.jpeg 700w, https:\/\/agderma.de\/wp-content\/uploads\/2023\/02\/medical-scissors-instrument-for-surgery-in-hospita-2021-08-27-12-26-22-utc-300x200.jpeg 300w\" sizes=\"(max-width: 700px) 100vw, 700px\" \/>\t\t\t\t\t\t\t\t\t\t\t\t\t\t\t<\/div>\n\t\t\t\t<\/div>\n\t\t\t\t<div class=\"elementor-element elementor-element-6e9567e elementor-widget elementor-widget-toggle\" data-id=\"6e9567e\" data-element_type=\"widget\" data-e-type=\"widget\" data-widget_type=\"toggle.default\">\n\t\t\t\t<div class=\"elementor-widget-container\">\n\t\t\t\t\t\t\t<div class=\"elementor-toggle\">\n\t\t\t\t\t\t\t<div class=\"elementor-toggle-item\">\n\t\t\t\t\t<div id=\"elementor-tab-title-1151\" class=\"elementor-tab-title\" data-tab=\"1\" role=\"button\" aria-controls=\"elementor-tab-content-1151\" aria-expanded=\"false\">\n\t\t\t\t\t\t\t\t\t\t\t\t<span class=\"elementor-toggle-icon elementor-toggle-icon-right\" aria-hidden=\"true\">\n\t\t\t\t\t\t\t\t\t\t\t\t\t\t\t<span class=\"elementor-toggle-icon-closed\"><i class=\"fas fa-chevron-down\"><\/i><\/span>\n\t\t\t\t\t\t\t\t<span class=\"elementor-toggle-icon-opened\"><i class=\"elementor-toggle-icon-opened fas fa-chevron-up\"><\/i><\/span>\n\t\t\t\t\t\t\t\t\t\t\t\t\t<\/span>\n\t\t\t\t\t\t\t\t\t\t\t\t<a class=\"elementor-toggle-title\" tabindex=\"0\">Pr\u00e9paration des instruments<\/a>\n\t\t\t\t\t<\/div>\n\n\t\t\t\t\t<div id=\"elementor-tab-content-1151\" class=\"elementor-tab-content elementor-clearfix\" data-tab=\"1\" role=\"region\" aria-labelledby=\"elementor-tab-title-1151\"><p><a href=\"https:\/\/agderma.de\/fr\/gestion-durable-du-cabinet\/modeles-de-qm\/preparation-des-instruments\/\">Descriptions de processus et listes de contr\u00f4le<\/a><\/p><\/div>\n\t\t\t\t<\/div>\n\t\t\t\t\t\t\t\t<\/div>\n\t\t\t\t\t\t<\/div>\n\t\t\t\t<\/div>\n\t\t\t\t<\/div>\n\t\t<div class=\"elementor-element elementor-element-468ba17 e-con-full e-flex e-con e-child\" data-id=\"468ba17\" data-element_type=\"container\" data-e-type=\"container\">\n\t\t\t\t<div class=\"elementor-element elementor-element-ed24496 elementor-widget elementor-widget-image\" data-id=\"ed24496\" data-element_type=\"widget\" data-e-type=\"widget\" data-widget_type=\"image.default\">\n\t\t\t\t<div class=\"elementor-widget-container\">\n\t\t\t\t\t\t\t\t\t\t\t\t\t\t\t<img loading=\"lazy\" decoding=\"async\" width=\"700\" height=\"467\" src=\"https:\/\/agderma.de\/wp-content\/uploads\/2023\/02\/rental-bycicles-terminal-mockup-2021-09-03-04-16-08-utc.jpeg\" class=\"attachment-large size-large wp-image-1925\" alt=\"\" srcset=\"https:\/\/agderma.de\/wp-content\/uploads\/2023\/02\/rental-bycicles-terminal-mockup-2021-09-03-04-16-08-utc.jpeg 700w, https:\/\/agderma.de\/wp-content\/uploads\/2023\/02\/rental-bycicles-terminal-mockup-2021-09-03-04-16-08-utc-300x200.jpeg 300w\" sizes=\"(max-width: 700px) 100vw, 700px\" \/>\t\t\t\t\t\t\t\t\t\t\t\t\t\t\t<\/div>\n\t\t\t\t<\/div>\n\t\t\t\t<div class=\"elementor-element elementor-element-a8b390b elementor-widget elementor-widget-toggle\" data-id=\"a8b390b\" data-element_type=\"widget\" data-e-type=\"widget\" data-widget_type=\"toggle.default\">\n\t\t\t\t<div class=\"elementor-widget-container\">\n\t\t\t\t\t\t\t<div class=\"elementor-toggle\">\n\t\t\t\t\t\t\t<div class=\"elementor-toggle-item\">\n\t\t\t\t\t<div id=\"elementor-tab-title-1761\" class=\"elementor-tab-title\" data-tab=\"1\" role=\"button\" aria-controls=\"elementor-tab-content-1761\" aria-expanded=\"false\">\n\t\t\t\t\t\t\t\t\t\t\t\t<span class=\"elementor-toggle-icon elementor-toggle-icon-right\" aria-hidden=\"true\">\n\t\t\t\t\t\t\t\t\t\t\t\t\t\t\t<span class=\"elementor-toggle-icon-closed\"><i class=\"fas fa-chevron-down\"><\/i><\/span>\n\t\t\t\t\t\t\t\t<span class=\"elementor-toggle-icon-opened\"><i class=\"elementor-toggle-icon-opened fas fa-chevron-up\"><\/i><\/span>\n\t\t\t\t\t\t\t\t\t\t\t\t\t<\/span>\n\t\t\t\t\t\t\t\t\t\t\t\t<a class=\"elementor-toggle-title\" tabindex=\"0\">Mobilit\u00e9<\/a>\n\t\t\t\t\t<\/div>\n\n\t\t\t\t\t<div id=\"elementor-tab-content-1761\" class=\"elementor-tab-content elementor-clearfix\" data-tab=\"1\" role=\"region\" aria-labelledby=\"elementor-tab-title-1761\"><p><a href=\"https:\/\/agderma.de\/wp-content\/uploads\/2023\/02\/Mobilitaet-MitarbeiterInnen.docx\">Collaborateurs:Int\u00e9rieur<\/a><\/p><p><a href=\"https:\/\/agderma.de\/wp-content\/uploads\/2023\/02\/Mobilitaet-PatientInnen.docx\">Patient:int\u00e9rieur<\/a><\/p><p><a href=\"https:\/\/agderma.de\/wp-content\/uploads\/2025\/04\/CL-Ressourcenoptimiert-reisen.docx\">Voyager en optimisant les ressources<\/a><\/p><\/div>\n\t\t\t\t<\/div>\n\t\t\t\t\t\t\t\t<\/div>\n\t\t\t\t\t\t<\/div>\n\t\t\t\t<\/div>\n\t\t\t\t<\/div>\n\t\t<div class=\"elementor-element elementor-element-b06ee8f e-con-full e-flex e-con e-child\" data-id=\"b06ee8f\" data-element_type=\"container\" data-e-type=\"container\">\n\t\t\t\t<div class=\"elementor-element elementor-element-ab33ca3 elementor-widget elementor-widget-image\" data-id=\"ab33ca3\" data-element_type=\"widget\" data-e-type=\"widget\" data-widget_type=\"image.default\">\n\t\t\t\t<div class=\"elementor-widget-container\">\n\t\t\t\t\t\t\t\t\t\t\t\t\t\t\t<img loading=\"lazy\" decoding=\"async\" width=\"800\" height=\"868\" src=\"https:\/\/agderma.de\/wp-content\/uploads\/2023\/01\/empty-doctor-office-having-computer-with-online-pa-2022-02-08-15-06-48-utc-1-944x1024.jpg\" class=\"attachment-large size-large wp-image-117\" alt=\"\" srcset=\"https:\/\/agderma.de\/wp-content\/uploads\/2023\/01\/empty-doctor-office-having-computer-with-online-pa-2022-02-08-15-06-48-utc-1-944x1024.jpg 944w, https:\/\/agderma.de\/wp-content\/uploads\/2023\/01\/empty-doctor-office-having-computer-with-online-pa-2022-02-08-15-06-48-utc-1-276x300.jpg 276w, https:\/\/agderma.de\/wp-content\/uploads\/2023\/01\/empty-doctor-office-having-computer-with-online-pa-2022-02-08-15-06-48-utc-1-768x833.jpg 768w, https:\/\/agderma.de\/wp-content\/uploads\/2023\/01\/empty-doctor-office-having-computer-with-online-pa-2022-02-08-15-06-48-utc-1.jpg 1235w\" sizes=\"(max-width: 800px) 100vw, 800px\" \/>\t\t\t\t\t\t\t\t\t\t\t\t\t\t\t<\/div>\n\t\t\t\t<\/div>\n\t\t\t\t<div class=\"elementor-element elementor-element-7abeef7 elementor-widget elementor-widget-toggle\" data-id=\"7abeef7\" data-element_type=\"widget\" data-e-type=\"widget\" data-widget_type=\"toggle.default\">\n\t\t\t\t<div class=\"elementor-widget-container\">\n\t\t\t\t\t\t\t<div class=\"elementor-toggle\">\n\t\t\t\t\t\t\t<div class=\"elementor-toggle-item\">\n\t\t\t\t\t<div id=\"elementor-tab-title-1281\" class=\"elementor-tab-title\" data-tab=\"1\" role=\"button\" aria-controls=\"elementor-tab-content-1281\" aria-expanded=\"false\">\n\t\t\t\t\t\t\t\t\t\t\t\t<span class=\"elementor-toggle-icon elementor-toggle-icon-right\" aria-hidden=\"true\">\n\t\t\t\t\t\t\t\t\t\t\t\t\t\t\t<span class=\"elementor-toggle-icon-closed\"><i class=\"fas fa-chevron-down\"><\/i><\/span>\n\t\t\t\t\t\t\t\t<span class=\"elementor-toggle-icon-opened\"><i class=\"elementor-toggle-icon-opened fas fa-chevron-up\"><\/i><\/span>\n\t\t\t\t\t\t\t\t\t\t\t\t\t<\/span>\n\t\t\t\t\t\t\t\t\t\t\t\t<a class=\"elementor-toggle-title\" tabindex=\"0\">Organisation du cabinet m\u00e9dical<\/a>\n\t\t\t\t\t<\/div>\n\n\t\t\t\t\t<div id=\"elementor-tab-content-1281\" class=\"elementor-tab-content elementor-clearfix\" data-tab=\"1\" role=\"region\" aria-labelledby=\"elementor-tab-title-1281\"><p><a href=\"https:\/\/agderma.de\/wp-content\/uploads\/2023\/02\/Praxisorganisation-FB-Nachhaltige-Haendedesinfektion.docx\">D\u00e9sinfection des mains<\/a>\u00a0<\/p><p><a href=\"https:\/\/agderma.de\/wp-content\/uploads\/2023\/03\/Praxisorganisation-CL-Hitzeschutzplan.docx\">Plan de protection contre la chaleur<\/a><\/p><p><a href=\"https:\/\/agderma.de\/wp-content\/uploads\/2023\/02\/Praxisorganisation-FB-Kosten-und-Material-sparen-im-dermatologischen-OP-Eingriffsraum.docx\">\u00c9conomiser les co\u00fbts et le mat\u00e9riel dans la salle d'op\u00e9ration\/d'intervention dermatologique<\/a>\u00a0<\/p><p><a href=\"https:\/\/agderma.de\/wp-content\/uploads\/2023\/03\/Praxisorganisation-CL-Nachhaltige-Laborfuehrung.docx\">Visite guid\u00e9e durable du laboratoire<\/a><\/p><p><a href=\"https:\/\/agderma.de\/wp-content\/uploads\/2023\/03\/Praxisorganisation-FB-Nachhaltiger-Umgang-mit-der-Ressource-Wasser.docx\">Gestion durable de la ressource en eau<\/a><\/p><p><a href=\"https:\/\/agderma.de\/wp-content\/uploads\/2023\/06\/Praxisorganisation-CL-Nachhaltiges-Operieren.docx\">Op\u00e9rations durables<\/a><\/p><p><a href=\"https:\/\/agderma.de\/wp-content\/uploads\/2023\/02\/Praxisorganisation-KLUG-Nachhaltigkeit-im-OP.pdf\">Durabilit\u00e9 au bloc op\u00e9ratoire (auteur : KLUG - Deutsche Allianz Klimawandel und Gesundheit e.V.)<\/a>\u00a0<\/p><p><a href=\"https:\/\/agderma.de\/wp-content\/uploads\/2023\/02\/Praxisorganisation-FB-Nachhaltige-Praxisreinigung.docx\">Nettoyage du cabinet m\u00e9dical<\/a><\/p><p><a href=\"https:\/\/agderma.de\/wp-content\/uploads\/2025\/10\/Praxisorganisation-FB-Ressourcenoptimierter-Handschuhgebrauch.docx\">Utilisation des gants optimis\u00e9e en termes de ressources<\/a><\/p><\/div>\n\t\t\t\t<\/div>\n\t\t\t\t\t\t\t\t<\/div>\n\t\t\t\t\t\t<\/div>\n\t\t\t\t<\/div>\n\t\t\t\t<\/div>\n\t\t<div class=\"elementor-element elementor-element-24474b9 e-con-full e-flex e-con e-child\" data-id=\"24474b9\" data-element_type=\"container\" data-e-type=\"container\">\n\t\t\t\t<div class=\"elementor-element elementor-element-502006f elementor-widget elementor-widget-image\" data-id=\"502006f\" data-element_type=\"widget\" data-e-type=\"widget\" data-widget_type=\"image.default\">\n\t\t\t\t<div class=\"elementor-widget-container\">\n\t\t\t\t\t\t\t\t\t\t\t\t\t\t\t<img loading=\"lazy\" decoding=\"async\" width=\"700\" height=\"467\" src=\"https:\/\/agderma.de\/wp-content\/uploads\/2023\/02\/hands-holding-earth-csr-business-campaign-2022-12-15-23-47-31-utc.jpeg\" class=\"attachment-large size-large wp-image-1919\" alt=\"\" srcset=\"https:\/\/agderma.de\/wp-content\/uploads\/2023\/02\/hands-holding-earth-csr-business-campaign-2022-12-15-23-47-31-utc.jpeg 700w, https:\/\/agderma.de\/wp-content\/uploads\/2023\/02\/hands-holding-earth-csr-business-campaign-2022-12-15-23-47-31-utc-300x200.jpeg 300w\" sizes=\"(max-width: 700px) 100vw, 700px\" \/>\t\t\t\t\t\t\t\t\t\t\t\t\t\t\t<\/div>\n\t\t\t\t<\/div>\n\t\t\t\t<div class=\"elementor-element elementor-element-57e6b61 elementor-widget elementor-widget-toggle\" data-id=\"57e6b61\" data-element_type=\"widget\" data-e-type=\"widget\" data-widget_type=\"toggle.default\">\n\t\t\t\t<div class=\"elementor-widget-container\">\n\t\t\t\t\t\t\t<div class=\"elementor-toggle\">\n\t\t\t\t\t\t\t<div class=\"elementor-toggle-item\">\n\t\t\t\t\t<div id=\"elementor-tab-title-9211\" class=\"elementor-tab-title\" data-tab=\"1\" role=\"button\" aria-controls=\"elementor-tab-content-9211\" aria-expanded=\"false\">\n\t\t\t\t\t\t\t\t\t\t\t\t<span class=\"elementor-toggle-icon elementor-toggle-icon-right\" aria-hidden=\"true\">\n\t\t\t\t\t\t\t\t\t\t\t\t\t\t\t<span class=\"elementor-toggle-icon-closed\"><i class=\"fas fa-chevron-down\"><\/i><\/span>\n\t\t\t\t\t\t\t\t<span class=\"elementor-toggle-icon-opened\"><i class=\"elementor-toggle-icon-opened fas fa-chevron-up\"><\/i><\/span>\n\t\t\t\t\t\t\t\t\t\t\t\t\t<\/span>\n\t\t\t\t\t\t\t\t\t\t\t\t<a class=\"elementor-toggle-title\" tabindex=\"0\">Autres<\/a>\n\t\t\t\t\t<\/div>\n\n\t\t\t\t\t<div id=\"elementor-tab-content-9211\" class=\"elementor-tab-content elementor-clearfix\" data-tab=\"1\" role=\"region\" aria-labelledby=\"elementor-tab-title-9211\"><p><a href=\"https:\/\/agderma.de\/wp-content\/uploads\/2023\/02\/Sonstiges-FB-Divestment-und-Reinvestment-1.docx\">D\u00e9sinvestissement et r\u00e9investissement<\/a><\/p><p><a href=\"https:\/\/agderma.de\/wp-content\/uploads\/2023\/06\/Sonstiges-FB-Krisenresilienz.docx\">R\u00e9silience aux crises<\/a><\/p><p><a href=\"https:\/\/agderma.de\/wp-content\/uploads\/2023\/02\/Sonstiges-FB-Nachhaltige-Tagung-und-Fortbildung-1.docx\">Congr\u00e8s et formation durable<\/a><\/p><\/div>\n\t\t\t\t<\/div>\n\t\t\t\t\t\t\t\t<\/div>\n\t\t\t\t\t\t<\/div>\n\t\t\t\t<\/div>\n\t\t\t\t<\/div>\n\t\t<div class=\"elementor-element elementor-element-f54ab68 e-con-full e-flex e-con e-child\" data-id=\"f54ab68\" data-element_type=\"container\" data-e-type=\"container\">\n\t\t\t\t<div class=\"elementor-element elementor-element-4444611 elementor-widget elementor-widget-image\" data-id=\"4444611\" data-element_type=\"widget\" data-e-type=\"widget\" data-widget_type=\"image.default\">\n\t\t\t\t<div class=\"elementor-widget-container\">\n\t\t\t\t\t\t\t\t\t\t\t\t\t\t\t<img loading=\"lazy\" decoding=\"async\" width=\"700\" height=\"467\" src=\"https:\/\/agderma.de\/wp-content\/uploads\/2023\/02\/doctor-is-sitting-and-reading-medical-report-in-hi-2022-11-17-06-05-39-utc.jpeg\" class=\"attachment-large size-large wp-image-1918\" alt=\"\" srcset=\"https:\/\/agderma.de\/wp-content\/uploads\/2023\/02\/doctor-is-sitting-and-reading-medical-report-in-hi-2022-11-17-06-05-39-utc.jpeg 700w, https:\/\/agderma.de\/wp-content\/uploads\/2023\/02\/doctor-is-sitting-and-reading-medical-report-in-hi-2022-11-17-06-05-39-utc-300x200.jpeg 300w\" sizes=\"(max-width: 700px) 100vw, 700px\" \/>\t\t\t\t\t\t\t\t\t\t\t\t\t\t\t<\/div>\n\t\t\t\t<\/div>\n\t\t\t\t<div class=\"elementor-element elementor-element-d4ffad5 elementor-widget elementor-widget-toggle\" data-id=\"d4ffad5\" data-element_type=\"widget\" data-e-type=\"widget\" data-widget_type=\"toggle.default\">\n\t\t\t\t<div class=\"elementor-widget-container\">\n\t\t\t\t\t\t\t<div class=\"elementor-toggle\">\n\t\t\t\t\t\t\t<div class=\"elementor-toggle-item\">\n\t\t\t\t\t<div id=\"elementor-tab-title-2231\" class=\"elementor-tab-title\" data-tab=\"1\" role=\"button\" aria-controls=\"elementor-tab-content-2231\" aria-expanded=\"false\">\n\t\t\t\t\t\t\t\t\t\t\t\t<span class=\"elementor-toggle-icon elementor-toggle-icon-right\" aria-hidden=\"true\">\n\t\t\t\t\t\t\t\t\t\t\t\t\t\t\t<span class=\"elementor-toggle-icon-closed\"><i class=\"fas fa-chevron-down\"><\/i><\/span>\n\t\t\t\t\t\t\t\t<span class=\"elementor-toggle-icon-opened\"><i class=\"elementor-toggle-icon-opened fas fa-chevron-up\"><\/i><\/span>\n\t\t\t\t\t\t\t\t\t\t\t\t\t<\/span>\n\t\t\t\t\t\t\t\t\t\t\t\t<a class=\"elementor-toggle-title\" tabindex=\"0\">Ordonnances<\/a>\n\t\t\t\t\t<\/div>\n\n\t\t\t\t\t<div id=\"elementor-tab-content-2231\" class=\"elementor-tab-content elementor-clearfix\" data-tab=\"1\" role=\"region\" aria-labelledby=\"elementor-tab-title-2231\"><p><a href=\"https:\/\/agderma.de\/wp-content\/uploads\/2023\/02\/Verordnungen-S1-Klimabewusstes-Verordnung-Inhalativa.pdf\">Prescription de m\u00e9dicaments inhal\u00e9s en tenant compte du climat (auteur : Deutsche Gesellschaft f\u00fcr Allgemeinmedizin und Familienmedizin e.V.)<\/a><\/p><p><a href=\"https:\/\/agderma.de\/wp-content\/uploads\/2023\/02\/Verordnungen-BULDMANN-Inhalation-Asthma-und-COPD.docx\">M\u00e9dicaments inhal\u00e9s chez les patients* asthmatiques et BPCO (auteur : Cornelia Buldmann)<\/a>\u00a0<\/p><p><a href=\"https:\/\/agderma.de\/wp-content\/uploads\/2023\/02\/Verordnungen-FRIZE-Vergleich-Inhalativa-bei-COPD-Asthma.docx.pdf\">Les inhalateurs dans la BPCO et l'asthme bronchique (auteur : Dr. Baptiste Frize)<\/a><\/p><\/div>\n\t\t\t\t<\/div>\n\t\t\t\t\t\t\t\t<\/div>\n\t\t\t\t\t\t<\/div>\n\t\t\t\t<\/div>\n\t\t\t\t<\/div>\n\t\t\t\t<div class=\"elementor-element elementor-element-8099e80 elementor-widget elementor-widget-text-editor\" data-id=\"8099e80\" data-element_type=\"widget\" data-e-type=\"widget\" data-widget_type=\"text-editor.default\">\n\t\t\t\t<div class=\"elementor-widget-container\">\n\t\t\t\t\t\t\t\t\t<p><span style=\"text-decoration: underline;\"><a href=\"https:\/\/agderma.de\/fr\/credits-photographiques\/\">Avis de droit d'auteur<\/a><\/span> pour les images utilis\u00e9es<\/p>\t\t\t\t\t\t\t\t<\/div>\n\t\t\t\t<\/div>\n\t\t\t\t\t<\/div>\n\t\t\t\t<\/div>\n\t\t\t\t<\/div>","protected":false},"excerpt":{"rendered":"<p>Seit 2004 sind niedergelassene Vertrags\u00e4rzte, medizinische Versorgungszentren und Krankenh\u00e4user gesetzlich verpflichtet, ein Qualit\u00e4tsmanagement (QM) einzuf\u00fchren und aufrechtzuerhalten. Die gesetzliche Grundlage ist der \u00a7 135a SGB V. Es ist zu erwarten, dass sich in den n\u00e4chsten Jahren umw\u00e4lzende Ver\u00e4nderungen durch das Nachhaltigkeitsprinzip in allen Bereichen der Gesellschaft ergeben werden. Die Arbeitsgemeinschaft Nachhaltigkeit in der Dermatologie (AGN) [&hellip;]<\/p>\n","protected":false},"author":1,"featured_media":0,"parent":31,"menu_order":0,"comment_status":"closed","ping_status":"closed","template":"","meta":{"_acf_changed":false,"footnotes":""},"class_list":["post-1571","page","type-page","status-publish","hentry"],"acf":[],"_links":{"self":[{"href":"https:\/\/agderma.de\/fr\/wp-json\/wp\/v2\/pages\/1571","targetHints":{"allow":["GET"]}}],"collection":[{"href":"https:\/\/agderma.de\/fr\/wp-json\/wp\/v2\/pages"}],"about":[{"href":"https:\/\/agderma.de\/fr\/wp-json\/wp\/v2\/types\/page"}],"author":[{"embeddable":true,"href":"https:\/\/agderma.de\/fr\/wp-json\/wp\/v2\/users\/1"}],"replies":[{"embeddable":true,"href":"https:\/\/agderma.de\/fr\/wp-json\/wp\/v2\/comments?post=1571"}],"version-history":[{"count":24,"href":"https:\/\/agderma.de\/fr\/wp-json\/wp\/v2\/pages\/1571\/revisions"}],"predecessor-version":[{"id":5835,"href":"https:\/\/agderma.de\/fr\/wp-json\/wp\/v2\/pages\/1571\/revisions\/5835"}],"up":[{"embeddable":true,"href":"https:\/\/agderma.de\/fr\/wp-json\/wp\/v2\/pages\/31"}],"wp:attachment":[{"href":"https:\/\/agderma.de\/fr\/wp-json\/wp\/v2\/media?parent=1571"}],"curies":[{"name":"wp","href":"https:\/\/api.w.org\/{rel}","templated":true}]}}