{"id":37,"date":"2023-01-15T11:27:18","date_gmt":"2023-01-15T11:27:18","guid":{"rendered":"http:\/\/agderma.de\/?page_id=37"},"modified":"2023-05-09T10:44:37","modified_gmt":"2023-05-09T10:44:37","slug":"presse","status":"publish","type":"page","link":"https:\/\/agderma.de\/fr\/presse\/","title":{"rendered":"Presse"},"content":{"rendered":"<div data-elementor-type=\"wp-page\" data-elementor-id=\"37\" class=\"elementor elementor-37\" data-elementor-post-type=\"page\">\n\t\t\t\t<div class=\"elementor-element elementor-element-2d6a6bd e-flex e-con-boxed e-con e-parent\" data-id=\"2d6a6bd\" data-element_type=\"container\" data-e-type=\"container\" data-settings=\"{&quot;background_background&quot;:&quot;classic&quot;}\">\n\t\t\t\t\t<div class=\"e-con-inner\">\n\t\t\t\t<div class=\"elementor-element elementor-element-7595603 elementor-widget elementor-widget-heading\" data-id=\"7595603\" data-element_type=\"widget\" data-e-type=\"widget\" data-widget_type=\"heading.default\">\n\t\t\t\t<div class=\"elementor-widget-container\">\n\t\t\t\t\t<h2 class=\"elementor-heading-title elementor-size-default\">Presse<\/h2>\t\t\t\t<\/div>\n\t\t\t\t<\/div>\n\t\t\t\t\t<\/div>\n\t\t\t\t<\/div>\n\t\t<div class=\"elementor-element elementor-element-c6e002d e-flex e-con-boxed e-con e-parent\" data-id=\"c6e002d\" data-element_type=\"container\" data-e-type=\"container\">\n\t\t\t\t\t<div class=\"e-con-inner\">\n\t\t\t\t<div class=\"elementor-element elementor-element-bf17a54 elementor-posts__hover-none elementor-grid-3 elementor-grid-tablet-2 elementor-grid-mobile-1 elementor-posts--thumbnail-top elementor-card-shadow-yes load-more-align-center elementor-widget elementor-widget-posts\" data-id=\"bf17a54\" data-element_type=\"widget\" data-e-type=\"widget\" data-settings=\"{&quot;pagination_type&quot;:&quot;load_more_on_click&quot;,&quot;cards_row_gap&quot;:{&quot;unit&quot;:&quot;px&quot;,&quot;size&quot;:20,&quot;sizes&quot;:[]},&quot;cards_columns&quot;:&quot;3&quot;,&quot;cards_columns_tablet&quot;:&quot;2&quot;,&quot;cards_columns_mobile&quot;:&quot;1&quot;,&quot;cards_row_gap_tablet_extra&quot;:{&quot;unit&quot;:&quot;px&quot;,&quot;size&quot;:&quot;&quot;,&quot;sizes&quot;:[]},&quot;cards_row_gap_tablet&quot;:{&quot;unit&quot;:&quot;px&quot;,&quot;size&quot;:&quot;&quot;,&quot;sizes&quot;:[]},&quot;cards_row_gap_mobile&quot;:{&quot;unit&quot;:&quot;px&quot;,&quot;size&quot;:&quot;&quot;,&quot;sizes&quot;:[]},&quot;load_more_spinner&quot;:{&quot;value&quot;:&quot;fas fa-spinner&quot;,&quot;library&quot;:&quot;fa-solid&quot;}}\" data-widget_type=\"posts.cards\">\n\t\t\t\t<div class=\"elementor-widget-container\">\n\t\t\t\t\t\t\t<div class=\"elementor-posts-container elementor-posts elementor-posts--skin-cards elementor-grid\" role=\"list\">\n\t\t\t\t<article class=\"elementor-post elementor-grid-item post-5810 post type-post status-publish format-standard has-post-thumbnail hentry category-presse\" role=\"listitem\">\n\t\t\t<div class=\"elementor-post__card\">\n\t\t\t\t<a class=\"elementor-post__thumbnail__link\" href=\"https:\/\/agderma.de\/fr\/presse\/2025\/microplastics-skin-disease-and-dermatology-evidence-and-perspectives\/\" tabindex=\"-1\"><div class=\"elementor-post__thumbnail\"><img decoding=\"async\" width=\"300\" height=\"165\" src=\"https:\/\/agderma.de\/wp-content\/uploads\/2025\/10\/header-300x165.jpg\" class=\"attachment-medium size-medium wp-image-5811\" alt=\"\" srcset=\"https:\/\/agderma.de\/wp-content\/uploads\/2025\/10\/header-300x165.jpg 300w, https:\/\/agderma.de\/wp-content\/uploads\/2025\/10\/header-18x10.jpg 18w, https:\/\/agderma.de\/wp-content\/uploads\/2025\/10\/header.jpg 740w\" sizes=\"(max-width: 300px) 100vw, 300px\" \/><\/div><\/a>\n\t\t\t\t<div class=\"elementor-post__badge\">Presse<\/div>\n\t\t\t\t<div class=\"elementor-post__text\">\n\t\t\t\t<h3 class=\"elementor-post__title\">\n\t\t\t<a href=\"https:\/\/agderma.de\/fr\/presse\/2025\/microplastics-skin-disease-and-dermatology-evidence-and-perspectives\/\">\n\t\t\t\tMicroplastiques, maladies de la peau et dermatologie : preuves et perspectives\t\t\t<\/a>\n\t\t<\/h3>\n\t\t\t\t<div class=\"elementor-post__excerpt\">\n\t\t\t<p>Lisez ici l'article de Dennis Niebel, Susanne Saha, Werner Kunz, Beatrix Evers, Martin GJ. L\u00f6der, Anja FRM. Ramsperger et Christian Laforsch sur les microplastiques<\/p>\n\t\t<\/div>\n\t\t\n\t\t<a class=\"elementor-post__read-more\" href=\"https:\/\/agderma.de\/fr\/presse\/2025\/microplastics-skin-disease-and-dermatology-evidence-and-perspectives\/\" aria-label=\"En savoir plus sur Microplastics, Skin Disease, and Dermatology: Evidence and Perspectives\" tabindex=\"-1\">\n\t\t\tLire la suite \"\t\t<\/a>\n\n\t\t\t\t<\/div>\n\t\t\t\t<div class=\"elementor-post__meta-data\">\n\t\t\t\t\t<span class=\"elementor-post-date\">\n\t\t\toctobre 16, 2025\t\t<\/span>\n\t\t\t\t<\/div>\n\t\t\t\t\t<\/div>\n\t\t<\/article>\n\t\t\t\t<article class=\"elementor-post elementor-grid-item post-5767 post type-post status-publish format-standard has-post-thumbnail hentry category-presse\" role=\"listitem\">\n\t\t\t<div class=\"elementor-post__card\">\n\t\t\t\t<a class=\"elementor-post__thumbnail__link\" href=\"https:\/\/agderma.de\/fr\/presse\/2025\/ergebnisbericht-resilare\/\" tabindex=\"-1\"><div class=\"elementor-post__thumbnail\"><img decoding=\"async\" width=\"300\" height=\"149\" src=\"https:\/\/agderma.de\/wp-content\/uploads\/2025\/05\/innovationsfonds-300x149.png\" class=\"attachment-medium size-medium wp-image-5771\" alt=\"\" srcset=\"https:\/\/agderma.de\/wp-content\/uploads\/2025\/05\/innovationsfonds-300x149.png 300w, https:\/\/agderma.de\/wp-content\/uploads\/2025\/05\/innovationsfonds-18x9.png 18w, https:\/\/agderma.de\/wp-content\/uploads\/2025\/05\/innovationsfonds.png 319w\" sizes=\"(max-width: 300px) 100vw, 300px\" \/><\/div><\/a>\n\t\t\t\t<div class=\"elementor-post__badge\">Presse<\/div>\n\t\t\t\t<div class=\"elementor-post__text\">\n\t\t\t\t<h3 class=\"elementor-post__title\">\n\t\t\t<a href=\"https:\/\/agderma.de\/fr\/presse\/2025\/ergebnisbericht-resilare\/\">\n\t\t\t\tRapport de r\u00e9sultats RESILARE\t\t\t<\/a>\n\t\t<\/h3>\n\t\t\t\t<div class=\"elementor-post__excerpt\">\n\t\t\t<p>Promouvoir la r\u00e9silience en cas de crise : D\u00e9veloppement et validation d'indicateurs de qualit\u00e9 pour la pr\u00e9paration des cabinets m\u00e9dicaux ambulatoires aux situations de crise<\/p>\n\t\t<\/div>\n\t\t\n\t\t<a class=\"elementor-post__read-more\" href=\"https:\/\/agderma.de\/fr\/presse\/2025\/ergebnisbericht-resilare\/\" aria-label=\"En savoir plus sur Rapport de r\u00e9sultats RESILARE\" tabindex=\"-1\">\n\t\t\tLire la suite \"\t\t<\/a>\n\n\t\t\t\t<\/div>\n\t\t\t\t<div class=\"elementor-post__meta-data\">\n\t\t\t\t\t<span class=\"elementor-post-date\">\n\t\t\tmai 28, 2025\t\t<\/span>\n\t\t\t\t<\/div>\n\t\t\t\t\t<\/div>\n\t\t<\/article>\n\t\t\t\t<article class=\"elementor-post elementor-grid-item post-5762 post type-post status-publish format-standard has-post-thumbnail hentry category-presse\" role=\"listitem\">\n\t\t\t<div class=\"elementor-post__card\">\n\t\t\t\t<a class=\"elementor-post__thumbnail__link\" href=\"https:\/\/agderma.de\/fr\/presse\/2025\/herausforderung-klimawandel-wie-sieht-die-zukunft-der-dermatologie-aus\/\" tabindex=\"-1\"><div class=\"elementor-post__thumbnail\"><img decoding=\"async\" width=\"300\" height=\"108\" src=\"https:\/\/agderma.de\/wp-content\/uploads\/2025\/05\/Dermatologie-Herausforderung-Klimawandel-300x108.jpg\" class=\"attachment-medium size-medium wp-image-5764\" alt=\"\" srcset=\"https:\/\/agderma.de\/wp-content\/uploads\/2025\/05\/Dermatologie-Herausforderung-Klimawandel-300x108.jpg 300w, https:\/\/agderma.de\/wp-content\/uploads\/2025\/05\/Dermatologie-Herausforderung-Klimawandel-1024x370.jpg 1024w, https:\/\/agderma.de\/wp-content\/uploads\/2025\/05\/Dermatologie-Herausforderung-Klimawandel-768x278.jpg 768w, https:\/\/agderma.de\/wp-content\/uploads\/2025\/05\/Dermatologie-Herausforderung-Klimawandel-18x7.jpg 18w, https:\/\/agderma.de\/wp-content\/uploads\/2025\/05\/Dermatologie-Herausforderung-Klimawandel.jpg 1112w\" sizes=\"(max-width: 300px) 100vw, 300px\" \/><\/div><\/a>\n\t\t\t\t<div class=\"elementor-post__badge\">Presse<\/div>\n\t\t\t\t<div class=\"elementor-post__text\">\n\t\t\t\t<h3 class=\"elementor-post__title\">\n\t\t\t<a href=\"https:\/\/agderma.de\/fr\/presse\/2025\/herausforderung-klimawandel-wie-sieht-die-zukunft-der-dermatologie-aus\/\">\n\t\t\t\tLe d\u00e9fi du changement climatique : quel avenir pour la dermatologie ?\t\t\t<\/a>\n\t\t<\/h3>\n\t\t\t\t<div class=\"elementor-post__excerpt\">\n\t\t\t<p>Article du Dr Susanne Saha dans : \u00e4sthetische dermatologie &amp; kosmetologie | num\u00e9ro 2\/2025<\/p>\n\t\t<\/div>\n\t\t\n\t\t<a class=\"elementor-post__read-more\" href=\"https:\/\/agderma.de\/fr\/presse\/2025\/herausforderung-klimawandel-wie-sieht-die-zukunft-der-dermatologie-aus\/\" aria-label=\"En savoir plus sur Le d\u00e9fi du changement climatique : quel avenir pour la dermatologie ?\" tabindex=\"-1\">\n\t\t\tLire la suite \"\t\t<\/a>\n\n\t\t\t\t<\/div>\n\t\t\t\t<div class=\"elementor-post__meta-data\">\n\t\t\t\t\t<span class=\"elementor-post-date\">\n\t\t\tmai 25, 2025\t\t<\/span>\n\t\t\t\t<\/div>\n\t\t\t\t\t<\/div>\n\t\t<\/article>\n\t\t\t\t<article class=\"elementor-post elementor-grid-item post-5754 post type-post status-publish format-standard has-post-thumbnail hentry category-presse\" role=\"listitem\">\n\t\t\t<div class=\"elementor-post__card\">\n\t\t\t\t<a class=\"elementor-post__thumbnail__link\" href=\"https:\/\/agderma.de\/fr\/presse\/2025\/climate-quarterly\/\" tabindex=\"-1\"><div class=\"elementor-post__thumbnail\"><img loading=\"lazy\" decoding=\"async\" width=\"300\" height=\"203\" src=\"https:\/\/agderma.de\/wp-content\/uploads\/2025\/05\/ERG-Newsletter-Spring-2025-300x203.jpg\" class=\"attachment-medium size-medium wp-image-5756\" alt=\"\" srcset=\"https:\/\/agderma.de\/wp-content\/uploads\/2025\/05\/ERG-Newsletter-Spring-2025-300x203.jpg 300w, https:\/\/agderma.de\/wp-content\/uploads\/2025\/05\/ERG-Newsletter-Spring-2025-768x520.jpg 768w, https:\/\/agderma.de\/wp-content\/uploads\/2025\/05\/ERG-Newsletter-Spring-2025-18x12.jpg 18w, https:\/\/agderma.de\/wp-content\/uploads\/2025\/05\/ERG-Newsletter-Spring-2025.jpg 933w\" sizes=\"(max-width: 300px) 100vw, 300px\" \/><\/div><\/a>\n\t\t\t\t<div class=\"elementor-post__badge\">Presse<\/div>\n\t\t\t\t<div class=\"elementor-post__text\">\n\t\t\t\t<h3 class=\"elementor-post__title\">\n\t\t\t<a href=\"https:\/\/agderma.de\/fr\/presse\/2025\/climate-quarterly\/\">\n\t\t\t\tCLIMATE QUARTERLY\t\t\t<\/a>\n\t\t<\/h3>\n\t\t\t\t<div class=\"elementor-post__excerpt\">\n\t\t\t<p>Le bulletin d'information du Groupe de ressources expert sur le changement climatique et les affaires environnementales<\/p>\n\t\t<\/div>\n\t\t\n\t\t<a class=\"elementor-post__read-more\" href=\"https:\/\/agderma.de\/fr\/presse\/2025\/climate-quarterly\/\" aria-label=\"En savoir plus sur CLIMATE QUARTERLY\" tabindex=\"-1\">\n\t\t\tLire la suite \"\t\t<\/a>\n\n\t\t\t\t<\/div>\n\t\t\t\t<div class=\"elementor-post__meta-data\">\n\t\t\t\t\t<span class=\"elementor-post-date\">\n\t\t\tmai 10, 2025\t\t<\/span>\n\t\t\t\t<\/div>\n\t\t\t\t\t<\/div>\n\t\t<\/article>\n\t\t\t\t<article class=\"elementor-post elementor-grid-item post-5746 post type-post status-publish format-standard has-post-thumbnail hentry category-presse\" role=\"listitem\">\n\t\t\t<div class=\"elementor-post__card\">\n\t\t\t\t<a class=\"elementor-post__thumbnail__link\" href=\"https:\/\/agderma.de\/fr\/presse\/2025\/frau-doktor-mein-kind-hat-plastik\/\" tabindex=\"-1\"><div class=\"elementor-post__thumbnail\"><img loading=\"lazy\" decoding=\"async\" width=\"300\" height=\"155\" src=\"https:\/\/agderma.de\/wp-content\/uploads\/2025\/05\/medical-tribune-300x155.jpg\" class=\"attachment-medium size-medium wp-image-5747\" alt=\"\" srcset=\"https:\/\/agderma.de\/wp-content\/uploads\/2025\/05\/medical-tribune-300x155.jpg 300w, https:\/\/agderma.de\/wp-content\/uploads\/2025\/05\/medical-tribune-1024x528.jpg 1024w, https:\/\/agderma.de\/wp-content\/uploads\/2025\/05\/medical-tribune-768x396.jpg 768w, https:\/\/agderma.de\/wp-content\/uploads\/2025\/05\/medical-tribune-18x9.jpg 18w, https:\/\/agderma.de\/wp-content\/uploads\/2025\/05\/medical-tribune.jpg 1197w\" sizes=\"(max-width: 300px) 100vw, 300px\" \/><\/div><\/a>\n\t\t\t\t<div class=\"elementor-post__badge\">Presse<\/div>\n\t\t\t\t<div class=\"elementor-post__text\">\n\t\t\t\t<h3 class=\"elementor-post__title\">\n\t\t\t<a href=\"https:\/\/agderma.de\/fr\/presse\/2025\/frau-doktor-mein-kind-hat-plastik\/\">\n\t\t\t\t\"Docteur, mon enfant a du plastique\"\t\t\t<\/a>\n\t\t<\/h3>\n\t\t\t\t<div class=\"elementor-post__excerpt\">\n\t\t\t<p>Les risques pour la sant\u00e9 ne sont pas suffisamment discut\u00e9s \"Actuellement, on conna\u00eet plus de 1.200 substances chimiques qui peuvent passer des plastiques aux aliments. Beaucoup d'entre eux sont consid\u00e9r\u00e9s comme des perturbateurs endocriniens qui<\/p>\n\t\t<\/div>\n\t\t\n\t\t<a class=\"elementor-post__read-more\" href=\"https:\/\/agderma.de\/fr\/presse\/2025\/frau-doktor-mein-kind-hat-plastik\/\" aria-label=\"En savoir plus sur &quot;Docteur, mon enfant a du plastique&quot;.\" tabindex=\"-1\">\n\t\t\tLire la suite \"\t\t<\/a>\n\n\t\t\t\t<\/div>\n\t\t\t\t<div class=\"elementor-post__meta-data\">\n\t\t\t\t\t<span class=\"elementor-post-date\">\n\t\t\tmai 1, 2025\t\t<\/span>\n\t\t\t\t<\/div>\n\t\t\t\t\t<\/div>\n\t\t<\/article>\n\t\t\t\t<article class=\"elementor-post elementor-grid-item post-5736 post type-post status-publish format-standard has-post-thumbnail hentry category-presse\" role=\"listitem\">\n\t\t\t<div class=\"elementor-post__card\">\n\t\t\t\t<a class=\"elementor-post__thumbnail__link\" href=\"https:\/\/agderma.de\/fr\/presse\/2025\/environmental-impact-of-dermatology-and-action-towards-it-a-narrative-review\/\" tabindex=\"-1\"><div class=\"elementor-post__thumbnail\"><img loading=\"lazy\" decoding=\"async\" width=\"300\" height=\"198\" src=\"https:\/\/agderma.de\/wp-content\/uploads\/2025\/04\/INTJDE1-300x198.png\" class=\"attachment-medium size-medium wp-image-5735\" alt=\"\" srcset=\"https:\/\/agderma.de\/wp-content\/uploads\/2025\/04\/INTJDE1-300x198.png 300w, https:\/\/agderma.de\/wp-content\/uploads\/2025\/04\/INTJDE1-1024x677.png 1024w, https:\/\/agderma.de\/wp-content\/uploads\/2025\/04\/INTJDE1-768x508.png 768w, https:\/\/agderma.de\/wp-content\/uploads\/2025\/04\/INTJDE1-1536x1016.png 1536w, https:\/\/agderma.de\/wp-content\/uploads\/2025\/04\/INTJDE1-18x12.png 18w, https:\/\/agderma.de\/wp-content\/uploads\/2025\/04\/INTJDE1.png 1961w\" sizes=\"(max-width: 300px) 100vw, 300px\" \/><\/div><\/a>\n\t\t\t\t<div class=\"elementor-post__badge\">Presse<\/div>\n\t\t\t\t<div class=\"elementor-post__text\">\n\t\t\t\t<h3 class=\"elementor-post__title\">\n\t\t\t<a href=\"https:\/\/agderma.de\/fr\/presse\/2025\/environmental-impact-of-dermatology-and-action-towards-it-a-narrative-review\/\">\n\t\t\t\tImpact environnemental de la dermatologie et action en vue d'y rem\u00e9dier : une revue narrative\t\t\t<\/a>\n\t\t<\/h3>\n\t\t\t\t<div class=\"elementor-post__excerpt\">\n\t\t\t<p>La dermatologie a un impact significatif sur l'environnement par le biais des traitements et des d\u00e9chets ; les soci\u00e9t\u00e9s mondiales encouragent la durabilit\u00e9, mais l'int\u00e9gration des politiques reste limit\u00e9e.<\/p>\n\t\t<\/div>\n\t\t\n\t\t<a class=\"elementor-post__read-more\" href=\"https:\/\/agderma.de\/fr\/presse\/2025\/environmental-impact-of-dermatology-and-action-towards-it-a-narrative-review\/\" aria-label=\"En savoir plus sur Impact environnemental de la dermatologie et action pour y parvenir : une revue narrative\" tabindex=\"-1\">\n\t\t\tLire la suite \"\t\t<\/a>\n\n\t\t\t\t<\/div>\n\t\t\t\t<div class=\"elementor-post__meta-data\">\n\t\t\t\t\t<span class=\"elementor-post-date\">\n\t\t\tavril 27, 2025\t\t<\/span>\n\t\t\t\t<\/div>\n\t\t\t\t\t<\/div>\n\t\t<\/article>\n\t\t\t\t<article class=\"elementor-post elementor-grid-item post-5729 post type-post status-publish format-standard has-post-thumbnail hentry category-presse\" role=\"listitem\">\n\t\t\t<div class=\"elementor-post__card\">\n\t\t\t\t<a class=\"elementor-post__thumbnail__link\" href=\"https:\/\/agderma.de\/fr\/presse\/2025\/climate-change-pollutions-growing-impact-on-dermatology\/\" tabindex=\"-1\"><div class=\"elementor-post__thumbnail\"><img loading=\"lazy\" decoding=\"async\" width=\"300\" height=\"200\" src=\"https:\/\/agderma.de\/wp-content\/uploads\/2025\/04\/0ee038d275b46e235dbff266a889e0e3877d9642-5472x3648-1-300x200.webp\" class=\"attachment-medium size-medium wp-image-5730\" alt=\"\" srcset=\"https:\/\/agderma.de\/wp-content\/uploads\/2025\/04\/0ee038d275b46e235dbff266a889e0e3877d9642-5472x3648-1-300x200.webp 300w, https:\/\/agderma.de\/wp-content\/uploads\/2025\/04\/0ee038d275b46e235dbff266a889e0e3877d9642-5472x3648-1-1024x683.webp 1024w, https:\/\/agderma.de\/wp-content\/uploads\/2025\/04\/0ee038d275b46e235dbff266a889e0e3877d9642-5472x3648-1-768x512.webp 768w, https:\/\/agderma.de\/wp-content\/uploads\/2025\/04\/0ee038d275b46e235dbff266a889e0e3877d9642-5472x3648-1-1536x1024.webp 1536w, https:\/\/agderma.de\/wp-content\/uploads\/2025\/04\/0ee038d275b46e235dbff266a889e0e3877d9642-5472x3648-1-2048x1365.webp 2048w, https:\/\/agderma.de\/wp-content\/uploads\/2025\/04\/0ee038d275b46e235dbff266a889e0e3877d9642-5472x3648-1-18x12.webp 18w\" sizes=\"(max-width: 300px) 100vw, 300px\" \/><\/div><\/a>\n\t\t\t\t<div class=\"elementor-post__badge\">Presse<\/div>\n\t\t\t\t<div class=\"elementor-post__text\">\n\t\t\t\t<h3 class=\"elementor-post__title\">\n\t\t\t<a href=\"https:\/\/agderma.de\/fr\/presse\/2025\/climate-change-pollutions-growing-impact-on-dermatology\/\">\n\t\t\t\tChangement climatique, l'impact croissant de la pollution sur la dermatologie\t\t\t<\/a>\n\t\t<\/h3>\n\t\t\t\t<div class=\"elementor-post__excerpt\">\n\t\t\t<p>Les experts ont soulign\u00e9 l'importance de l'engagement des dermatologues dans la d\u00e9fense du climat et l'adoption de pratiques durables, car leurs actions peuvent inspirer d'autres personnes \u00e0 les suivre.<\/p>\n\t\t<\/div>\n\t\t\n\t\t<a class=\"elementor-post__read-more\" href=\"https:\/\/agderma.de\/fr\/presse\/2025\/climate-change-pollutions-growing-impact-on-dermatology\/\" aria-label=\"En savoir plus sur Climate Change, Pollution&#039;s Growing Impact on Dermatology\" tabindex=\"-1\">\n\t\t\tLire la suite \"\t\t<\/a>\n\n\t\t\t\t<\/div>\n\t\t\t\t<div class=\"elementor-post__meta-data\">\n\t\t\t\t\t<span class=\"elementor-post-date\">\n\t\t\tavril 24, 2025\t\t<\/span>\n\t\t\t\t<\/div>\n\t\t\t\t\t<\/div>\n\t\t<\/article>\n\t\t\t\t<article class=\"elementor-post elementor-grid-item post-5711 post type-post status-publish format-standard has-post-thumbnail hentry category-presse\" role=\"listitem\">\n\t\t\t<div class=\"elementor-post__card\">\n\t\t\t\t<a class=\"elementor-post__thumbnail__link\" href=\"https:\/\/agderma.de\/fr\/presse\/2025\/klima-und-umweltschutz-in-der-pharmazie-wir-haben-es-selbst-in-der-hand\/\" tabindex=\"-1\"><div class=\"elementor-post__thumbnail\"><img loading=\"lazy\" decoding=\"async\" width=\"300\" height=\"199\" src=\"https:\/\/agderma.de\/wp-content\/uploads\/2025\/04\/ADEXA-Spektrum_2-2025_Serie-Ph4F_Teil-4-300x199.png\" class=\"attachment-medium size-medium wp-image-5713\" alt=\"\" srcset=\"https:\/\/agderma.de\/wp-content\/uploads\/2025\/04\/ADEXA-Spektrum_2-2025_Serie-Ph4F_Teil-4-300x199.png 300w, https:\/\/agderma.de\/wp-content\/uploads\/2025\/04\/ADEXA-Spektrum_2-2025_Serie-Ph4F_Teil-4-768x510.png 768w, https:\/\/agderma.de\/wp-content\/uploads\/2025\/04\/ADEXA-Spektrum_2-2025_Serie-Ph4F_Teil-4-18x12.png 18w, https:\/\/agderma.de\/wp-content\/uploads\/2025\/04\/ADEXA-Spektrum_2-2025_Serie-Ph4F_Teil-4.png 848w\" sizes=\"(max-width: 300px) 100vw, 300px\" \/><\/div><\/a>\n\t\t\t\t<div class=\"elementor-post__badge\">Presse<\/div>\n\t\t\t\t<div class=\"elementor-post__text\">\n\t\t\t\t<h3 class=\"elementor-post__title\">\n\t\t\t<a href=\"https:\/\/agderma.de\/fr\/presse\/2025\/klima-und-umweltschutz-in-der-pharmazie-wir-haben-es-selbst-in-der-hand\/\">\n\t\t\t\tProtection du climat et de l'environnement dans le secteur pharmaceutique\t\t\t<\/a>\n\t\t<\/h3>\n\t\t\t\t<div class=\"elementor-post__excerpt\">\n\t\t\t<p>\"C'est nous qui d\u00e9cidons\" - contribution du Dr Susanne Saha<\/p>\n\t\t<\/div>\n\t\t\n\t\t<a class=\"elementor-post__read-more\" href=\"https:\/\/agderma.de\/fr\/presse\/2025\/klima-und-umweltschutz-in-der-pharmazie-wir-haben-es-selbst-in-der-hand\/\" aria-label=\"En savoir plus sur Protection du climat et de l&#039;environnement en pharmacie\" tabindex=\"-1\">\n\t\t\tLire la suite \"\t\t<\/a>\n\n\t\t\t\t<\/div>\n\t\t\t\t<div class=\"elementor-post__meta-data\">\n\t\t\t\t\t<span class=\"elementor-post-date\">\n\t\t\tavril 18, 2025\t\t<\/span>\n\t\t\t\t<\/div>\n\t\t\t\t\t<\/div>\n\t\t<\/article>\n\t\t\t\t<article class=\"elementor-post elementor-grid-item post-5656 post type-post status-publish format-standard has-post-thumbnail hentry category-presse\" role=\"listitem\">\n\t\t\t<div class=\"elementor-post__card\">\n\t\t\t\t<a class=\"elementor-post__thumbnail__link\" href=\"https:\/\/agderma.de\/fr\/presse\/2025\/klimawandel-und-gesundheit\/\" tabindex=\"-1\"><div class=\"elementor-post__thumbnail\"><img loading=\"lazy\" decoding=\"async\" width=\"300\" height=\"106\" src=\"https:\/\/agderma.de\/wp-content\/uploads\/2025\/03\/medklimaambulant-300x106.png\" class=\"attachment-medium size-medium wp-image-5659\" alt=\"\" srcset=\"https:\/\/agderma.de\/wp-content\/uploads\/2025\/03\/medklimaambulant-300x106.png 300w, https:\/\/agderma.de\/wp-content\/uploads\/2025\/03\/medklimaambulant-1024x361.png 1024w, https:\/\/agderma.de\/wp-content\/uploads\/2025\/03\/medklimaambulant-768x271.png 768w, https:\/\/agderma.de\/wp-content\/uploads\/2025\/03\/medklimaambulant-18x6.png 18w, https:\/\/agderma.de\/wp-content\/uploads\/2025\/03\/medklimaambulant.png 1271w\" sizes=\"(max-width: 300px) 100vw, 300px\" \/><\/div><\/a>\n\t\t\t\t<div class=\"elementor-post__badge\">Presse<\/div>\n\t\t\t\t<div class=\"elementor-post__text\">\n\t\t\t\t<h3 class=\"elementor-post__title\">\n\t\t\t<a href=\"https:\/\/agderma.de\/fr\/presse\/2025\/klimawandel-und-gesundheit\/\">\n\t\t\t\tChangement climatique et sant\u00e9\t\t\t<\/a>\n\t\t<\/h3>\n\t\t\t\t<div class=\"elementor-post__excerpt\">\n\t\t\t<p>Formation en ligne gratuite et asynchrone \"MedKlimaAmbulant\" pour les m\u00e9decins* et les assistants m\u00e9dicaux<\/p>\n\t\t<\/div>\n\t\t\n\t\t<a class=\"elementor-post__read-more\" href=\"https:\/\/agderma.de\/fr\/presse\/2025\/klimawandel-und-gesundheit\/\" aria-label=\"En savoir plus sur Changement climatique et sant\u00e9\" tabindex=\"-1\">\n\t\t\tLire la suite \"\t\t<\/a>\n\n\t\t\t\t<\/div>\n\t\t\t\t<div class=\"elementor-post__meta-data\">\n\t\t\t\t\t<span class=\"elementor-post-date\">\n\t\t\tmars 28, 2025\t\t<\/span>\n\t\t\t\t<\/div>\n\t\t\t\t\t<\/div>\n\t\t<\/article>\n\t\t\t\t<\/div>\n\t\t\t\t\t<span class=\"e-load-more-spinner\">\n\t\t\t\t<i aria-hidden=\"true\" class=\"fas fa-spinner\"><\/i>\t\t\t<\/span>\n\t\t\n\t\t\t\t<div class=\"e-load-more-anchor\" data-page=\"1\" data-max-page=\"6\" data-next-page=\"https:\/\/agderma.de\/fr\/wp-json\/wp\/v2\/pages\/37\/page\/2\/\"><\/div>\n\t\t\t\t<div class=\"elementor-button-wrapper\">\n\t\t\t<a class=\"elementor-button elementor-size-sm\" role=\"button\">\n\t\t\t\t\t\t<span class=\"elementor-button-content-wrapper\">\n\t\t\t\t\t\t\t\t\t<span class=\"elementor-button-text\">Plus de magasin<\/span>\n\t\t\t\t\t<\/span>\n\t\t\t\t\t<\/a>\n\t\t<\/div>\n\t\t\t\t<div class=\"e-load-more-message\">Pas d'autres contributions<\/div>\n\t\t\t\t\t\t<\/div>\n\t\t\t\t<\/div>\n\t\t\t\t\t<\/div>\n\t\t\t\t<\/div>\n\t\t<div class=\"elementor-element elementor-element-9660de2 e-flex e-con-boxed e-con e-parent\" data-id=\"9660de2\" data-element_type=\"container\" data-e-type=\"container\">\n\t\t\t\t\t<div class=\"e-con-inner\">\n\t\t\t\t<div class=\"elementor-element elementor-element-d84013d elementor-widget elementor-widget-heading\" data-id=\"d84013d\" data-element_type=\"widget\" data-e-type=\"widget\" data-widget_type=\"heading.default\">\n\t\t\t\t<div class=\"elementor-widget-container\">\n\t\t\t\t\t<h2 class=\"elementor-heading-title elementor-size-default\">Publications d'autres initiatives<\/h2>\t\t\t\t<\/div>\n\t\t\t\t<\/div>\n\t\t\t\t\t<\/div>\n\t\t\t\t<\/div>\n\t\t<div class=\"elementor-element elementor-element-ff2bb6e e-flex e-con-boxed e-con e-parent\" data-id=\"ff2bb6e\" data-element_type=\"container\" data-e-type=\"container\">\n\t\t\t\t\t<div class=\"e-con-inner\">\n\t\t\t\t<div class=\"elementor-element elementor-element-22e71b9 elementor-posts__hover-none elementor-grid-3 elementor-grid-tablet-2 elementor-grid-mobile-1 elementor-posts--thumbnail-top elementor-card-shadow-yes load-more-align-center elementor-widget elementor-widget-posts\" data-id=\"22e71b9\" data-element_type=\"widget\" data-e-type=\"widget\" data-settings=\"{&quot;pagination_type&quot;:&quot;load_more_on_click&quot;,&quot;cards_row_gap&quot;:{&quot;unit&quot;:&quot;px&quot;,&quot;size&quot;:20,&quot;sizes&quot;:[]},&quot;cards_columns&quot;:&quot;3&quot;,&quot;cards_columns_tablet&quot;:&quot;2&quot;,&quot;cards_columns_mobile&quot;:&quot;1&quot;,&quot;cards_row_gap_tablet_extra&quot;:{&quot;unit&quot;:&quot;px&quot;,&quot;size&quot;:&quot;&quot;,&quot;sizes&quot;:[]},&quot;cards_row_gap_tablet&quot;:{&quot;unit&quot;:&quot;px&quot;,&quot;size&quot;:&quot;&quot;,&quot;sizes&quot;:[]},&quot;cards_row_gap_mobile&quot;:{&quot;unit&quot;:&quot;px&quot;,&quot;size&quot;:&quot;&quot;,&quot;sizes&quot;:[]},&quot;load_more_spinner&quot;:{&quot;value&quot;:&quot;fas fa-spinner&quot;,&quot;library&quot;:&quot;fa-solid&quot;}}\" data-widget_type=\"posts.cards\">\n\t\t\t\t<div class=\"elementor-widget-container\">\n\t\t\t\t\t\t\t<div class=\"elementor-posts-container elementor-posts elementor-posts--skin-cards elementor-grid\" role=\"list\">\n\t\t\t\t<article class=\"elementor-post elementor-grid-item post-5097 post type-post status-publish format-standard has-post-thumbnail hentry category-fremdpublikation\" role=\"listitem\">\n\t\t\t<div class=\"elementor-post__card\">\n\t\t\t\t<a class=\"elementor-post__thumbnail__link\" href=\"https:\/\/agderma.de\/fr\/fremdpublikation\/2024\/nachhaltigkeitsleitfaden-bsds-guidance\/\" tabindex=\"-1\"><div class=\"elementor-post__thumbnail\"><img loading=\"lazy\" decoding=\"async\" width=\"132\" height=\"300\" src=\"https:\/\/agderma.de\/wp-content\/uploads\/2024\/01\/BSDSInfographic_German-132x300.png\" class=\"attachment-medium size-medium wp-image-4897\" alt=\"\" srcset=\"https:\/\/agderma.de\/wp-content\/uploads\/2024\/01\/BSDSInfographic_German-132x300.png 132w, https:\/\/agderma.de\/wp-content\/uploads\/2024\/01\/BSDSInfographic_German-451x1024.png 451w, https:\/\/agderma.de\/wp-content\/uploads\/2024\/01\/BSDSInfographic_German-768x1745.png 768w, https:\/\/agderma.de\/wp-content\/uploads\/2024\/01\/BSDSInfographic_German-676x1536.png 676w, https:\/\/agderma.de\/wp-content\/uploads\/2024\/01\/BSDSInfographic_German-5x12.png 5w, https:\/\/agderma.de\/wp-content\/uploads\/2024\/01\/BSDSInfographic_German.png 880w\" sizes=\"(max-width: 132px) 100vw, 132px\" \/><\/div><\/a>\n\t\t\t\t<div class=\"elementor-post__badge\">Publication d'une autre initiative<\/div>\n\t\t\t\t<div class=\"elementor-post__text\">\n\t\t\t\t<h3 class=\"elementor-post__title\">\n\t\t\t<a href=\"https:\/\/agderma.de\/fr\/fremdpublikation\/2024\/nachhaltigkeitsleitfaden-bsds-guidance\/\">\n\t\t\t\tGuide de la durabilit\u00e9 (BSDS Guidance)\t\t\t<\/a>\n\t\t<\/h3>\n\t\t\t\t<div class=\"elementor-post__excerpt\">\n\t\t\t<p>Le guide de d\u00e9veloppement durable du BSDS vise \u00e0 prot\u00e9ger la sant\u00e9 humaine et l'environnement et \u00e0 promouvoir des comportements durables. Disponible ici en fran\u00e7ais.<\/p>\n\t\t<\/div>\n\t\t\n\t\t<a class=\"elementor-post__read-more\" href=\"https:\/\/agderma.de\/fr\/fremdpublikation\/2024\/nachhaltigkeitsleitfaden-bsds-guidance\/\" aria-label=\"En savoir plus sur Guide de durabilit\u00e9 (BSDS Guidance)\" tabindex=\"-1\">\n\t\t\tLire la suite \"\t\t<\/a>\n\n\t\t\t\t<\/div>\n\t\t\t\t<div class=\"elementor-post__meta-data\">\n\t\t\t\t\t<span class=\"elementor-post-date\">\n\t\t\tmars 7, 2024\t\t<\/span>\n\t\t\t\t<\/div>\n\t\t\t\t\t<\/div>\n\t\t<\/article>\n\t\t\t\t<article class=\"elementor-post elementor-grid-item post-3658 post type-post status-publish format-standard has-post-thumbnail hentry category-fremdpublikation\" role=\"listitem\">\n\t\t\t<div class=\"elementor-post__card\">\n\t\t\t\t<a class=\"elementor-post__thumbnail__link\" href=\"https:\/\/agderma.de\/fr\/fremdpublikation\/2022\/winter-is-coming-plastic-has-to-go\/\" tabindex=\"-1\"><div class=\"elementor-post__thumbnail\"><img loading=\"lazy\" decoding=\"async\" width=\"300\" height=\"150\" src=\"https:\/\/agderma.de\/wp-content\/uploads\/2023\/02\/cielLogo-300x150.jpg\" class=\"attachment-medium size-medium wp-image-3659\" alt=\"\" srcset=\"https:\/\/agderma.de\/wp-content\/uploads\/2023\/02\/cielLogo-300x150.jpg 300w, https:\/\/agderma.de\/wp-content\/uploads\/2023\/02\/cielLogo-768x384.jpg 768w, https:\/\/agderma.de\/wp-content\/uploads\/2023\/02\/cielLogo.jpg 800w\" sizes=\"(max-width: 300px) 100vw, 300px\" \/><\/div><\/a>\n\t\t\t\t<div class=\"elementor-post__badge\">Publication d'une autre initiative<\/div>\n\t\t\t\t<div class=\"elementor-post__text\">\n\t\t\t\t<h3 class=\"elementor-post__title\">\n\t\t\t<a href=\"https:\/\/agderma.de\/fr\/fremdpublikation\/2022\/winter-is-coming-plastic-has-to-go\/\">\n\t\t\t\tL'hiver arrive. Le plastique doit partir\t\t\t<\/a>\n\t\t<\/h3>\n\t\t\t\t<div class=\"elementor-post__excerpt\">\n\t\t\t<p>Un cas de diminution de la production de plastique pour r\u00e9duire la d\u00e9pendance de l'Union europ\u00e9enne aux combustibles fossiles et \u00e0 la Russie.<\/p>\n\t\t<\/div>\n\t\t\n\t\t<a class=\"elementor-post__read-more\" href=\"https:\/\/agderma.de\/fr\/fremdpublikation\/2022\/winter-is-coming-plastic-has-to-go\/\" aria-label=\"En savoir plus sur Winter is coming. Le plastique doit partir\" tabindex=\"-1\">\n\t\t\tLire la suite \"\t\t<\/a>\n\n\t\t\t\t<\/div>\n\t\t\t\t<div class=\"elementor-post__meta-data\">\n\t\t\t\t\t<span class=\"elementor-post-date\">\n\t\t\tseptembre 15, 2022\t\t<\/span>\n\t\t\t\t<\/div>\n\t\t\t\t\t<\/div>\n\t\t<\/article>\n\t\t\t\t<article class=\"elementor-post elementor-grid-item post-928 post type-post status-publish format-standard has-post-thumbnail hentry category-fremdpublikation\" role=\"listitem\">\n\t\t\t<div class=\"elementor-post__card\">\n\t\t\t\t<a class=\"elementor-post__thumbnail__link\" href=\"https:\/\/agderma.de\/fr\/fremdpublikation\/2022\/fact-sheet-die-neue-kohle\/\" tabindex=\"-1\"><div class=\"elementor-post__thumbnail\"><img loading=\"lazy\" decoding=\"async\" width=\"300\" height=\"150\" src=\"https:\/\/agderma.de\/wp-content\/uploads\/2022\/07\/beyondPlasticsLogo-300x150.jpg\" class=\"attachment-medium size-medium wp-image-3641\" alt=\"\" srcset=\"https:\/\/agderma.de\/wp-content\/uploads\/2022\/07\/beyondPlasticsLogo-300x150.jpg 300w, https:\/\/agderma.de\/wp-content\/uploads\/2022\/07\/beyondPlasticsLogo-768x384.jpg 768w, https:\/\/agderma.de\/wp-content\/uploads\/2022\/07\/beyondPlasticsLogo.jpg 800w\" sizes=\"(max-width: 300px) 100vw, 300px\" \/><\/div><\/a>\n\t\t\t\t<div class=\"elementor-post__badge\">Publication d'une autre initiative<\/div>\n\t\t\t\t<div class=\"elementor-post__text\">\n\t\t\t\t<h3 class=\"elementor-post__title\">\n\t\t\t<a href=\"https:\/\/agderma.de\/fr\/fremdpublikation\/2022\/fact-sheet-die-neue-kohle\/\">\n\t\t\t\tFiche d'information \"Le nouveau charbon\t\t\t<\/a>\n\t\t<\/h3>\n\t\t\t\t<div class=\"elementor-post__excerpt\">\n\t\t\t<p>Dans nos articles, vous trouverez d\u00e9sormais une fiche d'information sur la publication \"The new Coal\" de Beyond Plastics (octobre 2021). La publication compl\u00e8te peut \u00eatre consult\u00e9e ici.<\/p>\n\t\t<\/div>\n\t\t\n\t\t<a class=\"elementor-post__read-more\" href=\"https:\/\/agderma.de\/fr\/fremdpublikation\/2022\/fact-sheet-die-neue-kohle\/\" aria-label=\"En savoir plus sur Fiche d&#039;information sur le nouveau charbon\" tabindex=\"-1\">\n\t\t\tLire la suite \"\t\t<\/a>\n\n\t\t\t\t<\/div>\n\t\t\t\t<div class=\"elementor-post__meta-data\">\n\t\t\t\t\t<span class=\"elementor-post-date\">\n\t\t\tjuillet 4, 2022\t\t<\/span>\n\t\t\t\t<\/div>\n\t\t\t\t\t<\/div>\n\t\t<\/article>\n\t\t\t\t<article class=\"elementor-post elementor-grid-item post-841 post type-post status-publish format-standard has-post-thumbnail hentry category-fremdpublikation\" role=\"listitem\">\n\t\t\t<div class=\"elementor-post__card\">\n\t\t\t\t<a class=\"elementor-post__thumbnail__link\" href=\"https:\/\/agderma.de\/fr\/fremdpublikation\/2022\/klimaschutz-in-praxen-des-klug-e-v\/\" tabindex=\"-1\"><div class=\"elementor-post__thumbnail\"><img loading=\"lazy\" decoding=\"async\" width=\"300\" height=\"150\" src=\"https:\/\/agderma.de\/wp-content\/uploads\/2022\/05\/klugLogoBlog-300x150.jpg\" class=\"attachment-medium size-medium wp-image-3644\" alt=\"\" srcset=\"https:\/\/agderma.de\/wp-content\/uploads\/2022\/05\/klugLogoBlog-300x150.jpg 300w, https:\/\/agderma.de\/wp-content\/uploads\/2022\/05\/klugLogoBlog-768x384.jpg 768w, https:\/\/agderma.de\/wp-content\/uploads\/2022\/05\/klugLogoBlog.jpg 800w\" sizes=\"(max-width: 300px) 100vw, 300px\" \/><\/div><\/a>\n\t\t\t\t<div class=\"elementor-post__badge\">Publication d'une autre initiative<\/div>\n\t\t\t\t<div class=\"elementor-post__text\">\n\t\t\t\t<h3 class=\"elementor-post__title\">\n\t\t\t<a href=\"https:\/\/agderma.de\/fr\/fremdpublikation\/2022\/klimaschutz-in-praxen-des-klug-e-v\/\">\n\t\t\t\t\"Protection du climat dans les cabinets m\u00e9dicaux\" de KLUG e.V.\t\t\t<\/a>\n\t\t<\/h3>\n\t\t\t\t<div class=\"elementor-post__excerpt\">\n\t\t\t<p>Dans notre section d'information, vous trouverez d\u00e8s \u00e0 pr\u00e9sent des informations de l'Alliance allemande pour le changement climatique et la sant\u00e9 (KLUG) sur la protection du climat dans les cabinets m\u00e9dicaux. Vous trouverez le lien vers l'article original<\/p>\n\t\t<\/div>\n\t\t\n\t\t<a class=\"elementor-post__read-more\" href=\"https:\/\/agderma.de\/fr\/fremdpublikation\/2022\/klimaschutz-in-praxen-des-klug-e-v\/\" aria-label=\"En savoir plus sur &quot;Protection du climat dans les cabinets m\u00e9dicaux&quot; de KLUG e.V.\" tabindex=\"-1\">\n\t\t\tLire la suite \"\t\t<\/a>\n\n\t\t\t\t<\/div>\n\t\t\t\t<div class=\"elementor-post__meta-data\">\n\t\t\t\t\t<span class=\"elementor-post-date\">\n\t\t\tmai 31, 2022\t\t<\/span>\n\t\t\t\t<\/div>\n\t\t\t\t\t<\/div>\n\t\t<\/article>\n\t\t\t\t<article class=\"elementor-post elementor-grid-item post-908 post type-post status-publish format-standard has-post-thumbnail hentry category-fremdpublikation\" role=\"listitem\">\n\t\t\t<div class=\"elementor-post__card\">\n\t\t\t\t<a class=\"elementor-post__thumbnail__link\" href=\"https:\/\/agderma.de\/fr\/fremdpublikation\/2022\/divestment-und-reinvestment\/\" tabindex=\"-1\"><div class=\"elementor-post__thumbnail\"><img loading=\"lazy\" decoding=\"async\" width=\"300\" height=\"200\" src=\"https:\/\/agderma.de\/wp-content\/uploads\/2023\/01\/justin-kauffman-kBO-sBhf_I8-unsplash-300x200.jpg\" class=\"attachment-medium size-medium wp-image-715\" alt=\"\" srcset=\"https:\/\/agderma.de\/wp-content\/uploads\/2023\/01\/justin-kauffman-kBO-sBhf_I8-unsplash-300x200.jpg 300w, https:\/\/agderma.de\/wp-content\/uploads\/2023\/01\/justin-kauffman-kBO-sBhf_I8-unsplash-1024x683.jpg 1024w, https:\/\/agderma.de\/wp-content\/uploads\/2023\/01\/justin-kauffman-kBO-sBhf_I8-unsplash-768x512.jpg 768w, https:\/\/agderma.de\/wp-content\/uploads\/2023\/01\/justin-kauffman-kBO-sBhf_I8-unsplash-1536x1024.jpg 1536w, https:\/\/agderma.de\/wp-content\/uploads\/2023\/01\/justin-kauffman-kBO-sBhf_I8-unsplash.jpg 1600w\" sizes=\"(max-width: 300px) 100vw, 300px\" \/><\/div><\/a>\n\t\t\t\t<div class=\"elementor-post__badge\">Publication d'une autre initiative<\/div>\n\t\t\t\t<div class=\"elementor-post__text\">\n\t\t\t\t<h3 class=\"elementor-post__title\">\n\t\t\t<a href=\"https:\/\/agderma.de\/fr\/fremdpublikation\/2022\/divestment-und-reinvestment\/\">\n\t\t\t\tD\u00e9sinvestissement et r\u00e9investissement\t\t\t<\/a>\n\t\t<\/h3>\n\t\t\t\t<div class=\"elementor-post__excerpt\">\n\t\t\t<p>Vous trouverez d\u00e8s \u00e0 pr\u00e9sent des suggestions sur le retrait des fonds investis dans le secteur des \u00e9nergies fossiles dans notre dernier mod\u00e8le QM de d\u00e9sinvestissement et de r\u00e9investissement.<\/p>\n\t\t<\/div>\n\t\t\n\t\t<a class=\"elementor-post__read-more\" href=\"https:\/\/agderma.de\/fr\/fremdpublikation\/2022\/divestment-und-reinvestment\/\" aria-label=\"En savoir plus sur D\u00e9sinvestissement et r\u00e9investissement\" tabindex=\"-1\">\n\t\t\tLire la suite \"\t\t<\/a>\n\n\t\t\t\t<\/div>\n\t\t\t\t<div class=\"elementor-post__meta-data\">\n\t\t\t\t\t<span class=\"elementor-post-date\">\n\t\t\tf\u00e9vrier 20, 2022\t\t<\/span>\n\t\t\t\t<\/div>\n\t\t\t\t\t<\/div>\n\t\t<\/article>\n\t\t\t\t<article class=\"elementor-post elementor-grid-item post-3664 post type-post status-publish format-standard has-post-thumbnail hentry category-fremdpublikation\" role=\"listitem\">\n\t\t\t<div class=\"elementor-post__card\">\n\t\t\t\t<a class=\"elementor-post__thumbnail__link\" href=\"https:\/\/agderma.de\/fr\/fremdpublikation\/2021\/petrochemie-und-plastikindustrie-mittreiber-der-erderhitzung\/\" tabindex=\"-1\"><div class=\"elementor-post__thumbnail\"><img loading=\"lazy\" decoding=\"async\" width=\"300\" height=\"150\" src=\"https:\/\/agderma.de\/wp-content\/uploads\/2021\/10\/exitPlastikLogo-300x150.jpg\" class=\"attachment-medium size-medium wp-image-3666\" alt=\"\" srcset=\"https:\/\/agderma.de\/wp-content\/uploads\/2021\/10\/exitPlastikLogo-300x150.jpg 300w, https:\/\/agderma.de\/wp-content\/uploads\/2021\/10\/exitPlastikLogo-768x384.jpg 768w, https:\/\/agderma.de\/wp-content\/uploads\/2021\/10\/exitPlastikLogo.jpg 800w\" sizes=\"(max-width: 300px) 100vw, 300px\" \/><\/div><\/a>\n\t\t\t\t<div class=\"elementor-post__badge\">Publication d'une autre initiative<\/div>\n\t\t\t\t<div class=\"elementor-post__text\">\n\t\t\t\t<h3 class=\"elementor-post__title\">\n\t\t\t<a href=\"https:\/\/agderma.de\/fr\/fremdpublikation\/2021\/petrochemie-und-plastikindustrie-mittreiber-der-erderhitzung\/\">\n\t\t\t\tLa p\u00e9trochimie et l'industrie du plastique : des facteurs de r\u00e9chauffement de la plan\u00e8te\t\t\t<\/a>\n\t\t<\/h3>\n\t\t\t\t<div class=\"elementor-post__excerpt\">\n\t\t\t<p>Point presse de la coalition \"Sortir de la crise du plastique<\/p>\n\t\t<\/div>\n\t\t\n\t\t<a class=\"elementor-post__read-more\" href=\"https:\/\/agderma.de\/fr\/fremdpublikation\/2021\/petrochemie-und-plastikindustrie-mittreiber-der-erderhitzung\/\" aria-label=\"En savoir plus sur La p\u00e9trochimie et l&#039;industrie du plastique : des moteurs du r\u00e9chauffement climatique\" tabindex=\"-1\">\n\t\t\tLire la suite \"\t\t<\/a>\n\n\t\t\t\t<\/div>\n\t\t\t\t<div class=\"elementor-post__meta-data\">\n\t\t\t\t\t<span class=\"elementor-post-date\">\n\t\t\toctobre 21, 2021\t\t<\/span>\n\t\t\t\t<\/div>\n\t\t\t\t\t<\/div>\n\t\t<\/article>\n\t\t\t\t<article class=\"elementor-post elementor-grid-item post-3662 post type-post status-publish format-standard has-post-thumbnail hentry category-fremdpublikation\" role=\"listitem\">\n\t\t\t<div class=\"elementor-post__card\">\n\t\t\t\t<a class=\"elementor-post__thumbnail__link\" href=\"https:\/\/agderma.de\/fr\/fremdpublikation\/2021\/the-new-coal-plastics-climate-change\/\" tabindex=\"-1\"><div class=\"elementor-post__thumbnail\"><img loading=\"lazy\" decoding=\"async\" width=\"300\" height=\"150\" src=\"https:\/\/agderma.de\/wp-content\/uploads\/2022\/07\/beyondPlasticsLogo-300x150.jpg\" class=\"attachment-medium size-medium wp-image-3641\" alt=\"\" srcset=\"https:\/\/agderma.de\/wp-content\/uploads\/2022\/07\/beyondPlasticsLogo-300x150.jpg 300w, https:\/\/agderma.de\/wp-content\/uploads\/2022\/07\/beyondPlasticsLogo-768x384.jpg 768w, https:\/\/agderma.de\/wp-content\/uploads\/2022\/07\/beyondPlasticsLogo.jpg 800w\" sizes=\"(max-width: 300px) 100vw, 300px\" \/><\/div><\/a>\n\t\t\t\t<div class=\"elementor-post__badge\">Publication d'une autre initiative<\/div>\n\t\t\t\t<div class=\"elementor-post__text\">\n\t\t\t\t<h3 class=\"elementor-post__title\">\n\t\t\t<a href=\"https:\/\/agderma.de\/fr\/fremdpublikation\/2021\/the-new-coal-plastics-climate-change\/\">\n\t\t\t\tLe nouveau charbon : les plastiques et le changement climatique\t\t\t<\/a>\n\t\t<\/h3>\n\t\t\t\t<div class=\"elementor-post__excerpt\">\n\t\t\t<p>Rapport de Beyond Plastics au Bennington College<\/p>\n\t\t<\/div>\n\t\t\n\t\t<a class=\"elementor-post__read-more\" href=\"https:\/\/agderma.de\/fr\/fremdpublikation\/2021\/the-new-coal-plastics-climate-change\/\" aria-label=\"En savoir plus sur The New Coal : Plastics &amp; Climate Change\" tabindex=\"-1\">\n\t\t\tLire la suite \"\t\t<\/a>\n\n\t\t\t\t<\/div>\n\t\t\t\t<div class=\"elementor-post__meta-data\">\n\t\t\t\t\t<span class=\"elementor-post-date\">\n\t\t\toctobre 10, 2021\t\t<\/span>\n\t\t\t\t<\/div>\n\t\t\t\t\t<\/div>\n\t\t<\/article>\n\t\t\t\t<article class=\"elementor-post elementor-grid-item post-875 post type-post status-publish format-standard has-post-thumbnail hentry category-fremdpublikation\" role=\"listitem\">\n\t\t\t<div class=\"elementor-post__card\">\n\t\t\t\t<a class=\"elementor-post__thumbnail__link\" href=\"https:\/\/agderma.de\/fr\/fremdpublikation\/2021\/klimagerechte-gesundheitseinrichtungen\/\" tabindex=\"-1\"><div class=\"elementor-post__thumbnail\"><img loading=\"lazy\" decoding=\"async\" width=\"300\" height=\"150\" src=\"https:\/\/agderma.de\/wp-content\/uploads\/2022\/05\/klugLogoBlog-300x150.jpg\" class=\"attachment-medium size-medium wp-image-3644\" alt=\"\" srcset=\"https:\/\/agderma.de\/wp-content\/uploads\/2022\/05\/klugLogoBlog-300x150.jpg 300w, https:\/\/agderma.de\/wp-content\/uploads\/2022\/05\/klugLogoBlog-768x384.jpg 768w, https:\/\/agderma.de\/wp-content\/uploads\/2022\/05\/klugLogoBlog.jpg 800w\" sizes=\"(max-width: 300px) 100vw, 300px\" \/><\/div><\/a>\n\t\t\t\t<div class=\"elementor-post__badge\">Publication d'une autre initiative<\/div>\n\t\t\t\t<div class=\"elementor-post__text\">\n\t\t\t\t<h3 class=\"elementor-post__title\">\n\t\t\t<a href=\"https:\/\/agderma.de\/fr\/fremdpublikation\/2021\/klimagerechte-gesundheitseinrichtungen\/\">\n\t\t\t\t\u00c9tablissements de sant\u00e9 adapt\u00e9s au climat\t\t\t<\/a>\n\t\t<\/h3>\n\t\t\t\t<div class=\"elementor-post__excerpt\">\n\t\t\t<p>Le cadre de travail r\u00e9cemment publi\u00e9 par KLUG (Alliance allemande pour le changement climatique et la sant\u00e9) est d\u00e9sormais disponible sous forme de lien sur notre site web. Vous trouverez l'ouvrage original au format PDF<\/p>\n\t\t<\/div>\n\t\t\n\t\t<a class=\"elementor-post__read-more\" href=\"https:\/\/agderma.de\/fr\/fremdpublikation\/2021\/klimagerechte-gesundheitseinrichtungen\/\" aria-label=\"En savoir plus sur \u00c9tablissements de sant\u00e9 adapt\u00e9s au climat\" tabindex=\"-1\">\n\t\t\tLire la suite \"\t\t<\/a>\n\n\t\t\t\t<\/div>\n\t\t\t\t<div class=\"elementor-post__meta-data\">\n\t\t\t\t\t<span class=\"elementor-post-date\">\n\t\t\tao\u00fbt 1, 2021\t\t<\/span>\n\t\t\t\t<\/div>\n\t\t\t\t\t<\/div>\n\t\t<\/article>\n\t\t\t\t<article class=\"elementor-post elementor-grid-item post-863 post type-post status-publish format-standard has-post-thumbnail hentry category-fremdpublikation\" role=\"listitem\">\n\t\t\t<div class=\"elementor-post__card\">\n\t\t\t\t<a class=\"elementor-post__thumbnail__link\" href=\"https:\/\/agderma.de\/fr\/fremdpublikation\/2021\/klimaschutz-als-krankheitspraevention\/\" tabindex=\"-1\"><div class=\"elementor-post__thumbnail\"><img loading=\"lazy\" decoding=\"async\" width=\"300\" height=\"150\" src=\"https:\/\/agderma.de\/wp-content\/uploads\/2021\/12\/deutschesAertzeblattLogo-300x150.jpg\" class=\"attachment-medium size-medium wp-image-3635\" alt=\"\" srcset=\"https:\/\/agderma.de\/wp-content\/uploads\/2021\/12\/deutschesAertzeblattLogo-300x150.jpg 300w, https:\/\/agderma.de\/wp-content\/uploads\/2021\/12\/deutschesAertzeblattLogo-768x384.jpg 768w, https:\/\/agderma.de\/wp-content\/uploads\/2021\/12\/deutschesAertzeblattLogo.jpg 800w\" sizes=\"(max-width: 300px) 100vw, 300px\" \/><\/div><\/a>\n\t\t\t\t<div class=\"elementor-post__badge\">Publication d'une autre initiative<\/div>\n\t\t\t\t<div class=\"elementor-post__text\">\n\t\t\t\t<h3 class=\"elementor-post__title\">\n\t\t\t<a href=\"https:\/\/agderma.de\/fr\/fremdpublikation\/2021\/klimaschutz-als-krankheitspraevention\/\">\n\t\t\t\tLa protection du climat comme pr\u00e9vention des maladies\t\t\t<\/a>\n\t\t<\/h3>\n\t\t\t\t<div class=\"elementor-post__excerpt\">\n\t\t\t<p>Article actuel dans le Deutsches \u00c4rzteblatt 26\/2021 sur le lien entre la sant\u00e9 et la protection du climat : \"Les m\u00e9decins veulent pr\u00e9server la sant\u00e9 des gens. Elle est toutefois menac\u00e9e par<\/p>\n\t\t<\/div>\n\t\t\n\t\t<a class=\"elementor-post__read-more\" href=\"https:\/\/agderma.de\/fr\/fremdpublikation\/2021\/klimaschutz-als-krankheitspraevention\/\" aria-label=\"En savoir plus sur La protection du climat comme pr\u00e9vention des maladies\" tabindex=\"-1\">\n\t\t\tLire la suite \"\t\t<\/a>\n\n\t\t\t\t<\/div>\n\t\t\t\t<div class=\"elementor-post__meta-data\">\n\t\t\t\t\t<span class=\"elementor-post-date\">\n\t\t\tjuillet 3, 2021\t\t<\/span>\n\t\t\t\t<\/div>\n\t\t\t\t\t<\/div>\n\t\t<\/article>\n\t\t\t\t<\/div>\n\t\t\t\t\t<span class=\"e-load-more-spinner\">\n\t\t\t\t<i aria-hidden=\"true\" class=\"fas fa-spinner\"><\/i>\t\t\t<\/span>\n\t\t\n\t\t\t\t<div class=\"e-load-more-anchor\" data-page=\"1\" data-max-page=\"2\" data-next-page=\"https:\/\/agderma.de\/fr\/wp-json\/wp\/v2\/pages\/37\/page\/2\/\"><\/div>\n\t\t\t\t<div class=\"elementor-button-wrapper\">\n\t\t\t<a class=\"elementor-button elementor-size-sm\" role=\"button\">\n\t\t\t\t\t\t<span class=\"elementor-button-content-wrapper\">\n\t\t\t\t\t\t\t\t\t<span class=\"elementor-button-text\">Plus de magasin<\/span>\n\t\t\t\t\t<\/span>\n\t\t\t\t\t<\/a>\n\t\t<\/div>\n\t\t\t\t<div class=\"e-load-more-message\">Pas d'autres contributions<\/div>\n\t\t\t\t\t\t<\/div>\n\t\t\t\t<\/div>\n\t\t\t\t\t<\/div>\n\t\t\t\t<\/div>\n\t\t\t\t<\/div>","protected":false},"excerpt":{"rendered":"<p>Publications d'autres initiatives<\/p>","protected":false},"author":1,"featured_media":0,"parent":0,"menu_order":0,"comment_status":"closed","ping_status":"closed","template":"","meta":{"_acf_changed":false,"footnotes":""},"class_list":["post-37","page","type-page","status-publish","hentry"],"acf":[],"_links":{"self":[{"href":"https:\/\/agderma.de\/fr\/wp-json\/wp\/v2\/pages\/37","targetHints":{"allow":["GET"]}}],"collection":[{"href":"https:\/\/agderma.de\/fr\/wp-json\/wp\/v2\/pages"}],"about":[{"href":"https:\/\/agderma.de\/fr\/wp-json\/wp\/v2\/types\/page"}],"author":[{"embeddable":true,"href":"https:\/\/agderma.de\/fr\/wp-json\/wp\/v2\/users\/1"}],"replies":[{"embeddable":true,"href":"https:\/\/agderma.de\/fr\/wp-json\/wp\/v2\/comments?post=37"}],"version-history":[{"count":0,"href":"https:\/\/agderma.de\/fr\/wp-json\/wp\/v2\/pages\/37\/revisions"}],"wp:attachment":[{"href":"https:\/\/agderma.de\/fr\/wp-json\/wp\/v2\/media?parent=37"}],"curies":[{"name":"wp","href":"https:\/\/api.w.org\/{rel}","templated":true}]}}