{"id":5135,"date":"2024-04-12T06:29:15","date_gmt":"2024-04-12T06:29:15","guid":{"rendered":"https:\/\/agderma.de\/?post_type=veranstaltungen&#038;p=5135"},"modified":"2024-04-12T06:29:16","modified_gmt":"2024-04-12T06:29:16","slug":"le-developpement-durable-en-pratique","status":"publish","type":"veranstaltungen","link":"https:\/\/agderma.de\/fr\/veranstaltungen\/nachhaltigkeit-in-der-praxis\/","title":{"rendered":"Le d\u00e9veloppement durable dans la pratique"},"content":{"rendered":"<p>Le changement climatique est devenu incontournable et a un impact sur notre syst\u00e8me de sant\u00e9. Les scientifiques avertissent depuis longtemps que le changement climatique est la plus grande menace pour la sant\u00e9 de ce si\u00e8cle. Alors que de multiples initiatives ont \u00e9t\u00e9 prises pour r\u00e9duire les \u00e9missions de CO2 dans des domaines tels que le transport et l'\u00e9nergie, l'impact du secteur de la sant\u00e9, et donc des cabinets m\u00e9dicaux, sur le climat reste souvent moins pris en compte.<\/p>\n\n\n\n<p>Vous trouverez le programme des \u00e9v\u00e9nements <a href=\"https:\/\/agderma.de\/wp-content\/uploads\/2024\/04\/Nachhaltigkeit-in-der-Praxis_Programm.pdf\">ici<\/a>.<\/p>\n\n\n\n<p>Pour plus de d\u00e9tails sur l'\u00e9v\u00e9nement en ligne, voir <a href=\"https:\/\/www.kvno.de\/termine\/veranstaltungen-detail\/veranstaltung\/nachhaltigkeit-in-der-praxis\" target=\"_blank\" rel=\"noopener\">ici<\/a>. <\/p>","protected":false},"excerpt":{"rendered":"<p>\u00c9v\u00e9nement en ligne<\/p>","protected":false},"featured_media":5137,"template":"","class_list":["post-5135","veranstaltungen","type-veranstaltungen","status-publish","has-post-thumbnail","hentry"],"acf":[],"_links":{"self":[{"href":"https:\/\/agderma.de\/fr\/wp-json\/wp\/v2\/veranstaltungen\/5135","targetHints":{"allow":["GET"]}}],"collection":[{"href":"https:\/\/agderma.de\/fr\/wp-json\/wp\/v2\/veranstaltungen"}],"about":[{"href":"https:\/\/agderma.de\/fr\/wp-json\/wp\/v2\/types\/veranstaltungen"}],"wp:featuredmedia":[{"embeddable":true,"href":"https:\/\/agderma.de\/fr\/wp-json\/wp\/v2\/media\/5137"}],"wp:attachment":[{"href":"https:\/\/agderma.de\/fr\/wp-json\/wp\/v2\/media?parent=5135"}],"curies":[{"name":"wp","href":"https:\/\/api.w.org\/{rel}","templated":true}]}}