{"id":1571,"date":"2023-01-31T07:22:12","date_gmt":"2023-01-31T07:22:12","guid":{"rendered":"http:\/\/agderma.de\/?page_id=1571"},"modified":"2025-10-24T05:03:00","modified_gmt":"2025-10-24T05:03:00","slug":"modelli-sqm","status":"publish","type":"page","link":"https:\/\/agderma.de\/it\/nachhaltiges-praxismanagement\/qm-vorlagen\/","title":{"rendered":"Modelli QM"},"content":{"rendered":"<div data-elementor-type=\"wp-page\" data-elementor-id=\"1571\" class=\"elementor elementor-1571\" data-elementor-post-type=\"page\">\n\t\t\t\t<div class=\"elementor-element elementor-element-8bf26af e-flex e-con-boxed e-con e-parent\" data-id=\"8bf26af\" data-element_type=\"container\" data-e-type=\"container\" data-settings=\"{&quot;background_background&quot;:&quot;classic&quot;}\">\n\t\t\t\t\t<div class=\"e-con-inner\">\n\t\t\t\t<div class=\"elementor-element elementor-element-2ee7ed5 elementor-widget elementor-widget-heading\" data-id=\"2ee7ed5\" data-element_type=\"widget\" data-e-type=\"widget\" data-widget_type=\"heading.default\">\n\t\t\t\t<div class=\"elementor-widget-container\">\n\t\t\t\t\t<h1 class=\"elementor-heading-title elementor-size-default\">Modelli QM<\/h1>\t\t\t\t<\/div>\n\t\t\t\t<\/div>\n\t\t\t\t\t<\/div>\n\t\t\t\t<\/div>\n\t\t<div class=\"elementor-element elementor-element-72810ff e-flex e-con-boxed e-con e-parent\" data-id=\"72810ff\" data-element_type=\"container\" data-e-type=\"container\">\n\t\t\t\t\t<div class=\"e-con-inner\">\n\t\t\t\t<div class=\"elementor-element elementor-element-631e816 elementor-widget elementor-widget-text-editor\" data-id=\"631e816\" data-element_type=\"widget\" data-e-type=\"widget\" data-widget_type=\"text-editor.default\">\n\t\t\t\t<div class=\"elementor-widget-container\">\n\t\t\t\t\t\t\t\t\t<p>Dal 2004, i medici registrati, i centri di cura e gli ospedali sono obbligati per legge a introdurre e mantenere la gestione della qualit\u00e0 (QM). La base legale \u00e8 il \u00a7 135a SGB V.<\/p><p>\u00c8 prevedibile che nei prossimi anni ci saranno cambiamenti rivoluzionari dovuti al principio della sostenibilit\u00e0 in tutti i settori della societ\u00e0. L'Arbeitsgemeinschaft Nachhaltigkeit in der Dermatologie (AGN) e.V. (Gruppo di Lavoro Sostenibilit\u00e0 in Dermatologia) si \u00e8 quindi prefissato di guardare avanti ed esaminare tutte le aree della gestione della pratica sotto l'aspetto della sostenibilit\u00e0 - per quanto possibile. Le norme mediche necessarie e le norme igieniche, gi\u00e0 presenti nel sistema QM esistente, non devono essere modificate da noi, ma piuttosto integrate per quanto possibile e se necessario.<\/p><p>Per questo motivo sviluppiamo e aggiorniamo continuamente modelli di QM sul tema della \"gestione sostenibile dello studio\" su vari argomenti, che vengono adattati individualmente alle esigenze del rispettivo studio e possono essere scaricati gratuitamente. Gli obiettivi di questi documenti sono, oltre alla trasformazione verso la sostenibilit\u00e0, facilitare l'organizzazione dello studio e ottimizzare ulteriormente un modo di lavorare economico.<\/p><p><strong>Questi modelli QM non sono obbligatori per la directory QM esistente.<\/strong><\/p><p>Per il suo studio abbiamo un <a href=\"https:\/\/agderma.de\/wp-content\/uploads\/2023\/03\/KlimaManagement-Berechnungsgrundlagen.xlsx\">Modello in Excel<\/a> che pu\u00f2 utilizzare per elencare i suoi risparmi finanziari e di gas serra. Pu\u00f2 essere facilmente personalizzata in base alle esigenze del suo studio. La funzionalit\u00e0 della tabella \u00e8 spiegata in dettaglio sulla piattaforma AGN Future Academy nel corso \"Gestione sostenibile della pratica - Modulo III: Il manager del clima\".<\/p><p>L'area QM \u00e8 in costruzione dal 30 aprile 2021. I modelli saranno regolarmente adattati allo stato attuale. Tutti i modelli QM qui elencati sono soggetti esclusivamente al nostro copyright e non possono quindi essere utilizzati a fini commerciali.<\/p><p>Avete suggerimenti, idee per una gestione sostenibile della pratica o volete discuterne con noi? In questo caso vi preghiamo di prendere <a href=\"https:\/\/agderma.de\/it\/contatto\/\">Contatto<\/a> a noi.<\/p>\t\t\t\t\t\t\t\t<\/div>\n\t\t\t\t<\/div>\n\t\t\t\t\t<\/div>\n\t\t\t\t<\/div>\n\t\t<div class=\"elementor-element elementor-element-dbb945a e-flex e-con-boxed e-con e-parent\" data-id=\"dbb945a\" data-element_type=\"container\" data-e-type=\"container\">\n\t\t\t\t\t<div class=\"e-con-inner\">\n\t\t<div class=\"elementor-element elementor-element-c69be62 e-con-full e-flex e-con e-child\" data-id=\"c69be62\" data-element_type=\"container\" data-e-type=\"container\">\n\t\t\t\t<div class=\"elementor-element elementor-element-b66c431 elementor-widget elementor-widget-image\" data-id=\"b66c431\" data-element_type=\"widget\" data-e-type=\"widget\" data-widget_type=\"image.default\">\n\t\t\t\t<div class=\"elementor-widget-container\">\n\t\t\t\t\t\t\t\t\t\t\t\t\t\t\t<img fetchpriority=\"high\" decoding=\"async\" width=\"700\" height=\"467\" src=\"https:\/\/agderma.de\/wp-content\/uploads\/2023\/02\/recycling-2022-11-16-22-04-57-utc.jpeg\" class=\"attachment-large size-large wp-image-1923\" alt=\"\" srcset=\"https:\/\/agderma.de\/wp-content\/uploads\/2023\/02\/recycling-2022-11-16-22-04-57-utc.jpeg 700w, https:\/\/agderma.de\/wp-content\/uploads\/2023\/02\/recycling-2022-11-16-22-04-57-utc-300x200.jpeg 300w\" sizes=\"(max-width: 700px) 100vw, 700px\" \/>\t\t\t\t\t\t\t\t\t\t\t\t\t\t\t<\/div>\n\t\t\t\t<\/div>\n\t\t\t\t<div class=\"elementor-element elementor-element-6c80244 elementor-widget elementor-widget-toggle\" data-id=\"6c80244\" data-element_type=\"widget\" data-e-type=\"widget\" data-widget_type=\"toggle.default\">\n\t\t\t\t<div class=\"elementor-widget-container\">\n\t\t\t\t\t\t\t<div class=\"elementor-toggle\">\n\t\t\t\t\t\t\t<div class=\"elementor-toggle-item\">\n\t\t\t\t\t<div id=\"elementor-tab-title-1131\" class=\"elementor-tab-title\" data-tab=\"1\" role=\"button\" aria-controls=\"elementor-tab-content-1131\" aria-expanded=\"false\">\n\t\t\t\t\t\t\t\t\t\t\t\t<span class=\"elementor-toggle-icon elementor-toggle-icon-right\" aria-hidden=\"true\">\n\t\t\t\t\t\t\t\t\t\t\t\t\t\t\t<span class=\"elementor-toggle-icon-closed\"><i class=\"fas fa-chevron-down\"><\/i><\/span>\n\t\t\t\t\t\t\t\t<span class=\"elementor-toggle-icon-opened\"><i class=\"elementor-toggle-icon-opened fas fa-chevron-up\"><\/i><\/span>\n\t\t\t\t\t\t\t\t\t\t\t\t\t<\/span>\n\t\t\t\t\t\t\t\t\t\t\t\t<a class=\"elementor-toggle-title\" tabindex=\"0\">Gestione dei rifiuti<\/a>\n\t\t\t\t\t<\/div>\n\n\t\t\t\t\t<div id=\"elementor-tab-content-1131\" class=\"elementor-tab-content elementor-clearfix\" data-tab=\"1\" role=\"region\" aria-labelledby=\"elementor-tab-title-1131\"><p><a href=\"https:\/\/agderma.de\/wp-content\/uploads\/2023\/02\/Abfallentsorgung-Arten-von-Muell.docx\">Tipi di rifiuti e loro smaltimento<\/a><\/p><p><a href=\"https:\/\/agderma.de\/wp-content\/uploads\/2024\/04\/AG-Diabetes-Umwelt-Klima-Empfehlungen-zur-Entsorgung-von-Diabeteshilfsmitteln.pdf\">Raccomandazioni per lo smaltimento degli ausili per il diabete (Autore: Gruppo di lavoro Diabete, Ambiente e Clima della Societ\u00e0 Tedesca di Diabetologia)<\/a><\/p><p><a href=\"https:\/\/agderma.de\/wp-content\/uploads\/2023\/02\/Abfallentsorgung-CL-Arzneimittelentsorgung.docx\">Smaltimento dei medicinali<\/a><\/p><p><a href=\"https:\/\/agderma.de\/wp-content\/uploads\/2023\/04\/Abfallentsorgung-FB-Entsorgung-von-Desinfektionsmitteln.docx\">Smaltimento dei disinfettanti<\/a><\/p><p><a href=\"https:\/\/agderma.de\/wp-content\/uploads\/2023\/02\/Abfallentsorgung-Entsorgungsplan.docx\">Piano di smaltimento individuale della pratica<\/a><\/p><\/div>\n\t\t\t\t<\/div>\n\t\t\t\t\t\t\t\t<\/div>\n\t\t\t\t\t\t<\/div>\n\t\t\t\t<\/div>\n\t\t\t\t<\/div>\n\t\t<div class=\"elementor-element elementor-element-a4e03af e-con-full e-flex e-con e-child\" data-id=\"a4e03af\" data-element_type=\"container\" data-e-type=\"container\">\n\t\t\t\t<div class=\"elementor-element elementor-element-44fcccd elementor-widget elementor-widget-image\" data-id=\"44fcccd\" data-element_type=\"widget\" data-e-type=\"widget\" data-widget_type=\"image.default\">\n\t\t\t\t<div class=\"elementor-widget-container\">\n\t\t\t\t\t\t\t\t\t\t\t\t\t\t\t<img decoding=\"async\" width=\"700\" height=\"350\" src=\"https:\/\/agderma.de\/wp-content\/uploads\/2023\/02\/office-document-binders-in-a-filing-cabinet-drawer-2022-12-16-12-10-47-utc.jpeg\" class=\"attachment-large size-large wp-image-1921\" alt=\"\" srcset=\"https:\/\/agderma.de\/wp-content\/uploads\/2023\/02\/office-document-binders-in-a-filing-cabinet-drawer-2022-12-16-12-10-47-utc.jpeg 700w, https:\/\/agderma.de\/wp-content\/uploads\/2023\/02\/office-document-binders-in-a-filing-cabinet-drawer-2022-12-16-12-10-47-utc-300x150.jpeg 300w\" sizes=\"(max-width: 700px) 100vw, 700px\" \/>\t\t\t\t\t\t\t\t\t\t\t\t\t\t\t<\/div>\n\t\t\t\t<\/div>\n\t\t\t\t<div class=\"elementor-element elementor-element-40f0d71 elementor-widget elementor-widget-toggle\" data-id=\"40f0d71\" data-element_type=\"widget\" data-e-type=\"widget\" data-widget_type=\"toggle.default\">\n\t\t\t\t<div class=\"elementor-widget-container\">\n\t\t\t\t\t\t\t<div class=\"elementor-toggle\">\n\t\t\t\t\t\t\t<div class=\"elementor-toggle-item\">\n\t\t\t\t\t<div id=\"elementor-tab-title-6801\" class=\"elementor-tab-title\" data-tab=\"1\" role=\"button\" aria-controls=\"elementor-tab-content-6801\" aria-expanded=\"false\">\n\t\t\t\t\t\t\t\t\t\t\t\t<span class=\"elementor-toggle-icon elementor-toggle-icon-right\" aria-hidden=\"true\">\n\t\t\t\t\t\t\t\t\t\t\t\t\t\t\t<span class=\"elementor-toggle-icon-closed\"><i class=\"fas fa-chevron-down\"><\/i><\/span>\n\t\t\t\t\t\t\t\t<span class=\"elementor-toggle-icon-opened\"><i class=\"elementor-toggle-icon-opened fas fa-chevron-up\"><\/i><\/span>\n\t\t\t\t\t\t\t\t\t\t\t\t\t<\/span>\n\t\t\t\t\t\t\t\t\t\t\t\t<a class=\"elementor-toggle-title\" tabindex=\"0\">Ufficio e EDP<\/a>\n\t\t\t\t\t<\/div>\n\n\t\t\t\t\t<div id=\"elementor-tab-content-6801\" class=\"elementor-tab-content elementor-clearfix\" data-tab=\"1\" role=\"region\" aria-labelledby=\"elementor-tab-title-6801\"><p><a href=\"https:\/\/agderma.de\/wp-content\/uploads\/2023\/06\/Buero-CL-Digitalisierung-und-EDV.docx\">Digitalizzazione e IT<\/a><\/p><p><a href=\"https:\/\/agderma.de\/wp-content\/uploads\/2023\/02\/Bueromaterialien.docx\">Materiali per ufficio ecologici<\/a><\/p><p><a href=\"https:\/\/agderma.de\/wp-content\/uploads\/2023\/02\/Buero-FB-Werbung-abbestellen.docx\">Cancellazione della pubblicit\u00e0<\/a><\/p><\/div>\n\t\t\t\t<\/div>\n\t\t\t\t\t\t\t\t<\/div>\n\t\t\t\t\t\t<\/div>\n\t\t\t\t<\/div>\n\t\t\t\t<\/div>\n\t\t<div class=\"elementor-element elementor-element-c6faba5 e-con-full e-flex e-con e-child\" data-id=\"c6faba5\" data-element_type=\"container\" data-e-type=\"container\">\n\t\t\t\t<div class=\"elementor-element elementor-element-df4699b elementor-widget elementor-widget-image\" data-id=\"df4699b\" data-element_type=\"widget\" data-e-type=\"widget\" data-widget_type=\"image.default\">\n\t\t\t\t<div class=\"elementor-widget-container\">\n\t\t\t\t\t\t\t\t\t\t\t\t\t\t\t<img decoding=\"async\" width=\"800\" height=\"575\" src=\"https:\/\/agderma.de\/wp-content\/uploads\/2023\/03\/AGN-Einkauf-1-1024x736.webp\" class=\"attachment-large size-large wp-image-4508\" alt=\"\" srcset=\"https:\/\/agderma.de\/wp-content\/uploads\/2023\/03\/AGN-Einkauf-1-1024x736.webp 1024w, https:\/\/agderma.de\/wp-content\/uploads\/2023\/03\/AGN-Einkauf-1-300x215.webp 300w, https:\/\/agderma.de\/wp-content\/uploads\/2023\/03\/AGN-Einkauf-1-768x552.webp 768w\" sizes=\"(max-width: 800px) 100vw, 800px\" \/>\t\t\t\t\t\t\t\t\t\t\t\t\t\t\t<\/div>\n\t\t\t\t<\/div>\n\t\t\t\t<div class=\"elementor-element elementor-element-31c3406 elementor-widget elementor-widget-toggle\" data-id=\"31c3406\" data-element_type=\"widget\" data-e-type=\"widget\" data-widget_type=\"toggle.default\">\n\t\t\t\t<div class=\"elementor-widget-container\">\n\t\t\t\t\t\t\t<div class=\"elementor-toggle\">\n\t\t\t\t\t\t\t<div class=\"elementor-toggle-item\">\n\t\t\t\t\t<div id=\"elementor-tab-title-5211\" class=\"elementor-tab-title\" data-tab=\"1\" role=\"button\" aria-controls=\"elementor-tab-content-5211\" aria-expanded=\"false\">\n\t\t\t\t\t\t\t\t\t\t\t\t<span class=\"elementor-toggle-icon elementor-toggle-icon-right\" aria-hidden=\"true\">\n\t\t\t\t\t\t\t\t\t\t\t\t\t\t\t<span class=\"elementor-toggle-icon-closed\"><i class=\"fas fa-chevron-down\"><\/i><\/span>\n\t\t\t\t\t\t\t\t<span class=\"elementor-toggle-icon-opened\"><i class=\"elementor-toggle-icon-opened fas fa-chevron-up\"><\/i><\/span>\n\t\t\t\t\t\t\t\t\t\t\t\t\t<\/span>\n\t\t\t\t\t\t\t\t\t\t\t\t<a class=\"elementor-toggle-title\" tabindex=\"0\">Acquisti<\/a>\n\t\t\t\t\t<\/div>\n\n\t\t\t\t\t<div id=\"elementor-tab-content-5211\" class=\"elementor-tab-content elementor-clearfix\" data-tab=\"1\" role=\"region\" aria-labelledby=\"elementor-tab-title-5211\"><p><a href=\"https:\/\/agderma.de\/wp-content\/uploads\/2023\/06\/Einkauf-FB-Nachhaltige-Berufskleidung.docx\">Abbigliamento da lavoro sostenibile<\/a><\/p><p><a href=\"https:\/\/agderma.de\/wp-content\/uploads\/2023\/06\/Einkauf-CL-Nachhaltige-Mittagspause.docx\">Pausa pranzo sostenibile<\/a><\/p><p><a href=\"https:\/\/agderma.de\/wp-content\/uploads\/2023\/02\/Bueromaterialien-Bezugsquellen.docx\">Potenziali fonti di forniture per ufficio<\/a><\/p><\/div>\n\t\t\t\t<\/div>\n\t\t\t\t\t\t\t\t<\/div>\n\t\t\t\t\t\t<\/div>\n\t\t\t\t<\/div>\n\t\t\t\t<\/div>\n\t\t<div class=\"elementor-element elementor-element-7a243ba e-con-full e-flex e-con e-child\" data-id=\"7a243ba\" data-element_type=\"container\" data-e-type=\"container\">\n\t\t\t\t<div class=\"elementor-element elementor-element-69116dc elementor-widget elementor-widget-image\" data-id=\"69116dc\" data-element_type=\"widget\" data-e-type=\"widget\" data-widget_type=\"image.default\">\n\t\t\t\t<div class=\"elementor-widget-container\">\n\t\t\t\t\t\t\t\t\t\t\t\t\t\t\t<img loading=\"lazy\" decoding=\"async\" width=\"700\" height=\"467\" src=\"https:\/\/agderma.de\/wp-content\/uploads\/2023\/02\/renewable-energy-generation-2022-12-17-03-42-26-utc-1.jpeg\" class=\"attachment-large size-large wp-image-1924\" alt=\"\" srcset=\"https:\/\/agderma.de\/wp-content\/uploads\/2023\/02\/renewable-energy-generation-2022-12-17-03-42-26-utc-1.jpeg 700w, https:\/\/agderma.de\/wp-content\/uploads\/2023\/02\/renewable-energy-generation-2022-12-17-03-42-26-utc-1-300x200.jpeg 300w\" sizes=\"(max-width: 700px) 100vw, 700px\" \/>\t\t\t\t\t\t\t\t\t\t\t\t\t\t\t<\/div>\n\t\t\t\t<\/div>\n\t\t\t\t<div class=\"elementor-element elementor-element-2c355b6 elementor-widget elementor-widget-toggle\" data-id=\"2c355b6\" data-element_type=\"widget\" data-e-type=\"widget\" data-widget_type=\"toggle.default\">\n\t\t\t\t<div class=\"elementor-widget-container\">\n\t\t\t\t\t\t\t<div class=\"elementor-toggle\">\n\t\t\t\t\t\t\t<div class=\"elementor-toggle-item\">\n\t\t\t\t\t<div id=\"elementor-tab-title-4631\" class=\"elementor-tab-title\" data-tab=\"1\" role=\"button\" aria-controls=\"elementor-tab-content-4631\" aria-expanded=\"false\">\n\t\t\t\t\t\t\t\t\t\t\t\t<span class=\"elementor-toggle-icon elementor-toggle-icon-right\" aria-hidden=\"true\">\n\t\t\t\t\t\t\t\t\t\t\t\t\t\t\t<span class=\"elementor-toggle-icon-closed\"><i class=\"fas fa-chevron-down\"><\/i><\/span>\n\t\t\t\t\t\t\t\t<span class=\"elementor-toggle-icon-opened\"><i class=\"elementor-toggle-icon-opened fas fa-chevron-up\"><\/i><\/span>\n\t\t\t\t\t\t\t\t\t\t\t\t\t<\/span>\n\t\t\t\t\t\t\t\t\t\t\t\t<a class=\"elementor-toggle-title\" tabindex=\"0\">Energia<\/a>\n\t\t\t\t\t<\/div>\n\n\t\t\t\t\t<div id=\"elementor-tab-content-4631\" class=\"elementor-tab-content elementor-clearfix\" data-tab=\"1\" role=\"region\" aria-labelledby=\"elementor-tab-title-4631\"><p><a href=\"https:\/\/agderma.de\/wp-content\/uploads\/2023\/02\/Energie-Energiesparfibel-KLINIKUM-DARMSTADT.pdf\">Guida al risparmio energetico (Autore: Klinikum Darmstadt GmbH)<\/a>\u00a0<\/p><p><a href=\"https:\/\/agderma.de\/wp-content\/uploads\/2023\/02\/Energie-CL-Heizen-und-Lueften.docx\">Riscaldamento e ventilazione<\/a>\u00a0<\/p><p><a href=\"https:\/\/agderma.de\/wp-content\/uploads\/2023\/02\/Energie-CL-Stromanbieter-wechseln.docx\">Cambiare fornitore di energia elettrica<\/a>\u00a0<\/p><p><a href=\"https:\/\/agderma.de\/wp-content\/uploads\/2023\/02\/Energie-CL-Strom-sparen-1-Anmeldung.docx\">Risparmiare elettricit\u00e0 1: registrazione<\/a>\u00a0<\/p><p><a href=\"https:\/\/agderma.de\/wp-content\/uploads\/2023\/02\/Energie-CL-Strom-sparen-2-Aufenthaltsraum.docx\">Risparmio di energia elettrica 2: Sala ricreativa<\/a>\u00a0<\/p><p><a href=\"https:\/\/agderma.de\/wp-content\/uploads\/2023\/02\/Energie-CL-Strom-sparen-3-Behandlungs-und-Untersuchungsraeume.docx\">Risparmio di energia elettrica 3: sale per trattamenti e visite<\/a>\u00a0<\/p><p><a href=\"https:\/\/agderma.de\/wp-content\/uploads\/2023\/02\/Energie-CL-Strom-sparen-4-OP-und-Eingriffsraum.docx\">Risparmio di elettricit\u00e0 4: sala operatoria e sala procedure<\/a>\u00a0<\/p><p><a href=\"https:\/\/agderma.de\/wp-content\/uploads\/2023\/02\/Energie-CL-Strom-sparen-5-Computer-und-Laptops.docx\">Risparmiare elettricit\u00e0 5: computer e portatili<\/a>\u00a0<\/p><p><a href=\"https:\/\/agderma.de\/wp-content\/uploads\/2023\/02\/Energie-CL-Strom-sparen-6-Computer-und-Drucker.docx\">Risparmiare elettricit\u00e0 6: computer e stampanti<\/a><\/p><\/div>\n\t\t\t\t<\/div>\n\t\t\t\t\t\t\t\t<\/div>\n\t\t\t\t\t\t<\/div>\n\t\t\t\t<\/div>\n\t\t\t\t<\/div>\n\t\t<div class=\"elementor-element elementor-element-60a3c11 e-con-full e-flex e-con e-child\" data-id=\"60a3c11\" data-element_type=\"container\" data-e-type=\"container\">\n\t\t\t\t<div class=\"elementor-element elementor-element-173f39e elementor-widget elementor-widget-image\" data-id=\"173f39e\" data-element_type=\"widget\" data-e-type=\"widget\" data-widget_type=\"image.default\">\n\t\t\t\t<div class=\"elementor-widget-container\">\n\t\t\t\t\t\t\t\t\t\t\t\t\t\t\t<img loading=\"lazy\" decoding=\"async\" width=\"700\" height=\"393\" src=\"https:\/\/agderma.de\/wp-content\/uploads\/2023\/02\/recall-of-the-covid-19-vaccine-2021-08-31-22-17-59-utc.jpeg\" class=\"attachment-large size-large wp-image-1922\" alt=\"\" srcset=\"https:\/\/agderma.de\/wp-content\/uploads\/2023\/02\/recall-of-the-covid-19-vaccine-2021-08-31-22-17-59-utc.jpeg 700w, https:\/\/agderma.de\/wp-content\/uploads\/2023\/02\/recall-of-the-covid-19-vaccine-2021-08-31-22-17-59-utc-300x168.jpeg 300w\" sizes=\"(max-width: 700px) 100vw, 700px\" \/>\t\t\t\t\t\t\t\t\t\t\t\t\t\t\t<\/div>\n\t\t\t\t<\/div>\n\t\t\t\t<div class=\"elementor-element elementor-element-1113330 elementor-widget elementor-widget-toggle\" data-id=\"1113330\" data-element_type=\"widget\" data-e-type=\"widget\" data-widget_type=\"toggle.default\">\n\t\t\t\t<div class=\"elementor-widget-container\">\n\t\t\t\t\t\t\t<div class=\"elementor-toggle\">\n\t\t\t\t\t\t\t<div class=\"elementor-toggle-item\">\n\t\t\t\t\t<div id=\"elementor-tab-title-1791\" class=\"elementor-tab-title\" data-tab=\"1\" role=\"button\" aria-controls=\"elementor-tab-content-1791\" aria-expanded=\"false\">\n\t\t\t\t\t\t\t\t\t\t\t\t<span class=\"elementor-toggle-icon elementor-toggle-icon-right\" aria-hidden=\"true\">\n\t\t\t\t\t\t\t\t\t\t\t\t\t\t\t<span class=\"elementor-toggle-icon-closed\"><i class=\"fas fa-chevron-down\"><\/i><\/span>\n\t\t\t\t\t\t\t\t<span class=\"elementor-toggle-icon-opened\"><i class=\"elementor-toggle-icon-opened fas fa-chevron-up\"><\/i><\/span>\n\t\t\t\t\t\t\t\t\t\t\t\t\t<\/span>\n\t\t\t\t\t\t\t\t\t\t\t\t<a class=\"elementor-toggle-title\" tabindex=\"0\">Vaccinazione<\/a>\n\t\t\t\t\t<\/div>\n\n\t\t\t\t\t<div id=\"elementor-tab-content-1791\" class=\"elementor-tab-content elementor-clearfix\" data-tab=\"1\" role=\"region\" aria-labelledby=\"elementor-tab-title-1791\"><p><a href=\"https:\/\/agderma.de\/wp-content\/uploads\/2023\/02\/DTG-Klimagruppe-Nachhaltig-impfen.pdf\">Vaccinazione sostenibile (Autore: DTG Climate Group)<\/a><\/p><\/div>\n\t\t\t\t<\/div>\n\t\t\t\t\t\t\t\t<\/div>\n\t\t\t\t\t\t<\/div>\n\t\t\t\t<\/div>\n\t\t\t\t<\/div>\n\t\t<div class=\"elementor-element elementor-element-55a36b0 e-con-full e-flex e-con e-child\" data-id=\"55a36b0\" data-element_type=\"container\" data-e-type=\"container\">\n\t\t\t\t<div class=\"elementor-element elementor-element-1959b19 elementor-widget elementor-widget-image\" data-id=\"1959b19\" data-element_type=\"widget\" data-e-type=\"widget\" data-widget_type=\"image.default\">\n\t\t\t\t<div class=\"elementor-widget-container\">\n\t\t\t\t\t\t\t\t\t\t\t\t\t\t\t<img loading=\"lazy\" decoding=\"async\" width=\"700\" height=\"467\" src=\"https:\/\/agderma.de\/wp-content\/uploads\/2023\/02\/medical-scissors-instrument-for-surgery-in-hospita-2021-08-27-12-26-22-utc.jpeg\" class=\"attachment-large size-large wp-image-1920\" alt=\"\" srcset=\"https:\/\/agderma.de\/wp-content\/uploads\/2023\/02\/medical-scissors-instrument-for-surgery-in-hospita-2021-08-27-12-26-22-utc.jpeg 700w, https:\/\/agderma.de\/wp-content\/uploads\/2023\/02\/medical-scissors-instrument-for-surgery-in-hospita-2021-08-27-12-26-22-utc-300x200.jpeg 300w\" sizes=\"(max-width: 700px) 100vw, 700px\" \/>\t\t\t\t\t\t\t\t\t\t\t\t\t\t\t<\/div>\n\t\t\t\t<\/div>\n\t\t\t\t<div class=\"elementor-element elementor-element-6e9567e elementor-widget elementor-widget-toggle\" data-id=\"6e9567e\" data-element_type=\"widget\" data-e-type=\"widget\" data-widget_type=\"toggle.default\">\n\t\t\t\t<div class=\"elementor-widget-container\">\n\t\t\t\t\t\t\t<div class=\"elementor-toggle\">\n\t\t\t\t\t\t\t<div class=\"elementor-toggle-item\">\n\t\t\t\t\t<div id=\"elementor-tab-title-1151\" class=\"elementor-tab-title\" data-tab=\"1\" role=\"button\" aria-controls=\"elementor-tab-content-1151\" aria-expanded=\"false\">\n\t\t\t\t\t\t\t\t\t\t\t\t<span class=\"elementor-toggle-icon elementor-toggle-icon-right\" aria-hidden=\"true\">\n\t\t\t\t\t\t\t\t\t\t\t\t\t\t\t<span class=\"elementor-toggle-icon-closed\"><i class=\"fas fa-chevron-down\"><\/i><\/span>\n\t\t\t\t\t\t\t\t<span class=\"elementor-toggle-icon-opened\"><i class=\"elementor-toggle-icon-opened fas fa-chevron-up\"><\/i><\/span>\n\t\t\t\t\t\t\t\t\t\t\t\t\t<\/span>\n\t\t\t\t\t\t\t\t\t\t\t\t<a class=\"elementor-toggle-title\" tabindex=\"0\">Preparazione dello strumento<\/a>\n\t\t\t\t\t<\/div>\n\n\t\t\t\t\t<div id=\"elementor-tab-content-1151\" class=\"elementor-tab-content elementor-clearfix\" data-tab=\"1\" role=\"region\" aria-labelledby=\"elementor-tab-title-1151\"><p><a href=\"https:\/\/agderma.de\/it\/gestione-sostenibile-della-pratica\/modelli-sqm\/preparazione-dello-strumento\/\">Descrizioni dei processi e liste di controllo<\/a><\/p><\/div>\n\t\t\t\t<\/div>\n\t\t\t\t\t\t\t\t<\/div>\n\t\t\t\t\t\t<\/div>\n\t\t\t\t<\/div>\n\t\t\t\t<\/div>\n\t\t<div class=\"elementor-element elementor-element-468ba17 e-con-full e-flex e-con e-child\" data-id=\"468ba17\" data-element_type=\"container\" data-e-type=\"container\">\n\t\t\t\t<div class=\"elementor-element elementor-element-ed24496 elementor-widget elementor-widget-image\" data-id=\"ed24496\" data-element_type=\"widget\" data-e-type=\"widget\" data-widget_type=\"image.default\">\n\t\t\t\t<div class=\"elementor-widget-container\">\n\t\t\t\t\t\t\t\t\t\t\t\t\t\t\t<img loading=\"lazy\" decoding=\"async\" width=\"700\" height=\"467\" src=\"https:\/\/agderma.de\/wp-content\/uploads\/2023\/02\/rental-bycicles-terminal-mockup-2021-09-03-04-16-08-utc.jpeg\" class=\"attachment-large size-large wp-image-1925\" alt=\"\" srcset=\"https:\/\/agderma.de\/wp-content\/uploads\/2023\/02\/rental-bycicles-terminal-mockup-2021-09-03-04-16-08-utc.jpeg 700w, https:\/\/agderma.de\/wp-content\/uploads\/2023\/02\/rental-bycicles-terminal-mockup-2021-09-03-04-16-08-utc-300x200.jpeg 300w\" sizes=\"(max-width: 700px) 100vw, 700px\" \/>\t\t\t\t\t\t\t\t\t\t\t\t\t\t\t<\/div>\n\t\t\t\t<\/div>\n\t\t\t\t<div class=\"elementor-element elementor-element-a8b390b elementor-widget elementor-widget-toggle\" data-id=\"a8b390b\" data-element_type=\"widget\" data-e-type=\"widget\" data-widget_type=\"toggle.default\">\n\t\t\t\t<div class=\"elementor-widget-container\">\n\t\t\t\t\t\t\t<div class=\"elementor-toggle\">\n\t\t\t\t\t\t\t<div class=\"elementor-toggle-item\">\n\t\t\t\t\t<div id=\"elementor-tab-title-1761\" class=\"elementor-tab-title\" data-tab=\"1\" role=\"button\" aria-controls=\"elementor-tab-content-1761\" aria-expanded=\"false\">\n\t\t\t\t\t\t\t\t\t\t\t\t<span class=\"elementor-toggle-icon elementor-toggle-icon-right\" aria-hidden=\"true\">\n\t\t\t\t\t\t\t\t\t\t\t\t\t\t\t<span class=\"elementor-toggle-icon-closed\"><i class=\"fas fa-chevron-down\"><\/i><\/span>\n\t\t\t\t\t\t\t\t<span class=\"elementor-toggle-icon-opened\"><i class=\"elementor-toggle-icon-opened fas fa-chevron-up\"><\/i><\/span>\n\t\t\t\t\t\t\t\t\t\t\t\t\t<\/span>\n\t\t\t\t\t\t\t\t\t\t\t\t<a class=\"elementor-toggle-title\" tabindex=\"0\">Mobilit\u00e0<\/a>\n\t\t\t\t\t<\/div>\n\n\t\t\t\t\t<div id=\"elementor-tab-content-1761\" class=\"elementor-tab-content elementor-clearfix\" data-tab=\"1\" role=\"region\" aria-labelledby=\"elementor-tab-title-1761\"><p><a href=\"https:\/\/agderma.de\/wp-content\/uploads\/2023\/02\/Mobilitaet-MitarbeiterInnen.docx\">Dipendenti:All'interno<\/a><\/p><p><a href=\"https:\/\/agderma.de\/wp-content\/uploads\/2023\/02\/Mobilitaet-PatientInnen.docx\">Paziente: Interno<\/a><\/p><p><a href=\"https:\/\/agderma.de\/wp-content\/uploads\/2025\/04\/CL-Ressourcenoptimiert-reisen.docx\">Viaggio ottimizzato per le risorse<\/a><\/p><\/div>\n\t\t\t\t<\/div>\n\t\t\t\t\t\t\t\t<\/div>\n\t\t\t\t\t\t<\/div>\n\t\t\t\t<\/div>\n\t\t\t\t<\/div>\n\t\t<div class=\"elementor-element elementor-element-b06ee8f e-con-full e-flex e-con e-child\" data-id=\"b06ee8f\" data-element_type=\"container\" data-e-type=\"container\">\n\t\t\t\t<div class=\"elementor-element elementor-element-ab33ca3 elementor-widget elementor-widget-image\" data-id=\"ab33ca3\" data-element_type=\"widget\" data-e-type=\"widget\" data-widget_type=\"image.default\">\n\t\t\t\t<div class=\"elementor-widget-container\">\n\t\t\t\t\t\t\t\t\t\t\t\t\t\t\t<img loading=\"lazy\" decoding=\"async\" width=\"800\" height=\"868\" src=\"https:\/\/agderma.de\/wp-content\/uploads\/2023\/01\/empty-doctor-office-having-computer-with-online-pa-2022-02-08-15-06-48-utc-1-944x1024.jpg\" class=\"attachment-large size-large wp-image-117\" alt=\"\" srcset=\"https:\/\/agderma.de\/wp-content\/uploads\/2023\/01\/empty-doctor-office-having-computer-with-online-pa-2022-02-08-15-06-48-utc-1-944x1024.jpg 944w, https:\/\/agderma.de\/wp-content\/uploads\/2023\/01\/empty-doctor-office-having-computer-with-online-pa-2022-02-08-15-06-48-utc-1-276x300.jpg 276w, https:\/\/agderma.de\/wp-content\/uploads\/2023\/01\/empty-doctor-office-having-computer-with-online-pa-2022-02-08-15-06-48-utc-1-768x833.jpg 768w, https:\/\/agderma.de\/wp-content\/uploads\/2023\/01\/empty-doctor-office-having-computer-with-online-pa-2022-02-08-15-06-48-utc-1.jpg 1235w\" sizes=\"(max-width: 800px) 100vw, 800px\" \/>\t\t\t\t\t\t\t\t\t\t\t\t\t\t\t<\/div>\n\t\t\t\t<\/div>\n\t\t\t\t<div class=\"elementor-element elementor-element-7abeef7 elementor-widget elementor-widget-toggle\" data-id=\"7abeef7\" data-element_type=\"widget\" data-e-type=\"widget\" data-widget_type=\"toggle.default\">\n\t\t\t\t<div class=\"elementor-widget-container\">\n\t\t\t\t\t\t\t<div class=\"elementor-toggle\">\n\t\t\t\t\t\t\t<div class=\"elementor-toggle-item\">\n\t\t\t\t\t<div id=\"elementor-tab-title-1281\" class=\"elementor-tab-title\" data-tab=\"1\" role=\"button\" aria-controls=\"elementor-tab-content-1281\" aria-expanded=\"false\">\n\t\t\t\t\t\t\t\t\t\t\t\t<span class=\"elementor-toggle-icon elementor-toggle-icon-right\" aria-hidden=\"true\">\n\t\t\t\t\t\t\t\t\t\t\t\t\t\t\t<span class=\"elementor-toggle-icon-closed\"><i class=\"fas fa-chevron-down\"><\/i><\/span>\n\t\t\t\t\t\t\t\t<span class=\"elementor-toggle-icon-opened\"><i class=\"elementor-toggle-icon-opened fas fa-chevron-up\"><\/i><\/span>\n\t\t\t\t\t\t\t\t\t\t\t\t\t<\/span>\n\t\t\t\t\t\t\t\t\t\t\t\t<a class=\"elementor-toggle-title\" tabindex=\"0\">Organizzazione dello studio<\/a>\n\t\t\t\t\t<\/div>\n\n\t\t\t\t\t<div id=\"elementor-tab-content-1281\" class=\"elementor-tab-content elementor-clearfix\" data-tab=\"1\" role=\"region\" aria-labelledby=\"elementor-tab-title-1281\"><p><a href=\"https:\/\/agderma.de\/wp-content\/uploads\/2023\/02\/Praxisorganisation-FB-Nachhaltige-Haendedesinfektion.docx\">Disinfezione delle mani<\/a>\u00a0<\/p><p><a href=\"https:\/\/agderma.de\/wp-content\/uploads\/2023\/03\/Praxisorganisation-CL-Hitzeschutzplan.docx\">Piano di protezione dal calore<\/a><\/p><p><a href=\"https:\/\/agderma.de\/wp-content\/uploads\/2023\/02\/Praxisorganisation-FB-Kosten-und-Material-sparen-im-dermatologischen-OP-Eingriffsraum.docx\">Risparmio di costi e materiali nella sala operatoria\/intervento dermatologico<\/a>\u00a0<\/p><p><a href=\"https:\/\/agderma.de\/wp-content\/uploads\/2023\/03\/Praxisorganisation-CL-Nachhaltige-Laborfuehrung.docx\">Gestione sostenibile del laboratorio<\/a><\/p><p><a href=\"https:\/\/agderma.de\/wp-content\/uploads\/2023\/03\/Praxisorganisation-FB-Nachhaltiger-Umgang-mit-der-Ressource-Wasser.docx\">Uso sostenibile dell'acqua come risorsa<\/a><\/p><p><a href=\"https:\/\/agderma.de\/wp-content\/uploads\/2023\/06\/Praxisorganisation-CL-Nachhaltiges-Operieren.docx\">Funzionamento sostenibile<\/a><\/p><p><a href=\"https:\/\/agderma.de\/wp-content\/uploads\/2023\/02\/Praxisorganisation-KLUG-Nachhaltigkeit-im-OP.pdf\">Sostenibilit\u00e0 nelle sale operatorie (Autore: KLUG - Deutsche Allianz Klimawandel und Gesundheit e.V.)<\/a>\u00a0<\/p><p><a href=\"https:\/\/agderma.de\/wp-content\/uploads\/2023\/02\/Praxisorganisation-FB-Nachhaltige-Praxisreinigung.docx\">Pratica di pulizia<\/a><\/p><p><a href=\"https:\/\/agderma.de\/wp-content\/uploads\/2025\/10\/Praxisorganisation-FB-Ressourcenoptimierter-Handschuhgebrauch.docx\">Utilizzo dei guanti ottimizzato per le risorse<\/a><\/p><\/div>\n\t\t\t\t<\/div>\n\t\t\t\t\t\t\t\t<\/div>\n\t\t\t\t\t\t<\/div>\n\t\t\t\t<\/div>\n\t\t\t\t<\/div>\n\t\t<div class=\"elementor-element elementor-element-24474b9 e-con-full e-flex e-con e-child\" data-id=\"24474b9\" data-element_type=\"container\" data-e-type=\"container\">\n\t\t\t\t<div class=\"elementor-element elementor-element-502006f elementor-widget elementor-widget-image\" data-id=\"502006f\" data-element_type=\"widget\" data-e-type=\"widget\" data-widget_type=\"image.default\">\n\t\t\t\t<div class=\"elementor-widget-container\">\n\t\t\t\t\t\t\t\t\t\t\t\t\t\t\t<img loading=\"lazy\" decoding=\"async\" width=\"700\" height=\"467\" src=\"https:\/\/agderma.de\/wp-content\/uploads\/2023\/02\/hands-holding-earth-csr-business-campaign-2022-12-15-23-47-31-utc.jpeg\" class=\"attachment-large size-large wp-image-1919\" alt=\"\" srcset=\"https:\/\/agderma.de\/wp-content\/uploads\/2023\/02\/hands-holding-earth-csr-business-campaign-2022-12-15-23-47-31-utc.jpeg 700w, https:\/\/agderma.de\/wp-content\/uploads\/2023\/02\/hands-holding-earth-csr-business-campaign-2022-12-15-23-47-31-utc-300x200.jpeg 300w\" sizes=\"(max-width: 700px) 100vw, 700px\" \/>\t\t\t\t\t\t\t\t\t\t\t\t\t\t\t<\/div>\n\t\t\t\t<\/div>\n\t\t\t\t<div class=\"elementor-element elementor-element-57e6b61 elementor-widget elementor-widget-toggle\" data-id=\"57e6b61\" data-element_type=\"widget\" data-e-type=\"widget\" data-widget_type=\"toggle.default\">\n\t\t\t\t<div class=\"elementor-widget-container\">\n\t\t\t\t\t\t\t<div class=\"elementor-toggle\">\n\t\t\t\t\t\t\t<div class=\"elementor-toggle-item\">\n\t\t\t\t\t<div id=\"elementor-tab-title-9211\" class=\"elementor-tab-title\" data-tab=\"1\" role=\"button\" aria-controls=\"elementor-tab-content-9211\" aria-expanded=\"false\">\n\t\t\t\t\t\t\t\t\t\t\t\t<span class=\"elementor-toggle-icon elementor-toggle-icon-right\" aria-hidden=\"true\">\n\t\t\t\t\t\t\t\t\t\t\t\t\t\t\t<span class=\"elementor-toggle-icon-closed\"><i class=\"fas fa-chevron-down\"><\/i><\/span>\n\t\t\t\t\t\t\t\t<span class=\"elementor-toggle-icon-opened\"><i class=\"elementor-toggle-icon-opened fas fa-chevron-up\"><\/i><\/span>\n\t\t\t\t\t\t\t\t\t\t\t\t\t<\/span>\n\t\t\t\t\t\t\t\t\t\t\t\t<a class=\"elementor-toggle-title\" tabindex=\"0\">Altro<\/a>\n\t\t\t\t\t<\/div>\n\n\t\t\t\t\t<div id=\"elementor-tab-content-9211\" class=\"elementor-tab-content elementor-clearfix\" data-tab=\"1\" role=\"region\" aria-labelledby=\"elementor-tab-title-9211\"><p><a href=\"https:\/\/agderma.de\/wp-content\/uploads\/2023\/02\/Sonstiges-FB-Divestment-und-Reinvestment-1.docx\">Disinvestimento e reinvestimento<\/a><\/p><p><a href=\"https:\/\/agderma.de\/wp-content\/uploads\/2023\/06\/Sonstiges-FB-Krisenresilienz.docx\">Resilienza alle crisi<\/a><\/p><p><a href=\"https:\/\/agderma.de\/wp-content\/uploads\/2023\/02\/Sonstiges-FB-Nachhaltige-Tagung-und-Fortbildung-1.docx\">Conferenza e formazione sulla sostenibilit\u00e0<\/a><\/p><\/div>\n\t\t\t\t<\/div>\n\t\t\t\t\t\t\t\t<\/div>\n\t\t\t\t\t\t<\/div>\n\t\t\t\t<\/div>\n\t\t\t\t<\/div>\n\t\t<div class=\"elementor-element elementor-element-f54ab68 e-con-full e-flex e-con e-child\" data-id=\"f54ab68\" data-element_type=\"container\" data-e-type=\"container\">\n\t\t\t\t<div class=\"elementor-element elementor-element-4444611 elementor-widget elementor-widget-image\" data-id=\"4444611\" data-element_type=\"widget\" data-e-type=\"widget\" data-widget_type=\"image.default\">\n\t\t\t\t<div class=\"elementor-widget-container\">\n\t\t\t\t\t\t\t\t\t\t\t\t\t\t\t<img loading=\"lazy\" decoding=\"async\" width=\"700\" height=\"467\" src=\"https:\/\/agderma.de\/wp-content\/uploads\/2023\/02\/doctor-is-sitting-and-reading-medical-report-in-hi-2022-11-17-06-05-39-utc.jpeg\" class=\"attachment-large size-large wp-image-1918\" alt=\"\" srcset=\"https:\/\/agderma.de\/wp-content\/uploads\/2023\/02\/doctor-is-sitting-and-reading-medical-report-in-hi-2022-11-17-06-05-39-utc.jpeg 700w, https:\/\/agderma.de\/wp-content\/uploads\/2023\/02\/doctor-is-sitting-and-reading-medical-report-in-hi-2022-11-17-06-05-39-utc-300x200.jpeg 300w\" sizes=\"(max-width: 700px) 100vw, 700px\" \/>\t\t\t\t\t\t\t\t\t\t\t\t\t\t\t<\/div>\n\t\t\t\t<\/div>\n\t\t\t\t<div class=\"elementor-element elementor-element-d4ffad5 elementor-widget elementor-widget-toggle\" data-id=\"d4ffad5\" data-element_type=\"widget\" data-e-type=\"widget\" data-widget_type=\"toggle.default\">\n\t\t\t\t<div class=\"elementor-widget-container\">\n\t\t\t\t\t\t\t<div class=\"elementor-toggle\">\n\t\t\t\t\t\t\t<div class=\"elementor-toggle-item\">\n\t\t\t\t\t<div id=\"elementor-tab-title-2231\" class=\"elementor-tab-title\" data-tab=\"1\" role=\"button\" aria-controls=\"elementor-tab-content-2231\" aria-expanded=\"false\">\n\t\t\t\t\t\t\t\t\t\t\t\t<span class=\"elementor-toggle-icon elementor-toggle-icon-right\" aria-hidden=\"true\">\n\t\t\t\t\t\t\t\t\t\t\t\t\t\t\t<span class=\"elementor-toggle-icon-closed\"><i class=\"fas fa-chevron-down\"><\/i><\/span>\n\t\t\t\t\t\t\t\t<span class=\"elementor-toggle-icon-opened\"><i class=\"elementor-toggle-icon-opened fas fa-chevron-up\"><\/i><\/span>\n\t\t\t\t\t\t\t\t\t\t\t\t\t<\/span>\n\t\t\t\t\t\t\t\t\t\t\t\t<a class=\"elementor-toggle-title\" tabindex=\"0\">Regolamenti<\/a>\n\t\t\t\t\t<\/div>\n\n\t\t\t\t\t<div id=\"elementor-tab-content-2231\" class=\"elementor-tab-content elementor-clearfix\" data-tab=\"1\" role=\"region\" aria-labelledby=\"elementor-tab-title-2231\"><p><a href=\"https:\/\/agderma.de\/wp-content\/uploads\/2023\/02\/Verordnungen-S1-Klimabewusstes-Verordnung-Inhalativa.pdf\">Prescrizione di farmaci per via inalatoria attenta al clima (Autore: Deutsche Gesellschaft f\u00fcr Allgemeinmedizin und Familienmedizin e.V.)<\/a><\/p><p><a href=\"https:\/\/agderma.de\/wp-content\/uploads\/2023\/02\/Verordnungen-BULDMANN-Inhalation-Asthma-und-COPD.docx\">Farmaci per via inalatoria nei pazienti con asma e BPCO (Autore: Cornelia Buldmann)<\/a>\u00a0<\/p><p><a href=\"https:\/\/agderma.de\/wp-content\/uploads\/2023\/02\/Verordnungen-FRIZE-Vergleich-Inhalativa-bei-COPD-Asthma.docx.pdf\">Inalanti nella BPCO e nell'asma bronchiale (Autore: Dr Baptiste Frize)<\/a><\/p><\/div>\n\t\t\t\t<\/div>\n\t\t\t\t\t\t\t\t<\/div>\n\t\t\t\t\t\t<\/div>\n\t\t\t\t<\/div>\n\t\t\t\t<\/div>\n\t\t\t\t<div class=\"elementor-element elementor-element-8099e80 elementor-widget elementor-widget-text-editor\" data-id=\"8099e80\" data-element_type=\"widget\" data-e-type=\"widget\" data-widget_type=\"text-editor.default\">\n\t\t\t\t<div class=\"elementor-widget-container\">\n\t\t\t\t\t\t\t\t\t<p><span style=\"text-decoration: underline;\"><a href=\"https:\/\/agderma.de\/it\/crediti-fotografici\/\">Avviso di copyright<\/a><\/span> per il materiale fotografico utilizzato<\/p>\t\t\t\t\t\t\t\t<\/div>\n\t\t\t\t<\/div>\n\t\t\t\t\t<\/div>\n\t\t\t\t<\/div>\n\t\t\t\t<\/div>","protected":false},"excerpt":{"rendered":"<p>Seit 2004 sind niedergelassene Vertrags\u00e4rzte, medizinische Versorgungszentren und Krankenh\u00e4user gesetzlich verpflichtet, ein Qualit\u00e4tsmanagement (QM) einzuf\u00fchren und aufrechtzuerhalten. Die gesetzliche Grundlage ist der \u00a7 135a SGB V. Es ist zu erwarten, dass sich in den n\u00e4chsten Jahren umw\u00e4lzende Ver\u00e4nderungen durch das Nachhaltigkeitsprinzip in allen Bereichen der Gesellschaft ergeben werden. Die Arbeitsgemeinschaft Nachhaltigkeit in der Dermatologie (AGN) [&hellip;]<\/p>\n","protected":false},"author":1,"featured_media":0,"parent":31,"menu_order":0,"comment_status":"closed","ping_status":"closed","template":"","meta":{"_acf_changed":false,"footnotes":""},"class_list":["post-1571","page","type-page","status-publish","hentry"],"acf":[],"_links":{"self":[{"href":"https:\/\/agderma.de\/it\/wp-json\/wp\/v2\/pages\/1571","targetHints":{"allow":["GET"]}}],"collection":[{"href":"https:\/\/agderma.de\/it\/wp-json\/wp\/v2\/pages"}],"about":[{"href":"https:\/\/agderma.de\/it\/wp-json\/wp\/v2\/types\/page"}],"author":[{"embeddable":true,"href":"https:\/\/agderma.de\/it\/wp-json\/wp\/v2\/users\/1"}],"replies":[{"embeddable":true,"href":"https:\/\/agderma.de\/it\/wp-json\/wp\/v2\/comments?post=1571"}],"version-history":[{"count":24,"href":"https:\/\/agderma.de\/it\/wp-json\/wp\/v2\/pages\/1571\/revisions"}],"predecessor-version":[{"id":5835,"href":"https:\/\/agderma.de\/it\/wp-json\/wp\/v2\/pages\/1571\/revisions\/5835"}],"up":[{"embeddable":true,"href":"https:\/\/agderma.de\/it\/wp-json\/wp\/v2\/pages\/31"}],"wp:attachment":[{"href":"https:\/\/agderma.de\/it\/wp-json\/wp\/v2\/media?parent=1571"}],"curies":[{"name":"wp","href":"https:\/\/api.w.org\/{rel}","templated":true}]}}